{"id":5961,"date":"2023-10-12T12:39:53","date_gmt":"2023-10-12T15:39:53","guid":{"rendered":"https:\/\/dcb-sat.cl\/unser-team\/"},"modified":"2024-08-05T18:19:12","modified_gmt":"2024-08-05T22:19:12","slug":"unser-team","status":"publish","type":"page","link":"https:\/\/dcb.cl\/de\/schueleraustausch\/unser-team\/","title":{"rendered":"Unser Team"},"content":{"rendered":"<p><div class=\"fusion-bg-parallax\" data-bg-align=\"center center\" data-direction=\"up\" data-mute=\"false\" data-opacity=\"100\" data-velocity=\"-0.3\" data-mobile-enabled=\"false\" data-break_parents=\"0\" data-bg-image=\"https:\/\/dcb-sat.cl\/website\/wp-content\/uploads\/2023\/09\/dcb-alemania-bg.jpg\" data-bg-repeat=\"false\" ><\/div><div class=\"fusion-fullwidth fullwidth-box fusion-builder-row-1 fusion-flex-container has-pattern-background has-mask-background fusion-parallax-up nonhundred-percent-fullwidth non-hundred-percent-height-scrolling\" style=\"--awb-border-radius-top-left:0px;--awb-border-radius-top-right:0px;--awb-border-radius-bottom-right:0px;--awb-border-radius-bottom-left:0px;--awb-margin-top:0px;--awb-margin-bottom:50px;--awb-min-height:300px;--awb-background-image:url(&quot;https:\/\/dcb-sat.cl\/website\/wp-content\/uploads\/2023\/09\/dcb-alemania-bg.jpg&quot;);--awb-background-size:cover;--awb-flex-wrap:wrap;\" ><div class=\"fusion-builder-row fusion-row fusion-flex-align-items-center fusion-flex-align-content-center fusion-flex-content-wrap\" style=\"max-width:1248px;margin-left: calc(-4% \/ 2 );margin-right: calc(-4% \/ 2 );\"><div class=\"fusion-layout-column fusion_builder_column fusion-builder-column-0 fusion_builder_column_1_1 1_1 fusion-flex-column fusion-flex-align-self-flex-start\" style=\"--awb-bg-size:cover;--awb-width-large:100%;--awb-margin-top-large:0px;--awb-spacing-right-large:1.92%;--awb-margin-bottom-large:50px;--awb-spacing-left-large:1.92%;--awb-width-medium:100%;--awb-order-medium:0;--awb-spacing-right-medium:1.92%;--awb-spacing-left-medium:1.92%;--awb-width-small:100%;--awb-order-small:0;--awb-spacing-right-small:1.92%;--awb-spacing-left-small:1.92%;\" data-scroll-devices=\"small-visibility,medium-visibility,large-visibility\"><div class=\"fusion-column-wrapper fusion-column-has-shadow fusion-flex-justify-content-center fusion-content-layout-column\"><div class=\"fusion-image-element \" style=\"text-align:center;--awb-max-width:400px;--awb-caption-title-font-family:var(--h2_typography-font-family);--awb-caption-title-font-weight:var(--h2_typography-font-weight);--awb-caption-title-font-style:var(--h2_typography-font-style);--awb-caption-title-size:var(--h2_typography-font-size);--awb-caption-title-transform:var(--h2_typography-text-transform);--awb-caption-title-line-height:var(--h2_typography-line-height);--awb-caption-title-letter-spacing:var(--h2_typography-letter-spacing);\"><span class=\" fusion-imageframe imageframe-none imageframe-1 hover-type-none\"><img decoding=\"async\" width=\"1080\" height=\"380\" title=\"intercambio-brand\" src=\"https:\/\/dcb-sat.cl\/website\/wp-content\/uploads\/2023\/10\/intercambio-brand.png\" alt class=\"img-responsive wp-image-5554\" srcset=\"https:\/\/dcb.cl\/neueweb\/wp-content\/uploads\/2023\/10\/intercambio-brand-200x70.png 200w, https:\/\/dcb.cl\/neueweb\/wp-content\/uploads\/2023\/10\/intercambio-brand-400x141.png 400w, https:\/\/dcb.cl\/neueweb\/wp-content\/uploads\/2023\/10\/intercambio-brand-600x211.png 600w, https:\/\/dcb.cl\/neueweb\/wp-content\/uploads\/2023\/10\/intercambio-brand-800x281.png 800w, https:\/\/dcb.cl\/neueweb\/wp-content\/uploads\/2023\/10\/intercambio-brand.png 1080w\" sizes=\"(max-width: 640px) 100vw, 1080px\" \/><\/span><\/div><\/div><\/div><\/div><\/div><div class=\"fusion-fullwidth fullwidth-box fusion-builder-row-2 fusion-flex-container has-pattern-background has-mask-background nonhundred-percent-fullwidth non-hundred-percent-height-scrolling\" style=\"--awb-border-radius-top-left:0px;--awb-border-radius-top-right:0px;--awb-border-radius-bottom-right:0px;--awb-border-radius-bottom-left:0px;--awb-flex-wrap:wrap;\" ><div class=\"fusion-builder-row fusion-row fusion-flex-align-items-flex-start fusion-flex-content-wrap\" style=\"max-width:1248px;margin-left: calc(-4% \/ 2 );margin-right: calc(-4% \/ 2 );\"><div class=\"fusion-layout-column fusion_builder_column fusion-builder-column-1 fusion_builder_column_1_1 1_1 fusion-flex-column\" style=\"--awb-bg-size:cover;--awb-border-color:var(--awb-color3);--awb-border-top:0px;--awb-border-right:0px;--awb-border-bottom:1px;--awb-border-left:0px;--awb-border-style:solid;--awb-width-large:100%;--awb-margin-top-large:0px;--awb-spacing-right-large:1.92%;--awb-margin-bottom-large:50px;--awb-spacing-left-large:1.92%;--awb-width-medium:100%;--awb-order-medium:0;--awb-spacing-right-medium:1.92%;--awb-spacing-left-medium:1.92%;--awb-width-small:100%;--awb-order-small:0;--awb-spacing-right-small:1.92%;--awb-spacing-left-small:1.92%;\" data-scroll-devices=\"small-visibility,medium-visibility,large-visibility\"><div class=\"fusion-column-wrapper fusion-column-has-shadow fusion-flex-justify-content-flex-start fusion-content-layout-column\"><nav class=\"fusion-breadcrumbs awb-yoast-breadcrumbs fusion-breadcrumbs-1\" style=\"--awb-alignment:left;--awb-breadcrumb-sep:&#039;|&#039;;text-align:left;\" aria-label=\"Breadcrumb\"><span><span><a href=\"https:\/\/dcb.cl\/de\/home\/\">Portada<\/a><\/span><\/span><\/nav><\/div><\/div>\n<\/div><\/div><div class=\"fusion-fullwidth fullwidth-box fusion-builder-row-3 fusion-flex-container has-pattern-background has-mask-background nonhundred-percent-fullwidth non-hundred-percent-height-scrolling\" style=\"--awb-border-radius-top-left:0px;--awb-border-radius-top-right:0px;--awb-border-radius-bottom-right:0px;--awb-border-radius-bottom-left:0px;--awb-flex-wrap:wrap;\" ><div class=\"fusion-builder-row fusion-row fusion-flex-align-items-flex-start fusion-flex-justify-content-center fusion-flex-content-wrap\" style=\"max-width:1248px;margin-left: calc(-4% \/ 2 );margin-right: calc(-4% \/ 2 );\"><div class=\"fusion-layout-column fusion_builder_column fusion-builder-column-2 fusion_builder_column_1_1 1_1 fusion-flex-column\" style=\"--awb-bg-size:cover;--awb-width-large:100%;--awb-margin-top-large:0px;--awb-spacing-right-large:1.92%;--awb-margin-bottom-large:20px;--awb-spacing-left-large:1.92%;--awb-width-medium:100%;--awb-order-medium:0;--awb-spacing-right-medium:1.92%;--awb-spacing-left-medium:1.92%;--awb-width-small:100%;--awb-order-small:0;--awb-spacing-right-small:1.92%;--awb-spacing-left-small:1.92%;\"><div class=\"fusion-column-wrapper fusion-column-has-shadow fusion-flex-justify-content-flex-start fusion-content-layout-column\"><div class=\"fusion-title title fusion-title-1 fusion-sep-none fusion-title-center fusion-title-text fusion-title-size-one\" style=\"--awb-text-color:var(--awb-color8);--awb-margin-top-small:10px;--awb-margin-right-small:0px;--awb-margin-bottom-small:10px;--awb-margin-left-small:0px;--awb-font-size:36px;\"><h1 class=\"fusion-title-heading title-heading-center\" style=\"margin:0;font-size:1em;\">Studentenaustausch Team<\/h1><\/div><\/div><\/div><div class=\"fusion-layout-column fusion_builder_column fusion-builder-column-3 fusion_builder_column_1_4 1_4 fusion-flex-column\" style=\"--awb-bg-size:cover;--awb-width-large:25%;--awb-margin-top-large:0px;--awb-spacing-right-large:0px;--awb-margin-bottom-large:20px;--awb-spacing-left-large:0px;--awb-width-medium:25%;--awb-order-medium:0;--awb-spacing-right-medium:0px;--awb-spacing-left-medium:0px;--awb-width-small:100%;--awb-order-small:0;--awb-spacing-right-small:1.92%;--awb-spacing-left-small:1.92%;\" data-scroll-devices=\"small-visibility,medium-visibility,large-visibility\"><div class=\"fusion-column-wrapper fusion-column-has-shadow fusion-flex-justify-content-flex-start fusion-content-layout-column\"><div class=\"fusion-person person fusion-person-center fusion-person-1 fusion-person-icon-bottom\" style=\"--awb-pic-style-color:var(--awb-color6);--awb-pic-borderradius:10px;--awb-margin-top:5px;--awb-margin-right:5px;--awb-margin-bottom:5px;--awb-margin-left:5px;--awb-social-box-border-top:0px;--awb-social-box-border-right:0px;--awb-social-box-border-bottom:0px;--awb-social-box-border-left:0px;--awb-social-box-border-color:var(--awb-color3);--awb-social-box-border-color-hover:var(--awb-color4);--awb-social-box-colors-hover:var(--awb-color1);--awb-social-icon-boxed-colors:var(--awb-color2);--awb-social-icon-colors:var(--awb-color6);--awb-social-icon-colors-hover:var(--awb-color4);\"><div class=\"person-shortcode-image-wrapper\"><div class=\"person-image-container hover-type-none person-rounded-overflow\" style=\"-webkit-border-radius:10px;-moz-border-radius:10px;border-radius:10px;border:5px solid var(--awb-custom_color_4);-webkit-border-radius:10px;-moz-border-radius:10px;border-radius:10px;\"><img decoding=\"async\" class=\"person-img img-responsive wp-image-5472\" src=\"https:\/\/dcb-sat.cl\/website\/wp-content\/uploads\/2023\/10\/dcb_paula-laupheimer.jpg\" alt=\"Paula Laupheimer\" \/><\/div><\/div><div class=\"person-desc\" style=\"background-color:var(--awb-color2);padding:40px;margin-top:0;\"><div class=\"person-author\"><div class=\"person-author-wrapper\"><span class=\"person-name\">Paula Laupheimer<\/span><span class=\"person-title\">Teamleiterin<\/span><\/div><\/div><div class=\"person-content fusion-clearfix\"><\/div><\/div><\/div><\/div><\/div><div class=\"fusion-layout-column fusion_builder_column fusion-builder-column-4 fusion_builder_column_2_5 2_5 fusion-flex-column fusion-flex-align-self-center\" style=\"--awb-bg-size:cover;--awb-width-large:40%;--awb-margin-top-large:0px;--awb-spacing-right-large:4.8%;--awb-margin-bottom-large:20px;--awb-spacing-left-large:4.8%;--awb-width-medium:40%;--awb-order-medium:0;--awb-spacing-right-medium:4.8%;--awb-spacing-left-medium:4.8%;--awb-width-small:100%;--awb-order-small:0;--awb-spacing-right-small:1.92%;--awb-spacing-left-small:1.92%;\" data-scroll-devices=\"small-visibility,medium-visibility,large-visibility\"><div class=\"fusion-column-wrapper fusion-column-has-shadow fusion-flex-justify-content-flex-start fusion-content-layout-column\"><div class=\"fusion-text fusion-text-1\"><p>Paula arbeitet seit \u00fcber 10 Jahren beim Deutsch-Chilenischen Bund im Bereich Sch\u00fcleraustausch. Sie selbst nahm vor 30 Jahren am <a href=\"https:\/\/www.condor.cl\/2024\/05\/17\/wiedersehen-mit-deutscher-gastfamilie-nach-30-jahren\/\" target=\"_blank\" rel=\"noopener\">Austausch nach Deutschland<\/a> teil, als sie die Deutsche Schule Santiago besuchte. Diese Erfahrung war pr\u00e4gend f\u00fcr sie und motivierte sie, jungen Menschen die gleiche M\u00f6glichkeit zu bieten. Paula glaubt fest daran, dass der Austausch nicht nur die Sprachkenntnisse verbessert, sondern auch das Leben der Sch\u00fcler nachhaltig ver\u00e4ndert.<\/p>\n<p>Als Teamleiterin k\u00fcmmert sich Paula um die \u00fcbergeordnete Koordination des Austauschprogramms und den Kontakt zu den Deutschen Schulen in Chile.<\/p>\n<\/div><\/div><\/div><\/div><\/div><div class=\"fusion-fullwidth fullwidth-box fusion-builder-row-4 fusion-flex-container has-pattern-background has-mask-background nonhundred-percent-fullwidth non-hundred-percent-height-scrolling\" style=\"--awb-border-radius-top-left:0px;--awb-border-radius-top-right:0px;--awb-border-radius-bottom-right:0px;--awb-border-radius-bottom-left:0px;--awb-margin-top:40px;--awb-margin-bottom:50px;--awb-flex-wrap:wrap;\" ><div class=\"fusion-builder-row fusion-row fusion-flex-align-items-flex-start fusion-flex-content-wrap\" style=\"max-width:1248px;margin-left: calc(-4% \/ 2 );margin-right: calc(-4% \/ 2 );\"><div class=\"fusion-layout-column fusion_builder_column fusion-builder-column-5 fusion_builder_column_1_4 1_4 fusion-flex-column fusion-flex-align-self-stretch\" style=\"--awb-bg-size:cover;--awb-width-large:25%;--awb-margin-top-large:0px;--awb-spacing-right-large:7.68%;--awb-margin-bottom-large:20px;--awb-spacing-left-large:7.68%;--awb-width-medium:25%;--awb-order-medium:0;--awb-spacing-right-medium:7.68%;--awb-spacing-left-medium:7.68%;--awb-width-small:100%;--awb-order-small:0;--awb-spacing-right-small:1.92%;--awb-spacing-left-small:1.92%;\" data-scroll-devices=\"small-visibility,medium-visibility,large-visibility\"><div class=\"fusion-column-wrapper fusion-column-has-shadow fusion-flex-justify-content-flex-start fusion-content-layout-column\"><div class=\"fusion-person person fusion-person-center fusion-person-2 fusion-person-icon-bottom\" style=\"--awb-pic-style-color:var(--awb-color6);--awb-pic-borderradius:10px;--awb-margin-top:5px;--awb-margin-right:5px;--awb-margin-bottom:5px;--awb-margin-left:5px;--awb-social-box-border-top:0px;--awb-social-box-border-right:0px;--awb-social-box-border-bottom:0px;--awb-social-box-border-left:0px;--awb-social-box-border-color:var(--awb-color3);--awb-social-box-border-color-hover:var(--awb-color4);--awb-social-box-colors-hover:var(--awb-color1);--awb-social-icon-boxed-colors:var(--awb-color2);--awb-social-icon-colors:var(--awb-color6);--awb-social-icon-colors-hover:var(--awb-color4);\"><div class=\"person-shortcode-image-wrapper\"><div class=\"person-image-container hover-type-none person-rounded-overflow\" style=\"-webkit-border-radius:10px;-moz-border-radius:10px;border-radius:10px;border:0px solid var(--awb-color3);-webkit-border-radius:10px;-moz-border-radius:10px;border-radius:10px;\"><img decoding=\"async\" class=\"person-img img-responsive wp-image-6897\" src=\"https:\/\/dcb-sat.cl\/website\/wp-content\/uploads\/2024\/05\/dcb_katharina-vernier-02.jpg\" alt=\"Katharina Vernier\" \/><\/div><\/div><div class=\"person-desc\" style=\"background-color:var(--awb-color1);padding:40px;margin-top:0;\"><div class=\"person-author\"><div class=\"person-author-wrapper\"><span class=\"person-name\">Katharina Vernier<\/span><span class=\"person-title\">Familien- und Schulkontakte in Deutschland und Chile<\/span><\/div><\/div><div class=\"person-content fusion-clearfix\"><\/div><\/div><\/div><div class=\"fusion-text fusion-text-2\" style=\"--awb-font-size:14px;--awb-line-height:1.2;--awb-text-color:var(--awb-custom_color_2);--awb-margin-right:4%;--awb-margin-left:4%;\"><p>Katharina hat ein Diplom in Romanistik und BWL und ist zertifizierte \u00dcbersetzerin. Nebenberuflich arbeitet sie als holistische Gesundheitsberaterin und Trauma-Coach. Als Mutter von drei jugendlichen Kindern und erfahrene \u201eExpat\u201c spricht sie f\u00fcnf Sprachen und ist Spezialistin f\u00fcr interkulturelle Angelegenheiten. Beim DCB ist Katharina f\u00fcr die Kontakte mit Familien und Schulen sowohl in Deutschland als auch in Chile zust\u00e4ndig und k\u00fcmmert sich um die Reise der chilenischen Sch\u00fcler nach Deutschland.<\/p>\n<\/div><\/div><\/div><div class=\"fusion-layout-column fusion_builder_column fusion-builder-column-6 fusion_builder_column_1_4 1_4 fusion-flex-column fusion-flex-align-self-stretch\" style=\"--awb-bg-size:cover;--awb-width-large:25%;--awb-margin-top-large:0px;--awb-spacing-right-large:7.68%;--awb-margin-bottom-large:20px;--awb-spacing-left-large:7.68%;--awb-width-medium:25%;--awb-order-medium:0;--awb-spacing-right-medium:7.68%;--awb-spacing-left-medium:7.68%;--awb-width-small:100%;--awb-order-small:0;--awb-spacing-right-small:1.92%;--awb-spacing-left-small:1.92%;\" data-scroll-devices=\"small-visibility,medium-visibility,large-visibility\"><div class=\"fusion-column-wrapper fusion-column-has-shadow fusion-flex-justify-content-flex-start fusion-content-layout-column\"><div class=\"fusion-person person fusion-person-center fusion-person-3 fusion-person-icon-bottom\" style=\"--awb-pic-style-color:var(--awb-color6);--awb-pic-borderradius:10px;--awb-margin-top:5px;--awb-margin-right:5px;--awb-margin-bottom:5px;--awb-margin-left:5px;--awb-social-box-border-top:0px;--awb-social-box-border-right:0px;--awb-social-box-border-bottom:0px;--awb-social-box-border-left:0px;--awb-social-box-border-color:var(--awb-color3);--awb-social-box-border-color-hover:var(--awb-color4);--awb-social-box-colors-hover:var(--awb-color1);--awb-social-icon-boxed-colors:var(--awb-color2);--awb-social-icon-colors:var(--awb-color6);--awb-social-icon-colors-hover:var(--awb-color4);\"><div class=\"person-shortcode-image-wrapper\"><div class=\"person-image-container hover-type-none person-rounded-overflow\" style=\"-webkit-border-radius:10px;-moz-border-radius:10px;border-radius:10px;border:0px solid var(--awb-color3);-webkit-border-radius:10px;-moz-border-radius:10px;border-radius:10px;\"><img decoding=\"async\" class=\"person-img img-responsive wp-image-6899\" src=\"https:\/\/dcb-sat.cl\/website\/wp-content\/uploads\/2024\/05\/dcb_Sonja-Grzeganek.jpg\" alt=\"Sonja Grzeganek\" \/><\/div><\/div><div class=\"person-desc\" style=\"background-color:var(--awb-color1);padding:40px;margin-top:0;\"><div class=\"person-author\"><div class=\"person-author-wrapper\"><span class=\"person-name\">Sonja Grzeganek<\/span><span class=\"person-title\">Familien- und Schulkontakte in Deutschland<\/span><\/div><\/div><div class=\"person-content fusion-clearfix\"><\/div><\/div><\/div><div class=\"fusion-text fusion-text-3\" style=\"--awb-font-size:14px;--awb-line-height:1.2;--awb-text-color:var(--awb-custom_color_2);--awb-margin-right:4%;--awb-margin-left:4%;\"><p>Sonja ist Deutsche, die 2012 das Abenteuer Ausland gewagt hat und seither in Chile lebt. Mit ihrer umfangreichen Auslandserfahrung wei\u03b2 sie, was die Sch\u00fcler bei einem Sch\u00fcleraustausch mit einem anderen Land erwartet. Ihre Leidenschaft gilt der Pers\u00f6nlichkeitsentwicklung und den zwischenmenschlichen Beziehungen, sie besitzt den AdA-Ausbilderschein und ist NLP-Practitioner. Sonja war viele Jahre f\u00fcr Personal verantwortlich und arbeitete in einer Agentur, die Auslandsaufenthalte organisiert. Beim DCB k\u00fcmmert sie sich um den Kontakt mit Familien und Schulen in Deutschland.<\/p>\n<\/div><\/div><\/div><div class=\"fusion-layout-column fusion_builder_column fusion-builder-column-7 fusion_builder_column_1_4 1_4 fusion-flex-column fusion-flex-align-self-stretch\" style=\"--awb-bg-size:cover;--awb-width-large:25%;--awb-margin-top-large:0px;--awb-spacing-right-large:7.68%;--awb-margin-bottom-large:20px;--awb-spacing-left-large:7.68%;--awb-width-medium:25%;--awb-order-medium:0;--awb-spacing-right-medium:7.68%;--awb-spacing-left-medium:7.68%;--awb-width-small:100%;--awb-order-small:0;--awb-spacing-right-small:1.92%;--awb-spacing-left-small:1.92%;\" data-scroll-devices=\"small-visibility,medium-visibility,large-visibility\"><div class=\"fusion-column-wrapper fusion-column-has-shadow fusion-flex-justify-content-flex-start fusion-content-layout-column\"><div class=\"fusion-person person fusion-person-center fusion-person-4 fusion-person-icon-bottom\" style=\"--awb-pic-style-color:var(--awb-color6);--awb-pic-borderradius:10px;--awb-margin-top:5px;--awb-margin-right:5px;--awb-margin-bottom:5px;--awb-margin-left:5px;--awb-social-box-border-top:0px;--awb-social-box-border-right:0px;--awb-social-box-border-bottom:0px;--awb-social-box-border-left:0px;--awb-social-box-border-color:var(--awb-color3);--awb-social-box-border-color-hover:var(--awb-color4);--awb-social-box-colors-hover:var(--awb-color1);--awb-social-icon-boxed-colors:var(--awb-color2);--awb-social-icon-colors:var(--awb-color6);--awb-social-icon-colors-hover:var(--awb-color4);\"><div class=\"person-shortcode-image-wrapper\"><div class=\"person-image-container hover-type-none person-rounded-overflow\" style=\"-webkit-border-radius:10px;-moz-border-radius:10px;border-radius:10px;border:0px solid var(--awb-color3);-webkit-border-radius:10px;-moz-border-radius:10px;border-radius:10px;\"><img decoding=\"async\" class=\"person-img img-responsive wp-image-5473\" src=\"https:\/\/dcb-sat.cl\/website\/wp-content\/uploads\/2023\/10\/dcb-mariela-munoz.jpg\" alt=\"Mariela Mu\u00f1oz\" \/><\/div><\/div><div class=\"person-desc\" style=\"background-color:var(--awb-color1);padding:40px;margin-top:0;\"><div class=\"person-author\"><div class=\"person-author-wrapper\"><span class=\"person-name\">Mariela Mu\u00f1oz<\/span><span class=\"person-title\">Unterst\u00fctzung Team Sch\u00fcleraustausch<\/span><\/div><\/div><div class=\"person-content fusion-clearfix\"><\/div><\/div><\/div><div class=\"fusion-text fusion-text-4\" style=\"--awb-font-size:14px;--awb-line-height:1.2;--awb-text-color:var(--awb-custom_color_2);--awb-margin-right:4%;--awb-margin-left:4%;\"><p>Mariela hat einen Abschluss als Wirtschaftsingenieurin der Johann Wolfgang Goethe-Universit\u00e4t Frankfurt am Main. Sie ist dreisprachig (Spanisch, Deutsch, Englisch) und bringt Berufserfahrung in bedeutenden deutschen Ingenieurunternehmen im Bereich Strategie und wertvolles Wissen mit. Mariela ist Mutter von zwei T\u00f6chtern, begeistert sich f\u00fcr Trekking und Naturwanderungen und ist Botschafterin der Pfadfinderbewegung mit Grundkenntnissen in Erster Hilfe. Beim DCB unterst\u00fctzt Mariela alle Belange des Sch\u00fcleraustauschs von Chile nach Deutschland.<\/p>\n<\/div><\/div><\/div><div class=\"fusion-layout-column fusion_builder_column fusion-builder-column-8 fusion_builder_column_1_4 1_4 fusion-flex-column\" style=\"--awb-bg-size:cover;--awb-width-large:25%;--awb-margin-top-large:0px;--awb-spacing-right-large:7.68%;--awb-margin-bottom-large:20px;--awb-spacing-left-large:7.68%;--awb-width-medium:25%;--awb-order-medium:0;--awb-spacing-right-medium:7.68%;--awb-spacing-left-medium:7.68%;--awb-width-small:100%;--awb-order-small:0;--awb-spacing-right-small:1.92%;--awb-spacing-left-small:1.92%;\" data-scroll-devices=\"small-visibility,medium-visibility,large-visibility\"><div class=\"fusion-column-wrapper fusion-column-has-shadow fusion-flex-justify-content-flex-start fusion-content-layout-column\"><div class=\"fusion-person person fusion-person-center fusion-person-5 fusion-person-icon-bottom\" style=\"--awb-pic-style-color:var(--awb-color6);--awb-pic-borderradius:10px;--awb-margin-top:5px;--awb-margin-right:5px;--awb-margin-bottom:5px;--awb-margin-left:5px;--awb-social-box-border-top:0px;--awb-social-box-border-right:0px;--awb-social-box-border-bottom:0px;--awb-social-box-border-left:0px;--awb-social-box-border-color:var(--awb-color3);--awb-social-box-border-color-hover:var(--awb-color4);--awb-social-box-colors-hover:var(--awb-color1);--awb-social-icon-boxed-colors:var(--awb-color2);--awb-social-icon-colors:var(--awb-color6);--awb-social-icon-colors-hover:var(--awb-color4);\"><div class=\"person-shortcode-image-wrapper\"><div class=\"person-image-container hover-type-none person-rounded-overflow\" style=\"-webkit-border-radius:10px;-moz-border-radius:10px;border-radius:10px;border:0px solid var(--awb-color3);-webkit-border-radius:10px;-moz-border-radius:10px;border-radius:10px;\"><img decoding=\"async\" class=\"person-img img-responsive wp-image-5471\" width=\"400\" height=\"533\" src=\"https:\/\/dcb-sat.cl\/website\/wp-content\/uploads\/2023\/10\/dcb_marianne-scheel.jpg\" alt=\"Marianne Scheel\" srcset=\"https:\/\/dcb.cl\/neueweb\/wp-content\/uploads\/2023\/10\/dcb_marianne-scheel-200x267.jpg 200w, https:\/\/dcb.cl\/neueweb\/wp-content\/uploads\/2023\/10\/dcb_marianne-scheel.jpg 400w\" sizes=\"(max-width: 640px) 100vw, 400px\" \/><\/div><\/div><div class=\"person-desc\" style=\"background-color:var(--awb-color1);padding:40px;margin-top:0;\"><div class=\"person-author\"><div class=\"person-author-wrapper\"><span class=\"person-name\">Marianne Scheel<\/span><span class=\"person-title\">R\u00fcckaustausch nach Chile &amp; Nordentour<\/span><\/div><\/div><div class=\"person-content fusion-clearfix\"><\/div><\/div><\/div><div class=\"fusion-text fusion-text-5\" style=\"--awb-font-size:14px;--awb-line-height:1.2;--awb-text-color:var(--awb-custom_color_2);--awb-margin-right:4%;--awb-margin-left:4%;\"><p>Mit mehr als 38 Jahren Berufserfahrung in der deutschen Luftfahrtbranche und in einer Reiseagentur, ist Marianne eine wertvolle Bereicherung f\u00fcr das Team in Hinsicht auf die Organisation von Auslandsreisen. Sie ist Mutter zweier erwachsener Kinder und k\u00fcmmert sich mit Hingabe um die Planung und Durchf\u00fchrung des Besuchs der europ\u00e4ischen Sch\u00fcler in Chile, inklusive der touristischen Reise in den Norden des Landes.<\/p>\n<\/div><\/div><\/div><div class=\"fusion-layout-column fusion_builder_column fusion-builder-column-9 fusion_builder_column_1_4 1_4 fusion-flex-column fusion-flex-align-self-stretch\" style=\"--awb-bg-size:cover;--awb-width-large:25%;--awb-margin-top-large:0px;--awb-spacing-right-large:7.68%;--awb-margin-bottom-large:20px;--awb-spacing-left-large:7.68%;--awb-width-medium:25%;--awb-order-medium:0;--awb-spacing-right-medium:7.68%;--awb-spacing-left-medium:7.68%;--awb-width-small:100%;--awb-order-small:0;--awb-spacing-right-small:1.92%;--awb-spacing-left-small:1.92%;\" data-scroll-devices=\"small-visibility,medium-visibility,large-visibility\"><div class=\"fusion-column-wrapper fusion-column-has-shadow fusion-flex-justify-content-flex-start fusion-content-layout-column\"><div class=\"fusion-person person fusion-person-center fusion-person-6 fusion-person-icon-bottom\" style=\"--awb-pic-style-color:var(--awb-color6);--awb-pic-borderradius:10px;--awb-margin-top:5px;--awb-margin-right:5px;--awb-margin-bottom:5px;--awb-margin-left:5px;--awb-social-box-border-top:0px;--awb-social-box-border-right:0px;--awb-social-box-border-bottom:0px;--awb-social-box-border-left:0px;--awb-social-box-border-color:var(--awb-color3);--awb-social-box-border-color-hover:var(--awb-color4);--awb-social-box-colors-hover:var(--awb-color1);--awb-social-icon-boxed-colors:var(--awb-color2);--awb-social-icon-colors:var(--awb-color6);--awb-social-icon-colors-hover:var(--awb-color4);\"><div class=\"person-shortcode-image-wrapper\"><div class=\"person-image-container hover-type-none person-rounded-overflow\" style=\"-webkit-border-radius:10px;-moz-border-radius:10px;border-radius:10px;border:0px solid var(--awb-color3);-webkit-border-radius:10px;-moz-border-radius:10px;border-radius:10px;\"><img decoding=\"async\" class=\"person-img img-responsive wp-image-5474\" src=\"https:\/\/dcb-sat.cl\/website\/wp-content\/uploads\/2023\/10\/cdb_irene_peters.jpg\" alt=\"Irene Peters\" \/><\/div><\/div><div class=\"person-desc\" style=\"background-color:var(--awb-color1);padding:40px;margin-top:0;\"><div class=\"person-author\"><div class=\"person-author-wrapper\"><span class=\"person-name\">Irene Peters<\/span><span class=\"person-title\">R\u00fcckaustausch nach Chile &amp; Nordentour<\/span><\/div><\/div><div class=\"person-content fusion-clearfix\"><\/div><\/div><\/div><div class=\"fusion-text fusion-text-6\" style=\"--awb-font-size:14px;--awb-line-height:1.2;--awb-text-color:var(--awb-custom_color_2);--awb-margin-right:4%;--awb-margin-left:4%;\"><p>Irene ist Expertin, was Reiseplanung angeht. Sie bringt mehr als 15 Jahre Berufserfahrung in der deutschen Luftfahrtbranche im Bereich Tickets und Kundenbeziehungen mit. Sie ist Mutter von drei erwachsenen Kindern. In ihrer Freizeit malt sie gerne \u00d6lgem\u00e4lde.   Im Team des DCB k\u00fcmmert sie sich gemeinsam mit Marianne um die Koordination des Sch\u00fcleraustausches der europ\u00e4ischen Sch\u00fcler in Chile und die &#8220;Nordentour&#8221;.<\/p>\n<\/div><\/div><\/div><div class=\"fusion-layout-column fusion_builder_column fusion-builder-column-10 fusion_builder_column_1_4 1_4 fusion-flex-column\" style=\"--awb-bg-size:cover;--awb-width-large:25%;--awb-margin-top-large:0px;--awb-spacing-right-large:7.68%;--awb-margin-bottom-large:20px;--awb-spacing-left-large:7.68%;--awb-width-medium:25%;--awb-order-medium:0;--awb-spacing-right-medium:7.68%;--awb-spacing-left-medium:7.68%;--awb-width-small:100%;--awb-order-small:0;--awb-spacing-right-small:1.92%;--awb-spacing-left-small:1.92%;\" data-scroll-devices=\"small-visibility,medium-visibility,large-visibility\"><div class=\"fusion-column-wrapper fusion-column-has-shadow fusion-flex-justify-content-flex-start fusion-content-layout-column\"><div class=\"fusion-person person fusion-person-center fusion-person-7 fusion-person-icon-bottom\" style=\"--awb-pic-style-color:var(--awb-color6);--awb-pic-borderradius:10px;--awb-margin-top:5px;--awb-margin-right:5px;--awb-margin-bottom:5px;--awb-margin-left:5px;--awb-social-box-border-top:0px;--awb-social-box-border-right:0px;--awb-social-box-border-bottom:0px;--awb-social-box-border-left:0px;--awb-social-box-border-color:var(--awb-color3);--awb-social-box-border-color-hover:var(--awb-color4);--awb-social-box-colors-hover:var(--awb-color1);--awb-social-icon-boxed-colors:var(--awb-color2);--awb-social-icon-colors:var(--awb-color6);--awb-social-icon-colors-hover:var(--awb-color4);\"><div class=\"person-shortcode-image-wrapper\"><div class=\"person-image-container hover-type-none person-rounded-overflow\" style=\"-webkit-border-radius:10px;-moz-border-radius:10px;border-radius:10px;border:0px solid var(--awb-color3);-webkit-border-radius:10px;-moz-border-radius:10px;border-radius:10px;\"><img decoding=\"async\" class=\"person-img img-responsive wp-image-5476\" width=\"400\" height=\"535\" src=\"https:\/\/dcb-sat.cl\/website\/wp-content\/uploads\/2023\/10\/dcb_javiera-agurto.jpg\" alt=\"Javiera Agurto\" srcset=\"https:\/\/dcb.cl\/neueweb\/wp-content\/uploads\/2023\/10\/dcb_javiera-agurto-200x268.jpg 200w, https:\/\/dcb.cl\/neueweb\/wp-content\/uploads\/2023\/10\/dcb_javiera-agurto.jpg 400w\" sizes=\"(max-width: 640px) 100vw, 400px\" \/><\/div><\/div><div class=\"person-desc\" style=\"background-color:var(--awb-color1);padding:40px;margin-top:0;\"><div class=\"person-author\"><div class=\"person-author-wrapper\"><span class=\"person-name\">Javiera Agurto<\/span><span class=\"person-title\">Dokumentation &amp; Assistenz<\/span><\/div><\/div><div class=\"person-content fusion-clearfix\"><\/div><\/div><\/div><div class=\"fusion-text fusion-text-7\" style=\"--awb-font-size:14px;--awb-line-height:1.2;--awb-text-color:var(--awb-custom_color_2);--awb-margin-right:4%;--awb-margin-left:4%;\"><p>Javiera verf\u00fcgt \u00fcber sieben Jahre Erfahrung in der Vorbereitung von Dokumenten und Paketen f\u00fcr den Versand von Materialien. Sie ist verantwortlich f\u00fcr den Empfang und die \u00dcberpr\u00fcfung der Dokumente der Sch\u00fcler, die von Chile nach Europa reisen und f\u00fcr die Vorbereitung aller notwendigen Unterlagen f\u00fcr eine reibungslose Ausreise. In ihrer Freizeit liebt Javiera Musik, trifft sich gerne mit Freunden und liest die Mangas von Junji Ito.<\/p>\n<\/div><\/div><\/div><div class=\"fusion-layout-column fusion_builder_column fusion-builder-column-11 fusion_builder_column_1_4 1_4 fusion-flex-column\" style=\"--awb-bg-size:cover;--awb-width-large:25%;--awb-margin-top-large:0px;--awb-spacing-right-large:7.68%;--awb-margin-bottom-large:20px;--awb-spacing-left-large:7.68%;--awb-width-medium:25%;--awb-order-medium:0;--awb-spacing-right-medium:7.68%;--awb-spacing-left-medium:7.68%;--awb-width-small:100%;--awb-order-small:0;--awb-spacing-right-small:1.92%;--awb-spacing-left-small:1.92%;\" data-scroll-devices=\"small-visibility,medium-visibility,large-visibility\"><div class=\"fusion-column-wrapper fusion-column-has-shadow fusion-flex-justify-content-flex-start fusion-content-layout-column\"><div class=\"fusion-person person fusion-person-center fusion-person-8 fusion-person-icon-bottom\" style=\"--awb-pic-style-color:var(--awb-color6);--awb-pic-borderradius:10px;--awb-margin-top:5px;--awb-margin-right:5px;--awb-margin-bottom:5px;--awb-margin-left:5px;--awb-social-box-border-top:0px;--awb-social-box-border-right:0px;--awb-social-box-border-bottom:0px;--awb-social-box-border-left:0px;--awb-social-box-border-color:var(--awb-color3);--awb-social-box-border-color-hover:var(--awb-color4);--awb-social-box-colors-hover:var(--awb-color1);--awb-social-icon-boxed-colors:var(--awb-color2);--awb-social-icon-colors:var(--awb-color6);--awb-social-icon-colors-hover:var(--awb-color4);\"><div class=\"person-shortcode-image-wrapper\"><div class=\"person-image-container hover-type-none person-rounded-overflow\" style=\"-webkit-border-radius:10px;-moz-border-radius:10px;border-radius:10px;border:0px solid var(--awb-color3);-webkit-border-radius:10px;-moz-border-radius:10px;border-radius:10px;\"><img decoding=\"async\" class=\"person-img img-responsive wp-image-6901\" width=\"400\" height=\"534\" src=\"https:\/\/dcb-sat.cl\/website\/wp-content\/uploads\/2024\/05\/dcb_Stefan-Claussen.jpg\" alt=\"Stefan Claussen\" srcset=\"https:\/\/dcb.cl\/neueweb\/wp-content\/uploads\/2024\/05\/dcb_Stefan-Claussen-200x267.jpg 200w, https:\/\/dcb.cl\/neueweb\/wp-content\/uploads\/2024\/05\/dcb_Stefan-Claussen.jpg 400w\" sizes=\"(max-width: 640px) 100vw, 400px\" \/><\/div><\/div><div class=\"person-desc\" style=\"background-color:var(--awb-color1);padding:40px;margin-top:0;\"><div class=\"person-author\"><div class=\"person-author-wrapper\"><span class=\"person-name\">Stefan Claussen<\/span><span class=\"person-title\">Dokumentation &amp; Assistenz<\/span><\/div><\/div><div class=\"person-content fusion-clearfix\"><\/div><\/div><\/div><div class=\"fusion-text fusion-text-8\" style=\"--awb-font-size:14px;--awb-line-height:1.2;--awb-text-color:var(--awb-custom_color_2);--awb-margin-right:4%;--awb-margin-left:4%;\"><p>Stefan ist Kinder- und Jugendpsychologe und verf\u00fcgt \u00fcber umfangreiche Erfahrung im Umgang mit Kindern und Jugendlichen, sowohl in der Psychotherapie als auch in der Pfadfinderbewegung, wo er lange als Betreuer und Verantwortlicher t\u00e4tig war. Er begeistert sich f\u00fcr Aktivit\u00e4ten, die zur Entwicklung junger Menschen in bildungspolitischen, psychologischen, sozialen und kulturellen Bereichen beitragen. Stefan unterst\u00fctzt das Team des DCB in allen Belangen, die den Gegenaustausch der europ\u00e4ischen Sch\u00fcler nach Chile betreffen.<\/p>\n<\/div><\/div><\/div><\/div><\/div><\/p>\n","protected":false},"excerpt":{"rendered":"","protected":false},"author":1,"featured_media":0,"parent":5931,"menu_order":4,"comment_status":"closed","ping_status":"closed","template":"100-width.php","meta":{"footnotes":""},"class_list":["post-5961","page","type-page","status-publish","hentry"],"yoast_head":"<!-- This site is optimized with the Yoast SEO plugin v27.3 - https:\/\/yoast.com\/product\/yoast-seo-wordpress\/ -->\n<title>Unser Team - Deutsch - Chilenischer Bund<\/title>\n<meta name=\"robots\" content=\"index, follow, max-snippet:-1, max-image-preview:large, max-video-preview:-1\" \/>\n<link rel=\"canonical\" href=\"https:\/\/dcb.cl\/de\/schueleraustausch\/unser-team\/\" \/>\n<meta property=\"og:locale\" content=\"de_DE\" \/>\n<meta property=\"og:type\" content=\"article\" \/>\n<meta property=\"og:title\" content=\"Unser Team - Deutsch - Chilenischer Bund\" \/>\n<meta property=\"og:url\" content=\"https:\/\/dcb.cl\/de\/schueleraustausch\/unser-team\/\" \/>\n<meta property=\"og:site_name\" content=\"Deutsch - Chilenischer Bund\" \/>\n<meta property=\"article:modified_time\" content=\"2024-08-05T22:19:12+00:00\" \/>\n<meta name=\"twitter:card\" content=\"summary_large_image\" \/>\n<meta name=\"twitter:label1\" content=\"Est. reading time\" \/>\n\t<meta name=\"twitter:data1\" content=\"55 minutes\" \/>\n<script type=\"application\/ld+json\" class=\"yoast-schema-graph\">{\"@context\":\"https:\\\/\\\/schema.org\",\"@graph\":[{\"@type\":\"WebPage\",\"@id\":\"https:\\\/\\\/dcb.cl\\\/de\\\/schueleraustausch\\\/unser-team\\\/\",\"url\":\"https:\\\/\\\/dcb.cl\\\/de\\\/schueleraustausch\\\/unser-team\\\/\",\"name\":\"Unser Team - Deutsch - Chilenischer Bund\",\"isPartOf\":{\"@id\":\"https:\\\/\\\/dcb.cl\\\/de\\\/#website\"},\"datePublished\":\"2023-10-12T15:39:53+00:00\",\"dateModified\":\"2024-08-05T22:19:12+00:00\",\"breadcrumb\":{\"@id\":\"https:\\\/\\\/dcb.cl\\\/de\\\/schueleraustausch\\\/unser-team\\\/#breadcrumb\"},\"inLanguage\":\"de-DE\",\"potentialAction\":[{\"@type\":\"ReadAction\",\"target\":[\"https:\\\/\\\/dcb.cl\\\/de\\\/schueleraustausch\\\/unser-team\\\/\"]}]},{\"@type\":\"BreadcrumbList\",\"@id\":\"https:\\\/\\\/dcb.cl\\\/de\\\/schueleraustausch\\\/unser-team\\\/#breadcrumb\",\"itemListElement\":[{\"@type\":\"ListItem\",\"position\":1,\"name\":\"Portada\",\"item\":\"https:\\\/\\\/dcb.cl\\\/de\\\/home\\\/\"},{\"@type\":\"ListItem\",\"position\":2,\"name\":\"Unser Team\"}]},{\"@type\":\"WebSite\",\"@id\":\"https:\\\/\\\/dcb.cl\\\/de\\\/#website\",\"url\":\"https:\\\/\\\/dcb.cl\\\/de\\\/\",\"name\":\"Deutsch - Chilenischer Bund\",\"description\":\"\",\"publisher\":{\"@id\":\"https:\\\/\\\/dcb.cl\\\/de\\\/#organization\"},\"potentialAction\":[{\"@type\":\"SearchAction\",\"target\":{\"@type\":\"EntryPoint\",\"urlTemplate\":\"https:\\\/\\\/dcb.cl\\\/de\\\/?s={search_term_string}\"},\"query-input\":{\"@type\":\"PropertyValueSpecification\",\"valueRequired\":true,\"valueName\":\"search_term_string\"}}],\"inLanguage\":\"de-DE\"},{\"@type\":\"Organization\",\"@id\":\"https:\\\/\\\/dcb.cl\\\/de\\\/#organization\",\"name\":\"Deutsch - Chilenischer Bund\",\"url\":\"https:\\\/\\\/dcb.cl\\\/de\\\/\",\"logo\":{\"@type\":\"ImageObject\",\"inLanguage\":\"de-DE\",\"@id\":\"https:\\\/\\\/dcb.cl\\\/de\\\/#\\\/schema\\\/logo\\\/image\\\/\",\"url\":\"https:\\\/\\\/dcb.cl\\\/neueweb\\\/wp-content\\\/uploads\\\/2024\\\/02\\\/logo-DCB.svg\",\"contentUrl\":\"https:\\\/\\\/dcb.cl\\\/neueweb\\\/wp-content\\\/uploads\\\/2024\\\/02\\\/logo-DCB.svg\",\"width\":200,\"height\":100,\"caption\":\"Deutsch - Chilenischer Bund\"},\"image\":{\"@id\":\"https:\\\/\\\/dcb.cl\\\/de\\\/#\\\/schema\\\/logo\\\/image\\\/\"}}]}<\/script>\n<!-- \/ Yoast SEO plugin. -->","yoast_head_json":{"title":"Unser Team - Deutsch - Chilenischer Bund","robots":{"index":"index","follow":"follow","max-snippet":"max-snippet:-1","max-image-preview":"max-image-preview:large","max-video-preview":"max-video-preview:-1"},"canonical":"https:\/\/dcb.cl\/de\/schueleraustausch\/unser-team\/","og_locale":"de_DE","og_type":"article","og_title":"Unser Team - Deutsch - Chilenischer Bund","og_url":"https:\/\/dcb.cl\/de\/schueleraustausch\/unser-team\/","og_site_name":"Deutsch - Chilenischer Bund","article_modified_time":"2024-08-05T22:19:12+00:00","twitter_card":"summary_large_image","twitter_misc":{"Est. reading time":"55 minutes"},"schema":{"@context":"https:\/\/schema.org","@graph":[{"@type":"WebPage","@id":"https:\/\/dcb.cl\/de\/schueleraustausch\/unser-team\/","url":"https:\/\/dcb.cl\/de\/schueleraustausch\/unser-team\/","name":"Unser Team - Deutsch - Chilenischer Bund","isPartOf":{"@id":"https:\/\/dcb.cl\/de\/#website"},"datePublished":"2023-10-12T15:39:53+00:00","dateModified":"2024-08-05T22:19:12+00:00","breadcrumb":{"@id":"https:\/\/dcb.cl\/de\/schueleraustausch\/unser-team\/#breadcrumb"},"inLanguage":"de-DE","potentialAction":[{"@type":"ReadAction","target":["https:\/\/dcb.cl\/de\/schueleraustausch\/unser-team\/"]}]},{"@type":"BreadcrumbList","@id":"https:\/\/dcb.cl\/de\/schueleraustausch\/unser-team\/#breadcrumb","itemListElement":[{"@type":"ListItem","position":1,"name":"Portada","item":"https:\/\/dcb.cl\/de\/home\/"},{"@type":"ListItem","position":2,"name":"Unser Team"}]},{"@type":"WebSite","@id":"https:\/\/dcb.cl\/de\/#website","url":"https:\/\/dcb.cl\/de\/","name":"Deutsch - Chilenischer Bund","description":"","publisher":{"@id":"https:\/\/dcb.cl\/de\/#organization"},"potentialAction":[{"@type":"SearchAction","target":{"@type":"EntryPoint","urlTemplate":"https:\/\/dcb.cl\/de\/?s={search_term_string}"},"query-input":{"@type":"PropertyValueSpecification","valueRequired":true,"valueName":"search_term_string"}}],"inLanguage":"de-DE"},{"@type":"Organization","@id":"https:\/\/dcb.cl\/de\/#organization","name":"Deutsch - Chilenischer Bund","url":"https:\/\/dcb.cl\/de\/","logo":{"@type":"ImageObject","inLanguage":"de-DE","@id":"https:\/\/dcb.cl\/de\/#\/schema\/logo\/image\/","url":"https:\/\/dcb.cl\/neueweb\/wp-content\/uploads\/2024\/02\/logo-DCB.svg","contentUrl":"https:\/\/dcb.cl\/neueweb\/wp-content\/uploads\/2024\/02\/logo-DCB.svg","width":200,"height":100,"caption":"Deutsch - Chilenischer Bund"},"image":{"@id":"https:\/\/dcb.cl\/de\/#\/schema\/logo\/image\/"}}]}},"_links":{"self":[{"href":"https:\/\/dcb.cl\/de\/wp-json\/wp\/v2\/pages\/5961","targetHints":{"allow":["GET"]}}],"collection":[{"href":"https:\/\/dcb.cl\/de\/wp-json\/wp\/v2\/pages"}],"about":[{"href":"https:\/\/dcb.cl\/de\/wp-json\/wp\/v2\/types\/page"}],"author":[{"embeddable":true,"href":"https:\/\/dcb.cl\/de\/wp-json\/wp\/v2\/users\/1"}],"replies":[{"embeddable":true,"href":"https:\/\/dcb.cl\/de\/wp-json\/wp\/v2\/comments?post=5961"}],"version-history":[{"count":1,"href":"https:\/\/dcb.cl\/de\/wp-json\/wp\/v2\/pages\/5961\/revisions"}],"predecessor-version":[{"id":7061,"href":"https:\/\/dcb.cl\/de\/wp-json\/wp\/v2\/pages\/5961\/revisions\/7061"}],"up":[{"embeddable":true,"href":"https:\/\/dcb.cl\/de\/wp-json\/wp\/v2\/pages\/5931"}],"wp:attachment":[{"href":"https:\/\/dcb.cl\/de\/wp-json\/wp\/v2\/media?parent=5961"}],"curies":[{"name":"wp","href":"https:\/\/api.w.org\/{rel}","templated":true}]}}