{"id":6924,"date":"2024-07-18T21:18:17","date_gmt":"2024-07-19T01:18:17","guid":{"rendered":"https:\/\/dcb.cl\/ueber-das-archiv\/"},"modified":"2026-01-16T21:32:08","modified_gmt":"2026-01-17T00:32:08","slug":"ueber-das-archiv","status":"publish","type":"page","link":"https:\/\/dcb.cl\/de\/bibliothek-und-archiv\/ueber-das-archiv\/","title":{"rendered":"\u00dcber das Archiv"},"content":{"rendered":"<p><div class=\"fusion-fullwidth fullwidth-box fusion-builder-row-1 fusion-flex-container has-pattern-background has-mask-background fusion-parallax-none nonhundred-percent-fullwidth non-hundred-percent-height-scrolling\" style=\"--awb-border-radius-top-left:0px;--awb-border-radius-top-right:0px;--awb-border-radius-bottom-right:0px;--awb-border-radius-bottom-left:0px;--awb-margin-top:0px;--awb-margin-bottom:50px;--awb-min-height:350px;--awb-background-image:url(&quot;https:\/\/dcb.cl\/neueweb\/wp-content\/uploads\/2024\/07\/top-archivo.jpg&quot;);--awb-background-size:cover;--awb-flex-wrap:wrap;\" ><div class=\"fusion-builder-row fusion-row fusion-flex-align-items-center fusion-flex-align-content-center fusion-flex-content-wrap\" style=\"max-width:1248px;margin-left: calc(-4% \/ 2 );margin-right: calc(-4% \/ 2 );\"><div class=\"fusion-layout-column fusion_builder_column fusion-builder-column-0 fusion_builder_column_1_1 1_1 fusion-flex-column\" style=\"--awb-bg-size:cover;--awb-width-large:100%;--awb-margin-top-large:0px;--awb-spacing-right-large:1.92%;--awb-margin-bottom-large:20px;--awb-spacing-left-large:1.92%;--awb-width-medium:100%;--awb-order-medium:0;--awb-spacing-right-medium:1.92%;--awb-spacing-left-medium:1.92%;--awb-width-small:100%;--awb-order-small:0;--awb-spacing-right-small:1.92%;--awb-spacing-left-small:1.92%;\"><div class=\"fusion-column-wrapper fusion-column-has-shadow fusion-flex-justify-content-flex-start fusion-content-layout-column\"><div class=\"fusion-image-element \" style=\"text-align:center;--awb-max-width:200px;--awb-caption-title-font-family:var(--h2_typography-font-family);--awb-caption-title-font-weight:var(--h2_typography-font-weight);--awb-caption-title-font-style:var(--h2_typography-font-style);--awb-caption-title-size:var(--h2_typography-font-size);--awb-caption-title-transform:var(--h2_typography-text-transform);--awb-caption-title-line-height:var(--h2_typography-line-height);--awb-caption-title-letter-spacing:var(--h2_typography-letter-spacing);\"><span class=\" fusion-imageframe imageframe-none imageframe-1 hover-type-none\"><img decoding=\"async\" width=\"388\" height=\"474\" title=\"logo_held-color\" src=\"https:\/\/dcb.cl\/neueweb\/wp-content\/uploads\/2024\/07\/logo_held-color.svg\" alt class=\"img-responsive wp-image-484\"\/><\/span><\/div><\/div><\/div><\/div><\/div><div class=\"fusion-fullwidth fullwidth-box fusion-builder-row-2 fusion-flex-container has-pattern-background has-mask-background fusion-parallax-none nonhundred-percent-fullwidth non-hundred-percent-height-scrolling\" style=\"--awb-background-position:center bottom;--awb-border-radius-top-left:0px;--awb-border-radius-top-right:0px;--awb-border-radius-bottom-right:0px;--awb-border-radius-bottom-left:0px;--awb-margin-bottom:50px;--awb-background-image:url(&quot;https:\/\/dcb.cl\/neueweb\/wp-content\/uploads\/2024\/07\/dgb-separador.jpg&quot;);--awb-background-size:contain;--awb-flex-wrap:wrap;\" ><div class=\"fusion-builder-row fusion-row fusion-flex-align-items-flex-start fusion-flex-content-wrap\" style=\"max-width:1248px;margin-left: calc(-4% \/ 2 );margin-right: calc(-4% \/ 2 );\"><div class=\"fusion-layout-column fusion_builder_column fusion-builder-column-1 fusion_builder_column_1_2 1_2 fusion-flex-column\" style=\"--awb-bg-size:cover;--awb-width-large:50%;--awb-margin-top-large:0px;--awb-spacing-right-large:3.84%;--awb-margin-bottom-large:20px;--awb-spacing-left-large:3.84%;--awb-width-medium:50%;--awb-order-medium:0;--awb-spacing-right-medium:3.84%;--awb-spacing-left-medium:3.84%;--awb-width-small:100%;--awb-order-small:0;--awb-spacing-right-small:1.92%;--awb-spacing-left-small:1.92%;\"><div class=\"fusion-column-wrapper fusion-column-has-shadow fusion-flex-justify-content-flex-start fusion-content-layout-column\"><div class=\"fusion-title title fusion-title-1 sep-underline sep-solid fusion-title-text fusion-title-size-two\" style=\"--awb-text-color:var(--awb-custom_color_9);--awb-margin-top-small:10px;--awb-margin-right-small:0px;--awb-margin-bottom-small:10px;--awb-margin-left-small:0px;--awb-sep-color:var(--awb-custom_color_12);\"><h2 class=\"fusion-title-heading title-heading-left\" style=\"margin:0;\">Mission<\/h2><\/div><div class=\"fusion-text fusion-text-1\"><p>Zusammenstellung, Bewahrung und Verbreitung der verschiedenen bibliografischen Materialien, Druckerzeugnisse und anderer Medien, die Teil des kollektiven Ged\u00e4chtnisses des kulturellen Erbes der deutsch-chilenischen Gemeinschaft sind, um deren Identit\u00e4t zu erhalten. Ziel ist es, allen nationalen und internationalen Nutzern, sei es vor Ort oder aus der Ferne, den Zugang zu den Informationen und dem Wissen, das in den Sammlungen enthalten ist, zu erm\u00f6glichen.<\/p>\n<\/div><\/div><\/div><div class=\"fusion-layout-column fusion_builder_column fusion-builder-column-2 fusion_builder_column_1_2 1_2 fusion-flex-column\" style=\"--awb-bg-size:cover;--awb-width-large:50%;--awb-margin-top-large:0px;--awb-spacing-right-large:3.84%;--awb-margin-bottom-large:20px;--awb-spacing-left-large:3.84%;--awb-width-medium:50%;--awb-order-medium:0;--awb-spacing-right-medium:3.84%;--awb-spacing-left-medium:3.84%;--awb-width-small:100%;--awb-order-small:0;--awb-spacing-right-small:1.92%;--awb-spacing-left-small:1.92%;\"><div class=\"fusion-column-wrapper fusion-column-has-shadow fusion-flex-justify-content-flex-start fusion-content-layout-column\"><div class=\"fusion-title title fusion-title-2 sep-underline sep-solid fusion-title-text fusion-title-size-two\" style=\"--awb-text-color:var(--awb-custom_color_9);--awb-margin-top-small:10px;--awb-margin-right-small:0px;--awb-margin-bottom-small:10px;--awb-margin-left-small:0px;--awb-sep-color:var(--awb-custom_color_12);\"><h2 class=\"fusion-title-heading title-heading-left\" style=\"margin:0;\">Vision<\/h2><\/div><div class=\"fusion-text fusion-text-2\"><p>Ziel ist es, das f\u00fchrende Informations- und Wissenszentrum f\u00fcr die deutsch-chilenische Gemeinschaft zu sein, das relevante, zuverl\u00e4ssige und neutrale Informationen bietet, sowie eine inklusive Institution, die allen Interessierten ihren bibliografischen, dokumentarischen und historischen Bestand zur deutschen Einwanderung in Chile zug\u00e4nglich macht.<\/p>\n<\/div><\/div><\/div><\/div><\/div><div class=\"fusion-fullwidth fullwidth-box fusion-builder-row-3 fusion-flex-container has-pattern-background has-mask-background nonhundred-percent-fullwidth non-hundred-percent-height-scrolling\" style=\"--awb-background-position:center bottom;--awb-border-radius-top-left:0px;--awb-border-radius-top-right:0px;--awb-border-radius-bottom-right:0px;--awb-border-radius-bottom-left:0px;--awb-background-size:contain;--awb-flex-wrap:wrap;\" ><div class=\"fusion-builder-row fusion-row fusion-flex-align-items-flex-start fusion-flex-content-wrap\" style=\"max-width:1248px;margin-left: calc(-4% \/ 2 );margin-right: calc(-4% \/ 2 );\"><div class=\"fusion-layout-column fusion_builder_column fusion-builder-column-3 fusion_builder_column_1_1 1_1 fusion-flex-column\" style=\"--awb-bg-size:cover;--awb-width-large:100%;--awb-margin-top-large:0px;--awb-spacing-right-large:1.92%;--awb-margin-bottom-large:20px;--awb-spacing-left-large:1.92%;--awb-width-medium:100%;--awb-order-medium:0;--awb-spacing-right-medium:1.92%;--awb-spacing-left-medium:1.92%;--awb-width-small:100%;--awb-order-small:0;--awb-spacing-right-small:1.92%;--awb-spacing-left-small:1.92%;\"><div class=\"fusion-column-wrapper fusion-column-has-shadow fusion-flex-justify-content-flex-start fusion-content-layout-column\"><div class=\"fusion-title title fusion-title-3 sep-underline sep-solid fusion-title-text fusion-title-size-two\" style=\"--awb-text-color:var(--awb-custom_color_11);--awb-margin-top-small:10px;--awb-margin-right-small:0px;--awb-margin-bottom-small:10px;--awb-margin-left-small:0px;\"><h2 class=\"fusion-title-heading title-heading-left\" style=\"margin:0;\">Archiv Komitee<\/h2><\/div><div class=\"fusion-text fusion-text-3\"><p>Am <strong><em>17. Dezember 1985<\/em><\/strong> wurde die offizielle Fassung der Vereinbarung zwischen dem Club Deportivo Manquehue und der Sociedad de Beneficencia y Promoci\u00f3n cultural y t\u00e9cnica Liga Chileno-Alemana im Protokoll der Sitzung der Liga Chileno-Alemana unterzeichnet. In der Vereinbarung wurde vereinbart, den Lenkungsausschuss des Dokumentationszentrums zu gr\u00fcnden, um das reibungslose Funktionieren des chilenisch-deutschen Dokumentationszentrums zu gew\u00e4hrleisten.<\/p>\n<blockquote>\n<p>\u201eDer Ausschuss ist zust\u00e4ndig f\u00fcr die Anh\u00f6rung und Entscheidung in allen Fragen, die die Organisation und den Betrieb des Deutsch-Chilenischen Dokumentationszentrums betreffen, insbesondere in allen Fragen, die f\u00fcr die Beteiligten von gemeinsamem Interesse sind. Die von diesem Ausschuss beschlossenen Empfehlungen werden von denjenigen umgesetzt, die der Ausschuss beschlie\u00dft\u201c.<\/p>\n<\/blockquote>\n<\/div><\/div><\/div><\/div><\/div><div class=\"fusion-fullwidth fullwidth-box fusion-builder-row-4 fusion-flex-container has-pattern-background has-mask-background fusion-parallax-none nonhundred-percent-fullwidth non-hundred-percent-height-scrolling\" style=\"--awb-background-position:center bottom;--awb-border-radius-top-left:0px;--awb-border-radius-top-right:0px;--awb-border-radius-bottom-right:0px;--awb-border-radius-bottom-left:0px;--awb-padding-right:15%;--awb-padding-bottom:40px;--awb-padding-left:15%;--awb-margin-bottom:50px;--awb-background-image:url(&quot;https:\/\/dcb.cl\/neueweb\/wp-content\/uploads\/2024\/07\/dgb-separador.jpg&quot;);--awb-background-size:contain;--awb-flex-wrap:wrap;\" ><div class=\"fusion-builder-row fusion-row fusion-flex-align-items-flex-start fusion-flex-content-wrap\" style=\"max-width:1248px;margin-left: calc(-4% \/ 2 );margin-right: calc(-4% \/ 2 );\"><div class=\"fusion-layout-column fusion_builder_column fusion-builder-column-4 fusion_builder_column_1_4 1_4 fusion-flex-column fusion-flex-align-self-stretch\" style=\"--awb-bg-size:cover;--awb-width-large:25%;--awb-margin-top-large:0px;--awb-spacing-right-large:7.68%;--awb-margin-bottom-large:20px;--awb-spacing-left-large:7.68%;--awb-width-medium:25%;--awb-order-medium:0;--awb-spacing-right-medium:7.68%;--awb-spacing-left-medium:7.68%;--awb-width-small:100%;--awb-order-small:0;--awb-spacing-right-small:1.92%;--awb-spacing-left-small:1.92%;\" data-scroll-devices=\"small-visibility,medium-visibility,large-visibility\"><div class=\"fusion-column-wrapper fusion-column-has-shadow fusion-flex-justify-content-flex-start fusion-content-layout-column\"><div class=\"fusion-person person fusion-person-center fusion-person-1 fusion-person-icon-bottom\" style=\"--awb-pic-style-color:var(--awb-color6);--awb-pic-borderradius:10px;--awb-margin-top:5px;--awb-margin-right:5px;--awb-margin-bottom:5px;--awb-margin-left:5px;--awb-social-box-border-top:0px;--awb-social-box-border-right:0px;--awb-social-box-border-bottom:0px;--awb-social-box-border-left:0px;--awb-social-box-border-color:var(--awb-color3);--awb-social-box-border-color-hover:var(--awb-color4);--awb-social-box-colors-hover:var(--awb-color1);--awb-social-icon-boxed-colors:var(--awb-color2);--awb-social-icon-colors:var(--awb-color6);--awb-social-icon-colors-hover:var(--awb-color4);\"><div class=\"person-shortcode-image-wrapper\"><div class=\"person-image-container hover-type-none person-rounded-overflow\" style=\"-webkit-border-radius:10px;-moz-border-radius:10px;border-radius:10px;border:0px solid var(--awb-color3);-webkit-border-radius:10px;-moz-border-radius:10px;border-radius:10px;\"><img decoding=\"async\" class=\"person-img img-responsive wp-image-539\" width=\"958\" height=\"958\" src=\"https:\/\/dcb.cl\/neueweb\/wp-content\/uploads\/2024\/07\/DCB_Javier-Bielefeldt.jpg\" alt=\"Javier Bielefeldt\" srcset=\"https:\/\/dcb.cl\/neueweb\/wp-content\/uploads\/2024\/07\/DCB_Javier-Bielefeldt-200x200.jpg 200w, https:\/\/dcb.cl\/neueweb\/wp-content\/uploads\/2024\/07\/DCB_Javier-Bielefeldt-400x400.jpg 400w, https:\/\/dcb.cl\/neueweb\/wp-content\/uploads\/2024\/07\/DCB_Javier-Bielefeldt-600x600.jpg 600w, https:\/\/dcb.cl\/neueweb\/wp-content\/uploads\/2024\/07\/DCB_Javier-Bielefeldt-800x800.jpg 800w, https:\/\/dcb.cl\/neueweb\/wp-content\/uploads\/2024\/07\/DCB_Javier-Bielefeldt.jpg 958w\" sizes=\"(max-width: 640px) 100vw, 400px\" \/><\/div><\/div><div class=\"person-desc\" style=\"background-color:var(--awb-color2);padding:40px;margin-top:0;\"><div class=\"person-author\"><div class=\"person-author-wrapper\"><span class=\"person-name\">Javier Bielefeldt<\/span><span class=\"person-title\">Pr\u00e4sident | Vertreter Club Manquehue<\/span><\/div><\/div><div class=\"person-content fusion-clearfix\">Bauingenieur Pontificia Universidad Cat\u00f3lica.<\/div><\/div><\/div><\/div><\/div><div class=\"fusion-layout-column fusion_builder_column fusion-builder-column-5 fusion_builder_column_1_4 1_4 fusion-flex-column fusion-flex-align-self-stretch\" style=\"--awb-bg-size:cover;--awb-width-large:25%;--awb-margin-top-large:0px;--awb-spacing-right-large:7.68%;--awb-margin-bottom-large:20px;--awb-spacing-left-large:7.68%;--awb-width-medium:25%;--awb-order-medium:0;--awb-spacing-right-medium:7.68%;--awb-spacing-left-medium:7.68%;--awb-width-small:100%;--awb-order-small:0;--awb-spacing-right-small:1.92%;--awb-spacing-left-small:1.92%;\" data-scroll-devices=\"small-visibility,medium-visibility,large-visibility\"><div class=\"fusion-column-wrapper fusion-column-has-shadow fusion-flex-justify-content-flex-start fusion-content-layout-column\"><div class=\"fusion-person person fusion-person-center fusion-person-2 fusion-person-icon-bottom\" style=\"--awb-pic-style-color:var(--awb-color6);--awb-pic-borderradius:10px;--awb-margin-top:5px;--awb-margin-right:5px;--awb-margin-bottom:5px;--awb-margin-left:5px;--awb-social-box-border-top:0px;--awb-social-box-border-right:0px;--awb-social-box-border-bottom:0px;--awb-social-box-border-left:0px;--awb-social-box-border-color:var(--awb-color3);--awb-social-box-border-color-hover:var(--awb-color4);--awb-social-box-colors-hover:var(--awb-color1);--awb-social-icon-boxed-colors:var(--awb-color2);--awb-social-icon-colors:var(--awb-color6);--awb-social-icon-colors-hover:var(--awb-color4);\"><div class=\"person-shortcode-image-wrapper\"><div class=\"person-image-container hover-type-none person-rounded-overflow\" style=\"-webkit-border-radius:10px;-moz-border-radius:10px;border-radius:10px;border:0px solid var(--awb-color3);-webkit-border-radius:10px;-moz-border-radius:10px;border-radius:10px;\"><img decoding=\"async\" class=\"person-img img-responsive wp-image-538\" width=\"958\" height=\"958\" src=\"https:\/\/dcb.cl\/neueweb\/wp-content\/uploads\/2024\/07\/DCB_Hartmut-Claussen.jpg\" alt=\"Hartmut Claussen\" srcset=\"https:\/\/dcb.cl\/neueweb\/wp-content\/uploads\/2024\/07\/DCB_Hartmut-Claussen-200x200.jpg 200w, https:\/\/dcb.cl\/neueweb\/wp-content\/uploads\/2024\/07\/DCB_Hartmut-Claussen-400x400.jpg 400w, https:\/\/dcb.cl\/neueweb\/wp-content\/uploads\/2024\/07\/DCB_Hartmut-Claussen-600x600.jpg 600w, https:\/\/dcb.cl\/neueweb\/wp-content\/uploads\/2024\/07\/DCB_Hartmut-Claussen-800x800.jpg 800w, https:\/\/dcb.cl\/neueweb\/wp-content\/uploads\/2024\/07\/DCB_Hartmut-Claussen.jpg 958w\" sizes=\"(max-width: 640px) 100vw, 400px\" \/><\/div><\/div><div class=\"person-desc\" style=\"background-color:var(--awb-color2);padding:40px;margin-top:0;\"><div class=\"person-author\"><div class=\"person-author-wrapper\"><span class=\"person-name\">Hartmut Claussen<\/span><span class=\"person-title\">Gesch\u00e4ftsf\u00fchrender Direktor DCB<\/span><\/div><\/div><div class=\"person-content fusion-clearfix\">Bauingenieur Minas Universidad de Santiago de Chile.<\/div><\/div><\/div><\/div><\/div><div class=\"fusion-layout-column fusion_builder_column fusion-builder-column-6 fusion_builder_column_1_4 1_4 fusion-flex-column fusion-flex-align-self-stretch\" style=\"--awb-bg-size:cover;--awb-width-large:25%;--awb-margin-top-large:0px;--awb-spacing-right-large:7.68%;--awb-margin-bottom-large:20px;--awb-spacing-left-large:7.68%;--awb-width-medium:25%;--awb-order-medium:0;--awb-spacing-right-medium:7.68%;--awb-spacing-left-medium:7.68%;--awb-width-small:100%;--awb-order-small:0;--awb-spacing-right-small:1.92%;--awb-spacing-left-small:1.92%;\" data-scroll-devices=\"small-visibility,medium-visibility,large-visibility\"><div class=\"fusion-column-wrapper fusion-column-has-shadow fusion-flex-justify-content-flex-start fusion-content-layout-column\"><div class=\"fusion-person person fusion-person-center fusion-person-3 fusion-person-icon-bottom\" style=\"--awb-pic-style-color:var(--awb-color6);--awb-pic-borderradius:10px;--awb-margin-top:5px;--awb-margin-right:5px;--awb-margin-bottom:5px;--awb-margin-left:5px;--awb-social-box-border-top:0px;--awb-social-box-border-right:0px;--awb-social-box-border-bottom:0px;--awb-social-box-border-left:0px;--awb-social-box-border-color:var(--awb-color3);--awb-social-box-border-color-hover:var(--awb-color4);--awb-social-box-colors-hover:var(--awb-color1);--awb-social-icon-boxed-colors:var(--awb-color2);--awb-social-icon-colors:var(--awb-color6);--awb-social-icon-colors-hover:var(--awb-color4);\"><div class=\"person-shortcode-image-wrapper\"><div class=\"person-image-container hover-type-none person-rounded-overflow\" style=\"-webkit-border-radius:10px;-moz-border-radius:10px;border-radius:10px;border:0px solid var(--awb-color3);-webkit-border-radius:10px;-moz-border-radius:10px;border-radius:10px;\"><img decoding=\"async\" class=\"person-img img-responsive wp-image-537\" width=\"958\" height=\"958\" src=\"https:\/\/dcb.cl\/neueweb\/wp-content\/uploads\/2024\/07\/DCB_Guillermo-Strodthoff.jpg\" alt=\"Guillermo Strodthoff\" srcset=\"https:\/\/dcb.cl\/neueweb\/wp-content\/uploads\/2024\/07\/DCB_Guillermo-Strodthoff-200x200.jpg 200w, https:\/\/dcb.cl\/neueweb\/wp-content\/uploads\/2024\/07\/DCB_Guillermo-Strodthoff-400x400.jpg 400w, https:\/\/dcb.cl\/neueweb\/wp-content\/uploads\/2024\/07\/DCB_Guillermo-Strodthoff-600x600.jpg 600w, https:\/\/dcb.cl\/neueweb\/wp-content\/uploads\/2024\/07\/DCB_Guillermo-Strodthoff-800x800.jpg 800w, https:\/\/dcb.cl\/neueweb\/wp-content\/uploads\/2024\/07\/DCB_Guillermo-Strodthoff.jpg 958w\" sizes=\"(max-width: 640px) 100vw, 400px\" \/><\/div><\/div><div class=\"person-desc\" style=\"background-color:var(--awb-color2);padding:40px;margin-top:0;\"><div class=\"person-author\"><div class=\"person-author-wrapper\"><span class=\"person-name\">Guillermo Strodthoff<\/span><span class=\"person-title\">Direktor | DCB-Vertretung<\/span><\/div><\/div><div class=\"person-content fusion-clearfix\">Chemischer Bauingenieur Universidad T\u00e9cnica Federico Santa Mar\u00eda.<\/div><\/div><\/div><\/div><\/div><div class=\"fusion-layout-column fusion_builder_column fusion-builder-column-7 fusion_builder_column_1_4 1_4 fusion-flex-column fusion-flex-align-self-stretch\" style=\"--awb-bg-size:cover;--awb-width-large:25%;--awb-margin-top-large:0px;--awb-spacing-right-large:7.68%;--awb-margin-bottom-large:20px;--awb-spacing-left-large:7.68%;--awb-width-medium:25%;--awb-order-medium:0;--awb-spacing-right-medium:7.68%;--awb-spacing-left-medium:7.68%;--awb-width-small:100%;--awb-order-small:0;--awb-spacing-right-small:1.92%;--awb-spacing-left-small:1.92%;\" data-scroll-devices=\"small-visibility,medium-visibility,large-visibility\"><div class=\"fusion-column-wrapper fusion-column-has-shadow fusion-flex-justify-content-flex-start fusion-content-layout-column\"><div class=\"fusion-person person fusion-person-center fusion-person-4 fusion-person-icon-bottom\" style=\"--awb-pic-style-color:var(--awb-color6);--awb-pic-borderradius:10px;--awb-margin-top:5px;--awb-margin-right:5px;--awb-margin-bottom:5px;--awb-margin-left:5px;--awb-social-box-border-top:0px;--awb-social-box-border-right:0px;--awb-social-box-border-bottom:0px;--awb-social-box-border-left:0px;--awb-social-box-border-color:var(--awb-color3);--awb-social-box-border-color-hover:var(--awb-color4);--awb-social-box-colors-hover:var(--awb-color1);--awb-social-icon-boxed-colors:var(--awb-color2);--awb-social-icon-colors:var(--awb-color6);--awb-social-icon-colors-hover:var(--awb-color4);\"><div class=\"person-shortcode-image-wrapper\"><div class=\"person-image-container hover-type-none person-rounded-overflow\" style=\"-webkit-border-radius:10px;-moz-border-radius:10px;border-radius:10px;border:0px solid var(--awb-color3);-webkit-border-radius:10px;-moz-border-radius:10px;border-radius:10px;\"><img decoding=\"async\" class=\"person-img img-responsive wp-image-542\" width=\"958\" height=\"958\" src=\"https:\/\/dcb.cl\/neueweb\/wp-content\/uploads\/2024\/07\/DCB_Ricardo-Binder.jpg\" alt=\"Ricardo Binder\" srcset=\"https:\/\/dcb.cl\/neueweb\/wp-content\/uploads\/2024\/07\/DCB_Ricardo-Binder-200x200.jpg 200w, https:\/\/dcb.cl\/neueweb\/wp-content\/uploads\/2024\/07\/DCB_Ricardo-Binder-400x400.jpg 400w, https:\/\/dcb.cl\/neueweb\/wp-content\/uploads\/2024\/07\/DCB_Ricardo-Binder-600x600.jpg 600w, https:\/\/dcb.cl\/neueweb\/wp-content\/uploads\/2024\/07\/DCB_Ricardo-Binder-800x800.jpg 800w, https:\/\/dcb.cl\/neueweb\/wp-content\/uploads\/2024\/07\/DCB_Ricardo-Binder.jpg 958w\" sizes=\"(max-width: 640px) 100vw, 400px\" \/><\/div><\/div><div class=\"person-desc\" style=\"background-color:var(--awb-color2);padding:40px;margin-top:0;\"><div class=\"person-author\"><div class=\"person-author-wrapper\"><span class=\"person-name\">Ricardo Binder<\/span><span class=\"person-title\">Direktor | DCB-Vertretung<\/span><\/div><\/div><div class=\"person-content fusion-clearfix\">Bauingenieur Universidad de Santiago de Chile.<\/div><\/div><\/div><\/div><\/div><div class=\"fusion-layout-column fusion_builder_column fusion-builder-column-8 fusion_builder_column_1_4 1_4 fusion-flex-column fusion-flex-align-self-stretch\" style=\"--awb-bg-size:cover;--awb-width-large:25%;--awb-margin-top-large:0px;--awb-spacing-right-large:7.68%;--awb-margin-bottom-large:20px;--awb-spacing-left-large:7.68%;--awb-width-medium:25%;--awb-order-medium:0;--awb-spacing-right-medium:7.68%;--awb-spacing-left-medium:7.68%;--awb-width-small:100%;--awb-order-small:0;--awb-spacing-right-small:1.92%;--awb-spacing-left-small:1.92%;\" data-scroll-devices=\"small-visibility,medium-visibility,large-visibility\"><div class=\"fusion-column-wrapper fusion-column-has-shadow fusion-flex-justify-content-flex-start fusion-content-layout-column\"><div class=\"fusion-person person fusion-person-center fusion-person-5 fusion-person-icon-bottom\" style=\"--awb-pic-style-color:var(--awb-color6);--awb-pic-borderradius:10px;--awb-margin-top:5px;--awb-margin-right:5px;--awb-margin-bottom:5px;--awb-margin-left:5px;--awb-social-box-border-top:0px;--awb-social-box-border-right:0px;--awb-social-box-border-bottom:0px;--awb-social-box-border-left:0px;--awb-social-box-border-color:var(--awb-color3);--awb-social-box-border-color-hover:var(--awb-color4);--awb-social-box-colors-hover:var(--awb-color1);--awb-social-icon-boxed-colors:var(--awb-color2);--awb-social-icon-colors:var(--awb-color6);--awb-social-icon-colors-hover:var(--awb-color4);\"><div class=\"person-shortcode-image-wrapper\"><div class=\"person-image-container hover-type-none person-rounded-overflow\" style=\"-webkit-border-radius:10px;-moz-border-radius:10px;border-radius:10px;border:0px solid var(--awb-color3);-webkit-border-radius:10px;-moz-border-radius:10px;border-radius:10px;\"><img decoding=\"async\" class=\"person-img img-responsive wp-image-540\" width=\"958\" height=\"958\" src=\"https:\/\/dcb.cl\/neueweb\/wp-content\/uploads\/2024\/07\/DCB_Martina-Held.jpg\" alt=\"Martina Held\" srcset=\"https:\/\/dcb.cl\/neueweb\/wp-content\/uploads\/2024\/07\/DCB_Martina-Held-200x200.jpg 200w, https:\/\/dcb.cl\/neueweb\/wp-content\/uploads\/2024\/07\/DCB_Martina-Held-400x400.jpg 400w, https:\/\/dcb.cl\/neueweb\/wp-content\/uploads\/2024\/07\/DCB_Martina-Held-600x600.jpg 600w, https:\/\/dcb.cl\/neueweb\/wp-content\/uploads\/2024\/07\/DCB_Martina-Held-800x800.jpg 800w, https:\/\/dcb.cl\/neueweb\/wp-content\/uploads\/2024\/07\/DCB_Martina-Held.jpg 958w\" sizes=\"(max-width: 640px) 100vw, 400px\" \/><\/div><\/div><div class=\"person-desc\" style=\"background-color:var(--awb-color2);padding:40px;margin-top:0;\"><div class=\"person-author\"><div class=\"person-author-wrapper\"><span class=\"person-name\">Martina Held<\/span><span class=\"person-title\">Direktor | Held Familienbeauftragte<\/span><\/div><\/div><div class=\"person-content fusion-clearfix\">Agraringenieur Universidad Austral de Chile.<\/div><\/div><\/div><\/div><\/div><div class=\"fusion-layout-column fusion_builder_column fusion-builder-column-9 fusion_builder_column_1_4 1_4 fusion-flex-column fusion-flex-align-self-stretch\" style=\"--awb-bg-size:cover;--awb-width-large:25%;--awb-margin-top-large:0px;--awb-spacing-right-large:7.68%;--awb-margin-bottom-large:20px;--awb-spacing-left-large:7.68%;--awb-width-medium:25%;--awb-order-medium:0;--awb-spacing-right-medium:7.68%;--awb-spacing-left-medium:7.68%;--awb-width-small:100%;--awb-order-small:0;--awb-spacing-right-small:1.92%;--awb-spacing-left-small:1.92%;\" data-scroll-devices=\"small-visibility,medium-visibility,large-visibility\"><div class=\"fusion-column-wrapper fusion-column-has-shadow fusion-flex-justify-content-flex-start fusion-content-layout-column\"><div class=\"fusion-person person fusion-person-center fusion-person-6 fusion-person-icon-bottom\" style=\"--awb-pic-style-color:var(--awb-color6);--awb-pic-borderradius:10px;--awb-margin-top:5px;--awb-margin-right:5px;--awb-margin-bottom:5px;--awb-margin-left:5px;--awb-social-box-border-top:0px;--awb-social-box-border-right:0px;--awb-social-box-border-bottom:0px;--awb-social-box-border-left:0px;--awb-social-box-border-color:var(--awb-color3);--awb-social-box-border-color-hover:var(--awb-color4);--awb-social-box-colors-hover:var(--awb-color1);--awb-social-icon-boxed-colors:var(--awb-color2);--awb-social-icon-colors:var(--awb-color6);--awb-social-icon-colors-hover:var(--awb-color4);\"><div class=\"person-shortcode-image-wrapper\"><div class=\"person-image-container hover-type-none person-rounded-overflow\" style=\"-webkit-border-radius:10px;-moz-border-radius:10px;border-radius:10px;border:0px solid var(--awb-color3);-webkit-border-radius:10px;-moz-border-radius:10px;border-radius:10px;\"><img decoding=\"async\" class=\"person-img img-responsive wp-image-544\" width=\"958\" height=\"958\" src=\"https:\/\/dcb.cl\/neueweb\/wp-content\/uploads\/2024\/07\/DCB_Dusan-Vilicic-Held.jpg\" alt=\"Dusan Vilicic Held\" srcset=\"https:\/\/dcb.cl\/neueweb\/wp-content\/uploads\/2024\/07\/DCB_Dusan-Vilicic-Held-200x200.jpg 200w, https:\/\/dcb.cl\/neueweb\/wp-content\/uploads\/2024\/07\/DCB_Dusan-Vilicic-Held-400x400.jpg 400w, https:\/\/dcb.cl\/neueweb\/wp-content\/uploads\/2024\/07\/DCB_Dusan-Vilicic-Held-600x600.jpg 600w, https:\/\/dcb.cl\/neueweb\/wp-content\/uploads\/2024\/07\/DCB_Dusan-Vilicic-Held-800x800.jpg 800w, https:\/\/dcb.cl\/neueweb\/wp-content\/uploads\/2024\/07\/DCB_Dusan-Vilicic-Held.jpg 958w\" sizes=\"(max-width: 640px) 100vw, 400px\" \/><\/div><\/div><div class=\"person-desc\" style=\"background-color:var(--awb-color2);padding:40px;margin-top:0;\"><div class=\"person-author\"><div class=\"person-author-wrapper\"><span class=\"person-name\">Dusan Vilicic Held<\/span><span class=\"person-title\">Direktor | Held Familienbeauftragter<\/span><\/div><\/div><div class=\"person-content fusion-clearfix\">Informatik-Ingenieur Universidad T\u00e9cnica Federico Santa Mar\u00eda.<\/div><\/div><\/div><\/div><\/div><div class=\"fusion-layout-column fusion_builder_column fusion-builder-column-10 fusion_builder_column_1_4 1_4 fusion-flex-column fusion-flex-align-self-stretch\" style=\"--awb-bg-size:cover;--awb-width-large:25%;--awb-margin-top-large:0px;--awb-spacing-right-large:7.68%;--awb-margin-bottom-large:20px;--awb-spacing-left-large:7.68%;--awb-width-medium:25%;--awb-order-medium:0;--awb-spacing-right-medium:7.68%;--awb-spacing-left-medium:7.68%;--awb-width-small:100%;--awb-order-small:0;--awb-spacing-right-small:1.92%;--awb-spacing-left-small:1.92%;\" data-scroll-devices=\"small-visibility,medium-visibility,large-visibility\"><div class=\"fusion-column-wrapper fusion-column-has-shadow fusion-flex-justify-content-flex-start fusion-content-layout-column\"><div class=\"fusion-person person fusion-person-center fusion-person-7 fusion-person-icon-bottom\" style=\"--awb-pic-style-color:var(--awb-color6);--awb-pic-borderradius:10px;--awb-margin-top:5px;--awb-margin-right:5px;--awb-margin-bottom:5px;--awb-margin-left:5px;--awb-social-box-border-top:0px;--awb-social-box-border-right:0px;--awb-social-box-border-bottom:0px;--awb-social-box-border-left:0px;--awb-social-box-border-color:var(--awb-color3);--awb-social-box-border-color-hover:var(--awb-color4);--awb-social-box-colors-hover:var(--awb-color1);--awb-social-icon-boxed-colors:var(--awb-color2);--awb-social-icon-colors:var(--awb-color6);--awb-social-icon-colors-hover:var(--awb-color4);\"><div class=\"person-shortcode-image-wrapper\"><div class=\"person-image-container hover-type-none person-rounded-overflow\" style=\"-webkit-border-radius:10px;-moz-border-radius:10px;border-radius:10px;border:0px solid var(--awb-color3);-webkit-border-radius:10px;-moz-border-radius:10px;border-radius:10px;\"><img decoding=\"async\" class=\"person-img img-responsive wp-image-541\" width=\"958\" height=\"958\" src=\"https:\/\/dcb.cl\/neueweb\/wp-content\/uploads\/2024\/07\/DCB_Michael-Wagner.jpg\" alt=\"Christian Fingerhuth\" srcset=\"https:\/\/dcb.cl\/neueweb\/wp-content\/uploads\/2024\/07\/DCB_Michael-Wagner-200x200.jpg 200w, https:\/\/dcb.cl\/neueweb\/wp-content\/uploads\/2024\/07\/DCB_Michael-Wagner-400x400.jpg 400w, https:\/\/dcb.cl\/neueweb\/wp-content\/uploads\/2024\/07\/DCB_Michael-Wagner-600x600.jpg 600w, https:\/\/dcb.cl\/neueweb\/wp-content\/uploads\/2024\/07\/DCB_Michael-Wagner-800x800.jpg 800w, https:\/\/dcb.cl\/neueweb\/wp-content\/uploads\/2024\/07\/DCB_Michael-Wagner.jpg 958w\" sizes=\"(max-width: 640px) 100vw, 400px\" \/><\/div><\/div><div class=\"person-desc\" style=\"background-color:var(--awb-color2);padding:40px;margin-top:0;\"><div class=\"person-author\"><div class=\"person-author-wrapper\"><span class=\"person-name\">Christian Fingerhuth<\/span><span class=\"person-title\">Direktor | Vertreter DCB<\/span><\/div><\/div><div class=\"person-content fusion-clearfix\"><\/div><\/div><\/div><\/div><\/div><div class=\"fusion-layout-column fusion_builder_column fusion-builder-column-11 fusion_builder_column_1_4 1_4 fusion-flex-column fusion-flex-align-self-stretch\" style=\"--awb-bg-size:cover;--awb-width-large:25%;--awb-margin-top-large:0px;--awb-spacing-right-large:7.68%;--awb-margin-bottom-large:20px;--awb-spacing-left-large:7.68%;--awb-width-medium:25%;--awb-order-medium:0;--awb-spacing-right-medium:7.68%;--awb-spacing-left-medium:7.68%;--awb-width-small:100%;--awb-order-small:0;--awb-spacing-right-small:1.92%;--awb-spacing-left-small:1.92%;\" data-scroll-devices=\"small-visibility,medium-visibility,large-visibility\"><div class=\"fusion-column-wrapper fusion-column-has-shadow fusion-flex-justify-content-flex-start fusion-content-layout-column\"><div class=\"fusion-person person fusion-person-center fusion-person-8 fusion-person-icon-bottom\" style=\"--awb-pic-style-color:var(--awb-color6);--awb-pic-borderradius:10px;--awb-margin-top:5px;--awb-margin-right:5px;--awb-margin-bottom:5px;--awb-margin-left:5px;--awb-social-box-border-top:0px;--awb-social-box-border-right:0px;--awb-social-box-border-bottom:0px;--awb-social-box-border-left:0px;--awb-social-box-border-color:var(--awb-color3);--awb-social-box-border-color-hover:var(--awb-color4);--awb-social-box-colors-hover:var(--awb-color1);--awb-social-icon-boxed-colors:var(--awb-color2);--awb-social-icon-colors:var(--awb-color6);--awb-social-icon-colors-hover:var(--awb-color4);\"><div class=\"person-shortcode-image-wrapper\"><div class=\"person-image-container hover-type-none person-rounded-overflow\" style=\"-webkit-border-radius:10px;-moz-border-radius:10px;border-radius:10px;border:0px solid var(--awb-color3);-webkit-border-radius:10px;-moz-border-radius:10px;border-radius:10px;\"><img decoding=\"async\" class=\"person-img img-responsive wp-image-543\" width=\"958\" height=\"958\" src=\"https:\/\/dcb.cl\/neueweb\/wp-content\/uploads\/2024\/07\/DCB_Daniela-Casanova.jpg\" alt=\"Daniela Casanova\" srcset=\"https:\/\/dcb.cl\/neueweb\/wp-content\/uploads\/2024\/07\/DCB_Daniela-Casanova-200x200.jpg 200w, https:\/\/dcb.cl\/neueweb\/wp-content\/uploads\/2024\/07\/DCB_Daniela-Casanova-400x400.jpg 400w, https:\/\/dcb.cl\/neueweb\/wp-content\/uploads\/2024\/07\/DCB_Daniela-Casanova-600x600.jpg 600w, https:\/\/dcb.cl\/neueweb\/wp-content\/uploads\/2024\/07\/DCB_Daniela-Casanova-800x800.jpg 800w, https:\/\/dcb.cl\/neueweb\/wp-content\/uploads\/2024\/07\/DCB_Daniela-Casanova.jpg 958w\" sizes=\"(max-width: 640px) 100vw, 400px\" \/><\/div><\/div><div class=\"person-desc\" style=\"background-color:var(--awb-color2);padding:40px;margin-top:0;\"><div class=\"person-author\"><div class=\"person-author-wrapper\"><span class=\"person-name\">Daniela Casanova<\/span><span class=\"person-title\">Leiterin des Archivs<\/span><\/div><\/div><div class=\"person-content fusion-clearfix\">Bibliothekar\/Dokumentalist Universidad Tecnol\u00f3gica Metropolitana.<\/div><\/div><\/div><\/div><\/div><\/div><\/div><div class=\"fusion-fullwidth fullwidth-box fusion-builder-row-5 fusion-flex-container has-pattern-background has-mask-background nonhundred-percent-fullwidth non-hundred-percent-height-scrolling\" style=\"--awb-border-radius-top-left:0px;--awb-border-radius-top-right:0px;--awb-border-radius-bottom-right:0px;--awb-border-radius-bottom-left:0px;--awb-margin-bottom:50px;--awb-flex-wrap:wrap;\" ><div class=\"fusion-builder-row fusion-row fusion-flex-align-items-flex-start fusion-flex-content-wrap\" style=\"max-width:1248px;margin-left: calc(-4% \/ 2 );margin-right: calc(-4% \/ 2 );\"><div class=\"fusion-layout-column fusion_builder_column fusion-builder-column-12 fusion_builder_column_1_1 1_1 fusion-flex-column\" style=\"--awb-bg-size:cover;--awb-width-large:100%;--awb-margin-top-large:0px;--awb-spacing-right-large:1.92%;--awb-margin-bottom-large:20px;--awb-spacing-left-large:1.92%;--awb-width-medium:100%;--awb-order-medium:0;--awb-spacing-right-medium:1.92%;--awb-spacing-left-medium:1.92%;--awb-width-small:100%;--awb-order-small:0;--awb-spacing-right-small:1.92%;--awb-spacing-left-small:1.92%;\"><div class=\"fusion-column-wrapper fusion-column-has-shadow fusion-flex-justify-content-flex-start fusion-content-layout-column\"><div class=\"fusion-title title fusion-title-4 sep-underline sep-solid fusion-title-text fusion-title-size-two\" style=\"--awb-text-color:var(--awb-custom_color_9);--awb-margin-top-small:10px;--awb-margin-right-small:0px;--awb-margin-bottom-small:10px;--awb-margin-left-small:0px;--awb-sep-color:var(--awb-custom_color_12);\"><h2 class=\"fusion-title-heading title-heading-left\" style=\"margin:0;\">Sammlungen<\/h2><\/div><div class=\"fusion-text fusion-text-4\"><p>Die Sammlung besteht aus:<\/p>\n<ul>\n<li>Bibliographie.<\/li>\n<li>Zeitungsbibliothek.<\/li>\n<li>Schwarzenberg Genealogie-Fonds.<\/li>\n<li>Fotografische Sammlung.<\/li>\n<li>Dokumentarische Sammlungen: Fonck, Philippi, Anwandter, Mart\u00edn, Held, u.a.<\/li>\n<li>Karten und Pl\u00e4ne, Grafiken, Museumsobjekte, Urkunden, Briefe, Tageb\u00fccher.<\/li>\n<\/ul>\n<\/div><\/div><\/div><\/div><\/div><\/p>\n","protected":false},"excerpt":{"rendered":"","protected":false},"author":1,"featured_media":0,"parent":6935,"menu_order":0,"comment_status":"closed","ping_status":"closed","template":"100-width.php","meta":{"footnotes":""},"class_list":["post-6924","page","type-page","status-publish","hentry"],"yoast_head":"<!-- This site is optimized with the Yoast SEO plugin v27.3 - https:\/\/yoast.com\/product\/yoast-seo-wordpress\/ -->\n<title>\u00dcber das Archiv - Deutsch - Chilenischer Bund<\/title>\n<meta name=\"robots\" content=\"index, follow, max-snippet:-1, max-image-preview:large, max-video-preview:-1\" \/>\n<link rel=\"canonical\" href=\"https:\/\/dcb.cl\/de\/bibliothek-und-archiv\/ueber-das-archiv\/\" \/>\n<meta property=\"og:locale\" content=\"de_DE\" \/>\n<meta property=\"og:type\" content=\"article\" \/>\n<meta property=\"og:title\" content=\"\u00dcber das Archiv - Deutsch - Chilenischer Bund\" \/>\n<meta property=\"og:url\" content=\"https:\/\/dcb.cl\/de\/bibliothek-und-archiv\/ueber-das-archiv\/\" \/>\n<meta property=\"og:site_name\" content=\"Deutsch - Chilenischer Bund\" \/>\n<meta property=\"article:modified_time\" content=\"2026-01-17T00:32:08+00:00\" \/>\n<meta name=\"twitter:card\" content=\"summary_large_image\" \/>\n<meta name=\"twitter:label1\" content=\"Est. reading time\" \/>\n\t<meta name=\"twitter:data1\" content=\"4 minutes\" \/>\n<script type=\"application\/ld+json\" class=\"yoast-schema-graph\">{\"@context\":\"https:\\\/\\\/schema.org\",\"@graph\":[{\"@type\":\"WebPage\",\"@id\":\"https:\\\/\\\/dcb.cl\\\/de\\\/bibliothek-und-archiv\\\/ueber-das-archiv\\\/\",\"url\":\"https:\\\/\\\/dcb.cl\\\/de\\\/bibliothek-und-archiv\\\/ueber-das-archiv\\\/\",\"name\":\"\u00dcber das Archiv - Deutsch - Chilenischer Bund\",\"isPartOf\":{\"@id\":\"https:\\\/\\\/dcb.cl\\\/de\\\/#website\"},\"datePublished\":\"2024-07-19T01:18:17+00:00\",\"dateModified\":\"2026-01-17T00:32:08+00:00\",\"breadcrumb\":{\"@id\":\"https:\\\/\\\/dcb.cl\\\/de\\\/bibliothek-und-archiv\\\/ueber-das-archiv\\\/#breadcrumb\"},\"inLanguage\":\"de-DE\",\"potentialAction\":[{\"@type\":\"ReadAction\",\"target\":[\"https:\\\/\\\/dcb.cl\\\/de\\\/bibliothek-und-archiv\\\/ueber-das-archiv\\\/\"]}]},{\"@type\":\"BreadcrumbList\",\"@id\":\"https:\\\/\\\/dcb.cl\\\/de\\\/bibliothek-und-archiv\\\/ueber-das-archiv\\\/#breadcrumb\",\"itemListElement\":[{\"@type\":\"ListItem\",\"position\":1,\"name\":\"Portada\",\"item\":\"https:\\\/\\\/dcb.cl\\\/de\\\/home\\\/\"},{\"@type\":\"ListItem\",\"position\":2,\"name\":\"Bibliothek und Archiv\",\"item\":\"https:\\\/\\\/dcb.cl\\\/de\\\/bibliothek-und-archiv\\\/\"},{\"@type\":\"ListItem\",\"position\":3,\"name\":\"\u00dcber das Archiv\"}]},{\"@type\":\"WebSite\",\"@id\":\"https:\\\/\\\/dcb.cl\\\/de\\\/#website\",\"url\":\"https:\\\/\\\/dcb.cl\\\/de\\\/\",\"name\":\"Deutsch - Chilenischer Bund\",\"description\":\"\",\"publisher\":{\"@id\":\"https:\\\/\\\/dcb.cl\\\/de\\\/#organization\"},\"potentialAction\":[{\"@type\":\"SearchAction\",\"target\":{\"@type\":\"EntryPoint\",\"urlTemplate\":\"https:\\\/\\\/dcb.cl\\\/de\\\/?s={search_term_string}\"},\"query-input\":{\"@type\":\"PropertyValueSpecification\",\"valueRequired\":true,\"valueName\":\"search_term_string\"}}],\"inLanguage\":\"de-DE\"},{\"@type\":\"Organization\",\"@id\":\"https:\\\/\\\/dcb.cl\\\/de\\\/#organization\",\"name\":\"Deutsch - Chilenischer Bund\",\"url\":\"https:\\\/\\\/dcb.cl\\\/de\\\/\",\"logo\":{\"@type\":\"ImageObject\",\"inLanguage\":\"de-DE\",\"@id\":\"https:\\\/\\\/dcb.cl\\\/de\\\/#\\\/schema\\\/logo\\\/image\\\/\",\"url\":\"https:\\\/\\\/dcb.cl\\\/neueweb\\\/wp-content\\\/uploads\\\/2024\\\/02\\\/logo-DCB.svg\",\"contentUrl\":\"https:\\\/\\\/dcb.cl\\\/neueweb\\\/wp-content\\\/uploads\\\/2024\\\/02\\\/logo-DCB.svg\",\"width\":200,\"height\":100,\"caption\":\"Deutsch - Chilenischer Bund\"},\"image\":{\"@id\":\"https:\\\/\\\/dcb.cl\\\/de\\\/#\\\/schema\\\/logo\\\/image\\\/\"}}]}<\/script>\n<!-- \/ Yoast SEO plugin. -->","yoast_head_json":{"title":"\u00dcber das Archiv - Deutsch - Chilenischer Bund","robots":{"index":"index","follow":"follow","max-snippet":"max-snippet:-1","max-image-preview":"max-image-preview:large","max-video-preview":"max-video-preview:-1"},"canonical":"https:\/\/dcb.cl\/de\/bibliothek-und-archiv\/ueber-das-archiv\/","og_locale":"de_DE","og_type":"article","og_title":"\u00dcber das Archiv - Deutsch - Chilenischer Bund","og_url":"https:\/\/dcb.cl\/de\/bibliothek-und-archiv\/ueber-das-archiv\/","og_site_name":"Deutsch - Chilenischer Bund","article_modified_time":"2026-01-17T00:32:08+00:00","twitter_card":"summary_large_image","twitter_misc":{"Est. reading time":"4 minutes"},"schema":{"@context":"https:\/\/schema.org","@graph":[{"@type":"WebPage","@id":"https:\/\/dcb.cl\/de\/bibliothek-und-archiv\/ueber-das-archiv\/","url":"https:\/\/dcb.cl\/de\/bibliothek-und-archiv\/ueber-das-archiv\/","name":"\u00dcber das Archiv - Deutsch - Chilenischer Bund","isPartOf":{"@id":"https:\/\/dcb.cl\/de\/#website"},"datePublished":"2024-07-19T01:18:17+00:00","dateModified":"2026-01-17T00:32:08+00:00","breadcrumb":{"@id":"https:\/\/dcb.cl\/de\/bibliothek-und-archiv\/ueber-das-archiv\/#breadcrumb"},"inLanguage":"de-DE","potentialAction":[{"@type":"ReadAction","target":["https:\/\/dcb.cl\/de\/bibliothek-und-archiv\/ueber-das-archiv\/"]}]},{"@type":"BreadcrumbList","@id":"https:\/\/dcb.cl\/de\/bibliothek-und-archiv\/ueber-das-archiv\/#breadcrumb","itemListElement":[{"@type":"ListItem","position":1,"name":"Portada","item":"https:\/\/dcb.cl\/de\/home\/"},{"@type":"ListItem","position":2,"name":"Bibliothek und Archiv","item":"https:\/\/dcb.cl\/de\/bibliothek-und-archiv\/"},{"@type":"ListItem","position":3,"name":"\u00dcber das Archiv"}]},{"@type":"WebSite","@id":"https:\/\/dcb.cl\/de\/#website","url":"https:\/\/dcb.cl\/de\/","name":"Deutsch - Chilenischer Bund","description":"","publisher":{"@id":"https:\/\/dcb.cl\/de\/#organization"},"potentialAction":[{"@type":"SearchAction","target":{"@type":"EntryPoint","urlTemplate":"https:\/\/dcb.cl\/de\/?s={search_term_string}"},"query-input":{"@type":"PropertyValueSpecification","valueRequired":true,"valueName":"search_term_string"}}],"inLanguage":"de-DE"},{"@type":"Organization","@id":"https:\/\/dcb.cl\/de\/#organization","name":"Deutsch - Chilenischer Bund","url":"https:\/\/dcb.cl\/de\/","logo":{"@type":"ImageObject","inLanguage":"de-DE","@id":"https:\/\/dcb.cl\/de\/#\/schema\/logo\/image\/","url":"https:\/\/dcb.cl\/neueweb\/wp-content\/uploads\/2024\/02\/logo-DCB.svg","contentUrl":"https:\/\/dcb.cl\/neueweb\/wp-content\/uploads\/2024\/02\/logo-DCB.svg","width":200,"height":100,"caption":"Deutsch - Chilenischer Bund"},"image":{"@id":"https:\/\/dcb.cl\/de\/#\/schema\/logo\/image\/"}}]}},"_links":{"self":[{"href":"https:\/\/dcb.cl\/de\/wp-json\/wp\/v2\/pages\/6924","targetHints":{"allow":["GET"]}}],"collection":[{"href":"https:\/\/dcb.cl\/de\/wp-json\/wp\/v2\/pages"}],"about":[{"href":"https:\/\/dcb.cl\/de\/wp-json\/wp\/v2\/types\/page"}],"author":[{"embeddable":true,"href":"https:\/\/dcb.cl\/de\/wp-json\/wp\/v2\/users\/1"}],"replies":[{"embeddable":true,"href":"https:\/\/dcb.cl\/de\/wp-json\/wp\/v2\/comments?post=6924"}],"version-history":[{"count":10,"href":"https:\/\/dcb.cl\/de\/wp-json\/wp\/v2\/pages\/6924\/revisions"}],"predecessor-version":[{"id":8129,"href":"https:\/\/dcb.cl\/de\/wp-json\/wp\/v2\/pages\/6924\/revisions\/8129"}],"up":[{"embeddable":true,"href":"https:\/\/dcb.cl\/de\/wp-json\/wp\/v2\/pages\/6935"}],"wp:attachment":[{"href":"https:\/\/dcb.cl\/de\/wp-json\/wp\/v2\/media?parent=6924"}],"curies":[{"name":"wp","href":"https:\/\/api.w.org\/{rel}","templated":true}]}}