{"id":6929,"date":"2024-07-18T22:21:37","date_gmt":"2024-07-19T02:21:37","guid":{"rendered":"https:\/\/dcb.cl\/geschichte\/"},"modified":"2024-10-15T17:56:31","modified_gmt":"2024-10-15T20:56:31","slug":"geschichte","status":"publish","type":"page","link":"https:\/\/dcb.cl\/de\/bibliothek-und-archiv\/geschichte\/","title":{"rendered":"Geschichte"},"content":{"rendered":"<p><div class=\"fusion-fullwidth fullwidth-box fusion-builder-row-1 fusion-flex-container has-pattern-background has-mask-background fusion-parallax-none nonhundred-percent-fullwidth non-hundred-percent-height-scrolling\" style=\"--awb-border-radius-top-left:0px;--awb-border-radius-top-right:0px;--awb-border-radius-bottom-right:0px;--awb-border-radius-bottom-left:0px;--awb-margin-top:0px;--awb-margin-bottom:50px;--awb-min-height:350px;--awb-background-image:url(&quot;https:\/\/dcb.cl\/neueweb\/wp-content\/uploads\/2024\/07\/top-archivo02.jpg&quot;);--awb-background-size:cover;--awb-flex-wrap:wrap;\" ><div class=\"fusion-builder-row fusion-row fusion-flex-align-items-center fusion-flex-align-content-center fusion-flex-content-wrap\" style=\"max-width:1248px;margin-left: calc(-4% \/ 2 );margin-right: calc(-4% \/ 2 );\"><div class=\"fusion-layout-column fusion_builder_column fusion-builder-column-0 fusion_builder_column_1_1 1_1 fusion-flex-column\" style=\"--awb-bg-size:cover;--awb-width-large:100%;--awb-margin-top-large:0px;--awb-spacing-right-large:1.92%;--awb-margin-bottom-large:20px;--awb-spacing-left-large:1.92%;--awb-width-medium:100%;--awb-order-medium:0;--awb-spacing-right-medium:1.92%;--awb-spacing-left-medium:1.92%;--awb-width-small:100%;--awb-order-small:0;--awb-spacing-right-small:1.92%;--awb-spacing-left-small:1.92%;\"><div class=\"fusion-column-wrapper fusion-column-has-shadow fusion-flex-justify-content-flex-start fusion-content-layout-column\"><div class=\"fusion-image-element \" style=\"text-align:center;--awb-max-width:200px;--awb-caption-title-font-family:var(--h2_typography-font-family);--awb-caption-title-font-weight:var(--h2_typography-font-weight);--awb-caption-title-font-style:var(--h2_typography-font-style);--awb-caption-title-size:var(--h2_typography-font-size);--awb-caption-title-transform:var(--h2_typography-text-transform);--awb-caption-title-line-height:var(--h2_typography-line-height);--awb-caption-title-letter-spacing:var(--h2_typography-letter-spacing);\"><span class=\" fusion-imageframe imageframe-none imageframe-1 hover-type-none\"><img decoding=\"async\" width=\"388\" height=\"474\" title=\"logo_held-color\" src=\"https:\/\/dcb.cl\/neueweb\/wp-content\/uploads\/2024\/07\/logo_held-color.svg\" alt class=\"img-responsive wp-image-484\"\/><\/span><\/div><\/div><\/div><\/div><\/div><div class=\"fusion-fullwidth fullwidth-box fusion-builder-row-2 fusion-flex-container has-pattern-background has-mask-background nonhundred-percent-fullwidth non-hundred-percent-height-scrolling\" style=\"--awb-border-radius-top-left:0px;--awb-border-radius-top-right:0px;--awb-border-radius-bottom-right:0px;--awb-border-radius-bottom-left:0px;--awb-margin-bottom:50px;--awb-flex-wrap:wrap;\" ><div class=\"fusion-builder-row fusion-row fusion-flex-align-items-flex-start fusion-flex-content-wrap\" style=\"max-width:1248px;margin-left: calc(-4% \/ 2 );margin-right: calc(-4% \/ 2 );\"><div class=\"fusion-layout-column fusion_builder_column fusion-builder-column-1 fusion_builder_column_1_1 1_1 fusion-flex-column\" style=\"--awb-bg-size:cover;--awb-width-large:100%;--awb-margin-top-large:0px;--awb-spacing-right-large:1.92%;--awb-margin-bottom-large:20px;--awb-spacing-left-large:1.92%;--awb-width-medium:100%;--awb-order-medium:0;--awb-spacing-right-medium:1.92%;--awb-spacing-left-medium:1.92%;--awb-width-small:100%;--awb-order-small:0;--awb-spacing-right-small:1.92%;--awb-spacing-left-small:1.92%;\"><div class=\"fusion-column-wrapper fusion-column-has-shadow fusion-flex-justify-content-flex-start fusion-content-layout-column\"><div class=\"fusion-title title fusion-title-1 sep-underline sep-solid fusion-title-text fusion-title-size-one\" style=\"--awb-text-color:var(--awb-custom_color_9);--awb-margin-bottom:50px;--awb-margin-top-small:10px;--awb-margin-right-small:0px;--awb-margin-bottom-small:10px;--awb-margin-left-small:0px;--awb-sep-color:var(--awb-custom_color_12);\"><h1 class=\"fusion-title-heading title-heading-left\" style=\"margin:0;\">R\u00fcckblick auf die Bibliothek und Historisches Archiv Emilio Held Winkler<\/h1><\/div><div class=\"fusion-text fusion-text-1 awb-text-cols fusion-text-columns-2\" style=\"--awb-columns:2;--awb-column-spacing:2em;--awb-column-min-width:100px;\"><p>Die Bibliothek und das Historische Archiv Emilio Held Winkler sind private gemeinn\u00fctzige Institutionen, die 1985 durch die Spende der pers\u00f6nlichen Sammlung von Briefen, B\u00fcchern und historischen Dokumenten von Herrn Emilio Held Winkler gegr\u00fcndet wurden.<\/p>\n<p>Don Emilio Held Winkler, ein begeisterter Historiker und Forscher, widmete sich der Geschichte der deutschen Einwanderer in Chile. Er wurde am 17. Juli 1898 in &#8220;Los Bajos&#8221;, Puerto Octay, geboren und war der Gr\u00fcnder sowie erste B\u00fcrgermeister der Gemeinde Purranque in der Region Los Lagos.<\/p>\n<p>Am 25. August 1984 wurde der Vertrag unterzeichnet, der die Gr\u00fcndung der<strong> Bibliothek und des Historischen Archivs Emilio Held Winkler<\/strong> besiegelte. Die Vertragsunterzeichnung fand zwischen dem Club Deportivo Manquehue, dem Deutsch-Chilenischen Bund und Herrn Emilio Held Winkler statt. <br \/>Die Einweihung erfolgte am 30. November 1985, mit Carolina Schulz als erster Vorsitzenden.<\/p>\n<p>Das Archiv sammelt und bewahrt Informationen seit der Ankunft der ersten deutschen Einwanderer in Chile im Jahr 1845. Es dokumentiert historische und f\u00fcr das Land bedeutende Pers\u00f6nlichkeiten wie Rudolph Philippi, Wilhelm Frick, Karl Anwandter und viele andere prominente Figuren, die wesentliche Beitr\u00e4ge zur Entwicklung Chiles geleistet haben. Die bedeutende Dokumentensammlung des Archivs, die unter anderem aus Briefen, Karten, Fotografien und genealogischen Aufzeichnungen besteht, verdankt ihre Existenz den Spenden von Mitgliedern der deutsch-chilenischen Gemeinschaft.<\/p>\n<p>Das Ziel des Archivs ist es, das von der deutschen Gemeinschaft in Chile geschaffene Kulturerbe zu sichten, zu bewahren und zug\u00e4nglich zu machen. <\/p>\n<p>Wenn Sie mehr \u00fcber das Archiv und seinen Wert als Kulturerbe erfahren m\u00f6chten, laden wir Sie ein, uns unter archivoemilioheld@dcb.cl zu kontaktieren \u2013 Daniela Casanova, Beauftragte des Archivs.<\/p>\n<\/div><\/div><\/div><\/div><\/div><div class=\"fusion-fullwidth fullwidth-box fusion-builder-row-3 fusion-flex-container has-pattern-background has-mask-background nonhundred-percent-fullwidth non-hundred-percent-height-scrolling\" style=\"--link_color: var(--awb-custom_color_8);--awb-border-radius-top-left:0px;--awb-border-radius-top-right:0px;--awb-border-radius-bottom-right:0px;--awb-border-radius-bottom-left:0px;--awb-padding-top:40px;--awb-padding-bottom:40px;--awb-background-color:var(--awb-color2);--awb-flex-wrap:wrap;\" ><div class=\"fusion-builder-row fusion-row fusion-flex-align-items-flex-start fusion-flex-content-wrap\" style=\"max-width:1248px;margin-left: calc(-4% \/ 2 );margin-right: calc(-4% \/ 2 );\"><div class=\"fusion-layout-column fusion_builder_column fusion-builder-column-2 fusion_builder_column_1_1 1_1 fusion-flex-column\" style=\"--awb-bg-size:cover;--awb-width-large:100%;--awb-margin-top-large:0px;--awb-spacing-right-large:1.92%;--awb-margin-bottom-large:20px;--awb-spacing-left-large:1.92%;--awb-width-medium:100%;--awb-order-medium:0;--awb-spacing-right-medium:1.92%;--awb-spacing-left-medium:1.92%;--awb-width-small:100%;--awb-order-small:0;--awb-spacing-right-small:1.92%;--awb-spacing-left-small:1.92%;\"><div class=\"fusion-column-wrapper fusion-column-has-shadow fusion-flex-justify-content-flex-start fusion-content-layout-column\"><div class=\"fusion-title title fusion-title-2 sep-underline sep-solid fusion-title-text fusion-title-size-three\" style=\"--awb-text-color:var(--awb-custom_color_11);--awb-margin-bottom:30px;--awb-margin-top-small:10px;--awb-margin-right-small:0px;--awb-margin-bottom-small:10px;--awb-margin-left-small:0px;--awb-font-size:24px;\"><h3 class=\"fusion-title-heading title-heading-left\" style=\"font-family:&quot;Inter&quot;;font-style:normal;font-weight:600;margin:0;font-size:1em;\">Historische Bilder<\/h3><\/div><div class=\"awb-gallery-wrapper awb-gallery-wrapper-1 button-span-no\" style=\"--more-btn-alignment:center;\" data-limit=\"15\" data-page=\"1\"><div style=\"margin:-2px;--awb-bordersize:0px;--awb-bordercolor:var(--awb-color1);--awb-caption-text-color:var(--awb-color6);--awb-caption-text-size:10px;--awb-caption-text-font-family:&quot;Inter&quot;;--awb-caption-text-font-style:normal;--awb-caption-text-font-weight:300;\" class=\"fusion-gallery fusion-gallery-container fusion-grid-6 fusion-columns-total-31 fusion-gallery-layout-masonry fusion-gallery-1\"><div class=\"fusion-grid-column fusion-gallery-column fusion-gallery-column-6 hover-type-none fusion-grid-sizer awb-imageframe-style awb-imageframe-style-below awb-imageframe-style-1\"><\/div><div style=\"padding:2.5px;\" class=\"fusion-grid-column fusion-gallery-column fusion-gallery-column-6 hover-type-none fusion-element-portrait awb-imageframe-style awb-imageframe-style-below awb-imageframe-style-1\"><div class=\"fusion-gallery-image\"><a href=\"https:\/\/dcb.cl\/neueweb\/wp-content\/uploads\/2024\/07\/CB00321.jpg\" data-caption=\"Ceremonia piedra fundacional de la Biblioteca y Archivo Hist\u00f3rico Emilio Held Winkler\" rel=\"noreferrer\" data-rel=\"iLightbox[gallery_image_1]\" class=\"fusion-lightbox\" target=\"_self\"><div style=\"background-image:url(https:\/\/dcb.cl\/neueweb\/wp-content\/uploads\/2024\/07\/CB00321.jpg);padding-top:calc((100% + 4px) * 1.6);background-position:;\" class=\"fusion-masonry-element-container\"><img decoding=\"async\" src=\"https:\/\/dcb.cl\/neueweb\/wp-content\/uploads\/2024\/07\/CB00321.jpg\" width=\"338\" height=\"500\" alt=\"\" title=\"DCB_Archivo-1984_06\" aria-label=\"DCB_Archivo-1984_06\" class=\"img-responsive wp-image-257\" srcset=\"https:\/\/dcb.cl\/neueweb\/wp-content\/uploads\/2024\/07\/CB00321-200x296.jpg 200w, https:\/\/dcb.cl\/neueweb\/wp-content\/uploads\/2024\/07\/CB00321.jpg 338w\" sizes=\"(min-width: 2200px) 100vw, (min-width: 1000px) 198px, (min-width: 928px) 238px, (min-width: 856px) 298px, (min-width: 784px) 397px, (min-width: 712px) 595px, (min-width: 640px) 712px, \" \/><\/div><\/a><\/div><div class=\"awb-imageframe-caption-container\"><div class=\"awb-imageframe-caption\"><h6 class=\"awb-imageframe-caption-title\"> <\/h6><p class=\"awb-imageframe-caption-text\">1984 | Grundsteinlegung der Emilio Held Winkler Bibliothek und Archiv<\/p><\/div><\/div><\/div><div style=\"padding:2.5px;\" class=\"fusion-grid-column fusion-gallery-column fusion-gallery-column-6 hover-type-none fusion-element-portrait awb-imageframe-style awb-imageframe-style-below awb-imageframe-style-1\"><div class=\"fusion-gallery-image\"><a href=\"https:\/\/dcb.cl\/neueweb\/wp-content\/uploads\/2024\/07\/CB00320.jpg\" data-caption=\"Ceremonia piedra fundacional de la Biblioteca y Archivo Hist\u00f3rico Emilio Held Winkler\" rel=\"noreferrer\" data-rel=\"iLightbox[gallery_image_1]\" class=\"fusion-lightbox\" target=\"_self\"><div style=\"background-image:url(https:\/\/dcb.cl\/neueweb\/wp-content\/uploads\/2024\/07\/CB00320.jpg);padding-top:calc((100% + 4px) * 1.6);background-position:;\" class=\"fusion-masonry-element-container\"><img decoding=\"async\" src=\"https:\/\/dcb.cl\/neueweb\/wp-content\/uploads\/2024\/07\/CB00320.jpg\" width=\"346\" height=\"500\" alt=\"\" title=\"DCB_Archivo-1984_05\" aria-label=\"DCB_Archivo-1984_05\" class=\"img-responsive wp-image-256\" srcset=\"https:\/\/dcb.cl\/neueweb\/wp-content\/uploads\/2024\/07\/CB00320-200x289.jpg 200w, https:\/\/dcb.cl\/neueweb\/wp-content\/uploads\/2024\/07\/CB00320.jpg 346w\" sizes=\"(min-width: 2200px) 100vw, (min-width: 1000px) 198px, (min-width: 928px) 238px, (min-width: 856px) 298px, (min-width: 784px) 397px, (min-width: 712px) 595px, (min-width: 640px) 712px, \" \/><\/div><\/a><\/div><div class=\"awb-imageframe-caption-container\"><div class=\"awb-imageframe-caption\"><h6 class=\"awb-imageframe-caption-title\"> <\/h6><p class=\"awb-imageframe-caption-text\">1984 | Grundsteinlegung der Emilio Held Winkler Bibliothek und Archiv<\/p><\/div><\/div><\/div><div style=\"padding:2.5px;\" class=\"fusion-grid-column fusion-gallery-column fusion-gallery-column-6 hover-type-none fusion-element-portrait awb-imageframe-style awb-imageframe-style-below awb-imageframe-style-1\"><div class=\"fusion-gallery-image\"><a href=\"https:\/\/dcb.cl\/neueweb\/wp-content\/uploads\/2024\/07\/CB00319.jpg\" data-caption=\"Ceremonia piedra fundacional de la Biblioteca y Archivo Hist\u00f3rico Emilio Held Winkler\" rel=\"noreferrer\" data-rel=\"iLightbox[gallery_image_1]\" class=\"fusion-lightbox\" target=\"_self\"><div style=\"background-image:url(https:\/\/dcb.cl\/neueweb\/wp-content\/uploads\/2024\/07\/CB00319.jpg);padding-top:calc((100% + 4px) * 1.6);background-position:;\" class=\"fusion-masonry-element-container\"><img decoding=\"async\" src=\"https:\/\/dcb.cl\/neueweb\/wp-content\/uploads\/2024\/07\/CB00319.jpg\" width=\"351\" height=\"500\" alt=\"\" title=\"DCB_Archivo-1984_04\" aria-label=\"DCB_Archivo-1984_04\" class=\"img-responsive wp-image-255\" srcset=\"https:\/\/dcb.cl\/neueweb\/wp-content\/uploads\/2024\/07\/CB00319-200x285.jpg 200w, https:\/\/dcb.cl\/neueweb\/wp-content\/uploads\/2024\/07\/CB00319.jpg 351w\" sizes=\"(min-width: 2200px) 100vw, (min-width: 1000px) 198px, (min-width: 928px) 238px, (min-width: 856px) 298px, (min-width: 784px) 397px, (min-width: 712px) 595px, (min-width: 640px) 712px, \" \/><\/div><\/a><\/div><div class=\"awb-imageframe-caption-container\"><div class=\"awb-imageframe-caption\"><h6 class=\"awb-imageframe-caption-title\"> <\/h6><p class=\"awb-imageframe-caption-text\">1984 | Grundsteinlegung der Emilio Held Winkler Bibliothek und Archiv<\/p><\/div><\/div><\/div><div style=\"padding:2.5px;\" class=\"fusion-grid-column fusion-gallery-column fusion-gallery-column-6 hover-type-none fusion-element-portrait awb-imageframe-style awb-imageframe-style-below awb-imageframe-style-1\"><div class=\"fusion-gallery-image\"><a href=\"https:\/\/dcb.cl\/neueweb\/wp-content\/uploads\/2024\/07\/CB00309.jpg\" data-caption=\"Ceremonia piedra fundacional de la Biblioteca y Archivo Hist\u00f3rico Emilio Held Winkler\" rel=\"noreferrer\" data-rel=\"iLightbox[gallery_image_1]\" class=\"fusion-lightbox\" target=\"_self\"><div style=\"background-image:url(https:\/\/dcb.cl\/neueweb\/wp-content\/uploads\/2024\/07\/CB00309.jpg);padding-top:calc((100% + 4px) * 1.6);background-position:;\" class=\"fusion-masonry-element-container\"><img decoding=\"async\" src=\"https:\/\/dcb.cl\/neueweb\/wp-content\/uploads\/2024\/07\/CB00309.jpg\" width=\"353\" height=\"500\" alt=\"\" title=\"DCB_Archivo-1984_02\" aria-label=\"DCB_Archivo-1984_02\" class=\"img-responsive wp-image-253\" srcset=\"https:\/\/dcb.cl\/neueweb\/wp-content\/uploads\/2024\/07\/CB00309-200x283.jpg 200w, https:\/\/dcb.cl\/neueweb\/wp-content\/uploads\/2024\/07\/CB00309.jpg 353w\" sizes=\"(min-width: 2200px) 100vw, (min-width: 1000px) 198px, (min-width: 928px) 238px, (min-width: 856px) 298px, (min-width: 784px) 397px, (min-width: 712px) 595px, (min-width: 640px) 712px, \" \/><\/div><\/a><\/div><div class=\"awb-imageframe-caption-container\"><div class=\"awb-imageframe-caption\"><h6 class=\"awb-imageframe-caption-title\"> <\/h6><p class=\"awb-imageframe-caption-text\">1984 | Grundsteinlegung der Emilio Held Winkler Bibliothek und Archiv<\/p><\/div><\/div><\/div><div style=\"padding:2.5px;\" class=\"fusion-grid-column fusion-gallery-column fusion-gallery-column-6 hover-type-none fusion-element-portrait awb-imageframe-style awb-imageframe-style-below awb-imageframe-style-1\"><div class=\"fusion-gallery-image\"><a href=\"https:\/\/dcb.cl\/neueweb\/wp-content\/uploads\/2024\/07\/CB00256.jpg\" data-caption=\"Ceremonia piedra fundacional de la Biblioteca y Archivo Hist\u00f3rico Emilio Held Winkler\" rel=\"noreferrer\" data-rel=\"iLightbox[gallery_image_1]\" class=\"fusion-lightbox\" target=\"_self\"><div style=\"background-image:url(https:\/\/dcb.cl\/neueweb\/wp-content\/uploads\/2024\/07\/CB00256.jpg);padding-top:calc((100% + 4px) * 1.6);background-position:;\" class=\"fusion-masonry-element-container\"><img decoding=\"async\" src=\"https:\/\/dcb.cl\/neueweb\/wp-content\/uploads\/2024\/07\/CB00256.jpg\" width=\"345\" height=\"500\" alt=\"\" title=\"DCB_Archivo-1984_01\" aria-label=\"DCB_Archivo-1984_01\" class=\"img-responsive wp-image-252\" srcset=\"https:\/\/dcb.cl\/neueweb\/wp-content\/uploads\/2024\/07\/CB00256-200x290.jpg 200w, https:\/\/dcb.cl\/neueweb\/wp-content\/uploads\/2024\/07\/CB00256.jpg 345w\" sizes=\"(min-width: 2200px) 100vw, (min-width: 1000px) 198px, (min-width: 928px) 238px, (min-width: 856px) 298px, (min-width: 784px) 397px, (min-width: 712px) 595px, (min-width: 640px) 712px, \" \/><\/div><\/a><\/div><div class=\"awb-imageframe-caption-container\"><div class=\"awb-imageframe-caption\"><h6 class=\"awb-imageframe-caption-title\"> <\/h6><p class=\"awb-imageframe-caption-text\">1984 | Grundsteinlegung der Emilio Held Winkler Bibliothek und Archiv<\/p><\/div><\/div><\/div><div style=\"padding:2.5px;\" class=\"fusion-grid-column fusion-gallery-column fusion-gallery-column-6 hover-type-none fusion-element-portrait awb-imageframe-style awb-imageframe-style-below awb-imageframe-style-1\"><div class=\"fusion-gallery-image\"><a href=\"https:\/\/dcb.cl\/neueweb\/wp-content\/uploads\/2024\/07\/CB00254.jpg\" data-caption=\"Ceremonia piedra fundacional de la Biblioteca y Archivo Hist\u00f3rico Emilio Held Winkler\" rel=\"noreferrer\" data-rel=\"iLightbox[gallery_image_1]\" class=\"fusion-lightbox\" target=\"_self\"><div style=\"background-image:url(https:\/\/dcb.cl\/neueweb\/wp-content\/uploads\/2024\/07\/CB00254.jpg);padding-top:calc((100% + 4px) * 1.6);background-position:;\" class=\"fusion-masonry-element-container\"><img decoding=\"async\" src=\"https:\/\/dcb.cl\/neueweb\/wp-content\/uploads\/2024\/07\/CB00254.jpg\" width=\"348\" height=\"500\" alt=\"\" title=\"DCB_Archivo-1984_00\" aria-label=\"DCB_Archivo-1984_00\" class=\"img-responsive wp-image-251\" srcset=\"https:\/\/dcb.cl\/neueweb\/wp-content\/uploads\/2024\/07\/CB00254-200x287.jpg 200w, https:\/\/dcb.cl\/neueweb\/wp-content\/uploads\/2024\/07\/CB00254.jpg 348w\" sizes=\"(min-width: 2200px) 100vw, (min-width: 1000px) 198px, (min-width: 928px) 238px, (min-width: 856px) 298px, (min-width: 784px) 397px, (min-width: 712px) 595px, (min-width: 640px) 712px, \" \/><\/div><\/a><\/div><div class=\"awb-imageframe-caption-container\"><div class=\"awb-imageframe-caption\"><h6 class=\"awb-imageframe-caption-title\"> <\/h6><p class=\"awb-imageframe-caption-text\">1984 | Grundsteinlegung der Emilio Held Winkler Bibliothek und Archiv<\/p><\/div><\/div><\/div><div style=\"padding:2.5px;\" class=\"fusion-grid-column fusion-gallery-column fusion-gallery-column-6 hover-type-none fusion-element-landscape awb-imageframe-style awb-imageframe-style-below awb-imageframe-style-1\"><div class=\"fusion-gallery-image\"><a href=\"https:\/\/dcb.cl\/neueweb\/wp-content\/uploads\/2024\/07\/CB00449.jpg\" rel=\"noreferrer\" data-rel=\"iLightbox[gallery_image_1]\" class=\"fusion-lightbox\" target=\"_self\"><div style=\"background-image:url(https:\/\/dcb.cl\/neueweb\/wp-content\/uploads\/2024\/07\/CB00449.jpg);padding-top:calc((100% + 4px) * 0.4 - 2.5px);background-position:;\" class=\"fusion-masonry-element-container\"><img decoding=\"async\" src=\"https:\/\/dcb.cl\/neueweb\/wp-content\/uploads\/2024\/07\/CB00449.jpg\" width=\"500\" height=\"336\" alt=\"\" title=\"CB00449\" aria-label=\"CB00449\" class=\"img-responsive wp-image-311\" srcset=\"https:\/\/dcb.cl\/neueweb\/wp-content\/uploads\/2024\/07\/CB00449-200x134.jpg 200w, https:\/\/dcb.cl\/neueweb\/wp-content\/uploads\/2024\/07\/CB00449-400x269.jpg 400w, https:\/\/dcb.cl\/neueweb\/wp-content\/uploads\/2024\/07\/CB00449.jpg 500w\" sizes=\"(min-width: 2200px) 100vw, (min-width: 784px) 399px, (min-width: 712px) 598px, (min-width: 640px) 712px, \" \/><\/div><\/a><\/div><div class=\"awb-imageframe-caption-container\"><div class=\"awb-imageframe-caption\"><h6 class=\"awb-imageframe-caption-title\"> <\/h6><p class=\"awb-imageframe-caption-text\">1985 | Einweihung der Emilio Held Winkler Bibliothek und Archiv<\/p><\/div><\/div><\/div><div style=\"padding:2.5px;\" class=\"fusion-grid-column fusion-gallery-column fusion-gallery-column-6 hover-type-none fusion-element-landscape awb-imageframe-style awb-imageframe-style-below awb-imageframe-style-1\"><div class=\"fusion-gallery-image\"><a href=\"https:\/\/dcb.cl\/neueweb\/wp-content\/uploads\/2024\/07\/CB00450.jpg\" rel=\"noreferrer\" data-rel=\"iLightbox[gallery_image_1]\" class=\"fusion-lightbox\" target=\"_self\"><div style=\"background-image:url(https:\/\/dcb.cl\/neueweb\/wp-content\/uploads\/2024\/07\/CB00450.jpg);padding-top:calc((100% + 4px) * 0.4 - 2.5px);background-position:;\" class=\"fusion-masonry-element-container\"><img decoding=\"async\" src=\"https:\/\/dcb.cl\/neueweb\/wp-content\/uploads\/2024\/07\/CB00450.jpg\" width=\"500\" height=\"353\" alt=\"\" title=\"CB00450\" aria-label=\"CB00450\" class=\"img-responsive wp-image-312\" srcset=\"https:\/\/dcb.cl\/neueweb\/wp-content\/uploads\/2024\/07\/CB00450-200x141.jpg 200w, https:\/\/dcb.cl\/neueweb\/wp-content\/uploads\/2024\/07\/CB00450-400x282.jpg 400w, https:\/\/dcb.cl\/neueweb\/wp-content\/uploads\/2024\/07\/CB00450.jpg 500w\" sizes=\"(min-width: 2200px) 100vw, (min-width: 784px) 399px, (min-width: 712px) 598px, (min-width: 640px) 712px, \" \/><\/div><\/a><\/div><div class=\"awb-imageframe-caption-container\"><div class=\"awb-imageframe-caption\"><h6 class=\"awb-imageframe-caption-title\"> <\/h6><p class=\"awb-imageframe-caption-text\">1985 | Einweihung der Emilio Held Winkler Bibliothek und Archiv<\/p><\/div><\/div><\/div><div style=\"padding:2.5px;\" class=\"fusion-grid-column fusion-gallery-column fusion-gallery-column-6 hover-type-none fusion-element-portrait awb-imageframe-style awb-imageframe-style-below awb-imageframe-style-1\"><div class=\"fusion-gallery-image\"><a href=\"https:\/\/dcb.cl\/neueweb\/wp-content\/uploads\/2024\/07\/CB00451.jpg\" rel=\"noreferrer\" data-rel=\"iLightbox[gallery_image_1]\" class=\"fusion-lightbox\" target=\"_self\"><div style=\"background-image:url(https:\/\/dcb.cl\/neueweb\/wp-content\/uploads\/2024\/07\/CB00451.jpg);padding-top:calc((100% + 4px) * 1.6);background-position:;\" class=\"fusion-masonry-element-container\"><img decoding=\"async\" src=\"https:\/\/dcb.cl\/neueweb\/wp-content\/uploads\/2024\/07\/CB00451.jpg\" width=\"360\" height=\"500\" alt=\"\" title=\"CB00451\" aria-label=\"CB00451\" class=\"img-responsive wp-image-313\" srcset=\"https:\/\/dcb.cl\/neueweb\/wp-content\/uploads\/2024\/07\/CB00451-200x278.jpg 200w, https:\/\/dcb.cl\/neueweb\/wp-content\/uploads\/2024\/07\/CB00451.jpg 360w\" sizes=\"(min-width: 2200px) 100vw, (min-width: 1000px) 198px, (min-width: 928px) 238px, (min-width: 856px) 298px, (min-width: 784px) 397px, (min-width: 712px) 595px, (min-width: 640px) 712px, \" \/><\/div><\/a><\/div><div class=\"awb-imageframe-caption-container\"><div class=\"awb-imageframe-caption\"><h6 class=\"awb-imageframe-caption-title\"> <\/h6><p class=\"awb-imageframe-caption-text\">1985 | Einweihung der Emilio Held Winkler Bibliothek und Archiv<\/p><\/div><\/div><\/div><div style=\"padding:2.5px;\" class=\"fusion-grid-column fusion-gallery-column fusion-gallery-column-6 hover-type-none fusion-element-landscape awb-imageframe-style awb-imageframe-style-below awb-imageframe-style-1\"><div class=\"fusion-gallery-image\"><a href=\"https:\/\/dcb.cl\/neueweb\/wp-content\/uploads\/2024\/07\/CB00452.jpg\" rel=\"noreferrer\" data-rel=\"iLightbox[gallery_image_1]\" class=\"fusion-lightbox\" target=\"_self\"><div style=\"background-image:url(https:\/\/dcb.cl\/neueweb\/wp-content\/uploads\/2024\/07\/CB00452.jpg);padding-top:calc((100% + 4px) * 0.4 - 2.5px);background-position:;\" class=\"fusion-masonry-element-container\"><img decoding=\"async\" src=\"https:\/\/dcb.cl\/neueweb\/wp-content\/uploads\/2024\/07\/CB00452.jpg\" width=\"500\" height=\"361\" alt=\"\" title=\"CB00452\" aria-label=\"CB00452\" class=\"img-responsive wp-image-314\" srcset=\"https:\/\/dcb.cl\/neueweb\/wp-content\/uploads\/2024\/07\/CB00452-200x144.jpg 200w, https:\/\/dcb.cl\/neueweb\/wp-content\/uploads\/2024\/07\/CB00452-400x289.jpg 400w, https:\/\/dcb.cl\/neueweb\/wp-content\/uploads\/2024\/07\/CB00452.jpg 500w\" sizes=\"(min-width: 2200px) 100vw, (min-width: 784px) 399px, (min-width: 712px) 598px, (min-width: 640px) 712px, \" \/><\/div><\/a><\/div><div class=\"awb-imageframe-caption-container\"><div class=\"awb-imageframe-caption\"><h6 class=\"awb-imageframe-caption-title\"> <\/h6><p class=\"awb-imageframe-caption-text\">1985 | Einweihung der Emilio Held Winkler Bibliothek und Archiv<\/p><\/div><\/div><\/div><div style=\"padding:2.5px;\" class=\"fusion-grid-column fusion-gallery-column fusion-gallery-column-6 hover-type-none fusion-element-landscape awb-imageframe-style awb-imageframe-style-below awb-imageframe-style-1\"><div class=\"fusion-gallery-image\"><a href=\"https:\/\/dcb.cl\/neueweb\/wp-content\/uploads\/2024\/07\/CB00455.jpg\" rel=\"noreferrer\" data-rel=\"iLightbox[gallery_image_1]\" class=\"fusion-lightbox\" target=\"_self\"><div style=\"background-image:url(https:\/\/dcb.cl\/neueweb\/wp-content\/uploads\/2024\/07\/CB00455.jpg);padding-top:calc((100% + 4px) * 0.4 - 2.5px);background-position:;\" class=\"fusion-masonry-element-container\"><img decoding=\"async\" src=\"https:\/\/dcb.cl\/neueweb\/wp-content\/uploads\/2024\/07\/CB00455.jpg\" width=\"500\" height=\"358\" alt=\"\" title=\"CB00455\" aria-label=\"CB00455\" class=\"img-responsive wp-image-315\" srcset=\"https:\/\/dcb.cl\/neueweb\/wp-content\/uploads\/2024\/07\/CB00455-200x143.jpg 200w, https:\/\/dcb.cl\/neueweb\/wp-content\/uploads\/2024\/07\/CB00455-400x286.jpg 400w, https:\/\/dcb.cl\/neueweb\/wp-content\/uploads\/2024\/07\/CB00455.jpg 500w\" sizes=\"(min-width: 2200px) 100vw, (min-width: 784px) 399px, (min-width: 712px) 598px, (min-width: 640px) 712px, \" \/><\/div><\/a><\/div><div class=\"awb-imageframe-caption-container\"><div class=\"awb-imageframe-caption\"><h6 class=\"awb-imageframe-caption-title\"> <\/h6><p class=\"awb-imageframe-caption-text\">1985 | Einweihung der Emilio Held Winkler Bibliothek und Archiv<\/p><\/div><\/div><\/div><div style=\"padding:2.5px;\" class=\"fusion-grid-column fusion-gallery-column fusion-gallery-column-6 hover-type-none fusion-element-landscape awb-imageframe-style awb-imageframe-style-below awb-imageframe-style-1\"><div class=\"fusion-gallery-image\"><a href=\"https:\/\/dcb.cl\/neueweb\/wp-content\/uploads\/2024\/07\/CB00456.jpg\" rel=\"noreferrer\" data-rel=\"iLightbox[gallery_image_1]\" class=\"fusion-lightbox\" target=\"_self\"><div style=\"background-image:url(https:\/\/dcb.cl\/neueweb\/wp-content\/uploads\/2024\/07\/CB00456.jpg);padding-top:calc((100% + 4px) * 0.4 - 2.5px);background-position:;\" class=\"fusion-masonry-element-container\"><img decoding=\"async\" src=\"https:\/\/dcb.cl\/neueweb\/wp-content\/uploads\/2024\/07\/CB00456.jpg\" width=\"500\" height=\"363\" alt=\"\" title=\"CB00456\" aria-label=\"CB00456\" class=\"img-responsive wp-image-316\" srcset=\"https:\/\/dcb.cl\/neueweb\/wp-content\/uploads\/2024\/07\/CB00456-200x145.jpg 200w, https:\/\/dcb.cl\/neueweb\/wp-content\/uploads\/2024\/07\/CB00456-400x290.jpg 400w, https:\/\/dcb.cl\/neueweb\/wp-content\/uploads\/2024\/07\/CB00456.jpg 500w\" sizes=\"(min-width: 2200px) 100vw, (min-width: 784px) 399px, (min-width: 712px) 598px, (min-width: 640px) 712px, \" \/><\/div><\/a><\/div><div class=\"awb-imageframe-caption-container\"><div class=\"awb-imageframe-caption\"><h6 class=\"awb-imageframe-caption-title\"> <\/h6><p class=\"awb-imageframe-caption-text\">1985 | Einweihung der Emilio Held Winkler Bibliothek und Archiv<\/p><\/div><\/div><\/div><div style=\"padding:2.5px;\" class=\"fusion-grid-column fusion-gallery-column fusion-gallery-column-6 hover-type-none fusion-element-landscape awb-imageframe-style awb-imageframe-style-below awb-imageframe-style-1\"><div class=\"fusion-gallery-image\"><a href=\"https:\/\/dcb.cl\/neueweb\/wp-content\/uploads\/2024\/07\/CB00457.jpg\" rel=\"noreferrer\" data-rel=\"iLightbox[gallery_image_1]\" class=\"fusion-lightbox\" target=\"_self\"><div style=\"background-image:url(https:\/\/dcb.cl\/neueweb\/wp-content\/uploads\/2024\/07\/CB00457.jpg);padding-top:calc((100% + 4px) * 0.4 - 2.5px);background-position:;\" class=\"fusion-masonry-element-container\"><img decoding=\"async\" src=\"https:\/\/dcb.cl\/neueweb\/wp-content\/uploads\/2024\/07\/CB00457.jpg\" width=\"500\" height=\"362\" alt=\"\" title=\"CB00457\" aria-label=\"CB00457\" class=\"img-responsive wp-image-317\" srcset=\"https:\/\/dcb.cl\/neueweb\/wp-content\/uploads\/2024\/07\/CB00457-200x145.jpg 200w, https:\/\/dcb.cl\/neueweb\/wp-content\/uploads\/2024\/07\/CB00457-400x290.jpg 400w, https:\/\/dcb.cl\/neueweb\/wp-content\/uploads\/2024\/07\/CB00457.jpg 500w\" sizes=\"(min-width: 2200px) 100vw, (min-width: 784px) 399px, (min-width: 712px) 598px, (min-width: 640px) 712px, \" \/><\/div><\/a><\/div><div class=\"awb-imageframe-caption-container\"><div class=\"awb-imageframe-caption\"><h6 class=\"awb-imageframe-caption-title\"> <\/h6><p class=\"awb-imageframe-caption-text\">1985 | Einweihung der Emilio Held Winkler Bibliothek und Archiv<\/p><\/div><\/div><\/div><div style=\"padding:2.5px;\" class=\"fusion-grid-column fusion-gallery-column fusion-gallery-column-6 hover-type-none fusion-element-portrait awb-imageframe-style awb-imageframe-style-below awb-imageframe-style-1\"><div class=\"fusion-gallery-image\"><a href=\"https:\/\/dcb.cl\/neueweb\/wp-content\/uploads\/2024\/07\/CB00459.jpg\" rel=\"noreferrer\" data-rel=\"iLightbox[gallery_image_1]\" class=\"fusion-lightbox\" target=\"_self\"><div style=\"background-image:url(https:\/\/dcb.cl\/neueweb\/wp-content\/uploads\/2024\/07\/CB00459.jpg);padding-top:calc((100% + 4px) * 1.6);background-position:;\" class=\"fusion-masonry-element-container\"><img decoding=\"async\" src=\"https:\/\/dcb.cl\/neueweb\/wp-content\/uploads\/2024\/07\/CB00459.jpg\" width=\"365\" height=\"500\" alt=\"\" title=\"CB00459\" aria-label=\"CB00459\" class=\"img-responsive wp-image-318\" srcset=\"https:\/\/dcb.cl\/neueweb\/wp-content\/uploads\/2024\/07\/CB00459-200x274.jpg 200w, https:\/\/dcb.cl\/neueweb\/wp-content\/uploads\/2024\/07\/CB00459.jpg 365w\" sizes=\"(min-width: 2200px) 100vw, (min-width: 1000px) 198px, (min-width: 928px) 238px, (min-width: 856px) 298px, (min-width: 784px) 397px, (min-width: 712px) 595px, (min-width: 640px) 712px, \" \/><\/div><\/a><\/div><div class=\"awb-imageframe-caption-container\"><div class=\"awb-imageframe-caption\"><h6 class=\"awb-imageframe-caption-title\">CB00459<\/h6><\/div><\/div><\/div><div style=\"padding:2.5px;\" class=\"fusion-grid-column fusion-gallery-column fusion-gallery-column-6 hover-type-none fusion-element-landscape awb-imageframe-style awb-imageframe-style-below awb-imageframe-style-1\"><div class=\"fusion-gallery-image\"><a href=\"https:\/\/dcb.cl\/neueweb\/wp-content\/uploads\/2024\/07\/CB00471.jpg\" rel=\"noreferrer\" data-rel=\"iLightbox[gallery_image_1]\" class=\"fusion-lightbox\" target=\"_self\"><div style=\"background-image:url(https:\/\/dcb.cl\/neueweb\/wp-content\/uploads\/2024\/07\/CB00471.jpg);padding-top:calc((100% + 4px) * 0.4 - 2.5px);background-position:;\" class=\"fusion-masonry-element-container\"><img decoding=\"async\" src=\"https:\/\/dcb.cl\/neueweb\/wp-content\/uploads\/2024\/07\/CB00471.jpg\" width=\"500\" height=\"361\" alt=\"\" title=\"CB00471\" aria-label=\"CB00471\" class=\"img-responsive wp-image-319\" srcset=\"https:\/\/dcb.cl\/neueweb\/wp-content\/uploads\/2024\/07\/CB00471-200x144.jpg 200w, https:\/\/dcb.cl\/neueweb\/wp-content\/uploads\/2024\/07\/CB00471-400x289.jpg 400w, https:\/\/dcb.cl\/neueweb\/wp-content\/uploads\/2024\/07\/CB00471.jpg 500w\" sizes=\"(min-width: 2200px) 100vw, (min-width: 784px) 399px, (min-width: 712px) 598px, (min-width: 640px) 712px, \" \/><\/div><\/a><\/div><div class=\"awb-imageframe-caption-container\"><div class=\"awb-imageframe-caption\"><h6 class=\"awb-imageframe-caption-title\"> <\/h6><p class=\"awb-imageframe-caption-text\">1985 | Einweihung der Emilio Held Winkler Bibliothek und Archiv<\/p><\/div><\/div><\/div><div style=\"padding:2.5px;\" class=\"fusion-grid-column fusion-gallery-column fusion-gallery-column-6 hover-type-none fusion-element-portrait awb-gallery-item-hidden awb-imageframe-style awb-imageframe-style-below awb-imageframe-style-1\"><div class=\"fusion-gallery-image\"><a href=\"https:\/\/dcb.cl\/neueweb\/wp-content\/uploads\/2024\/07\/CB00478.jpg\" rel=\"noreferrer\" data-rel=\"iLightbox[gallery_image_1]\" class=\"fusion-lightbox\" target=\"_self\"><div style=\"background-image:url(https:\/\/dcb.cl\/neueweb\/wp-content\/uploads\/2024\/07\/CB00478.jpg);padding-top:calc((100% + 4px) * 1.6);background-position:;\" class=\"fusion-masonry-element-container\"><img decoding=\"async\" src=\"https:\/\/dcb.cl\/neueweb\/wp-content\/uploads\/2024\/07\/CB00478.jpg\" width=\"358\" height=\"500\" alt=\"\" title=\"CB00478\" aria-label=\"CB00478\" class=\"img-responsive wp-image-320\" srcset=\"https:\/\/dcb.cl\/neueweb\/wp-content\/uploads\/2024\/07\/CB00478-200x279.jpg 200w, https:\/\/dcb.cl\/neueweb\/wp-content\/uploads\/2024\/07\/CB00478.jpg 358w\" sizes=\"(min-width: 2200px) 100vw, (min-width: 1000px) 198px, (min-width: 928px) 238px, (min-width: 856px) 298px, (min-width: 784px) 397px, (min-width: 712px) 595px, (min-width: 640px) 712px, \" \/><\/div><\/a><\/div><div class=\"awb-imageframe-caption-container\"><div class=\"awb-imageframe-caption\"><h6 class=\"awb-imageframe-caption-title\"> <\/h6><p class=\"awb-imageframe-caption-text\">1985 | Einweihung der Emilio Held Winkler Bibliothek und Archiv<\/p><\/div><\/div><\/div><div style=\"padding:2.5px;\" class=\"fusion-grid-column fusion-gallery-column fusion-gallery-column-6 hover-type-none fusion-element-landscape awb-gallery-item-hidden awb-imageframe-style awb-imageframe-style-below awb-imageframe-style-1\"><div class=\"fusion-gallery-image\"><a href=\"https:\/\/dcb.cl\/neueweb\/wp-content\/uploads\/2024\/07\/CB00480.jpg\" rel=\"noreferrer\" data-rel=\"iLightbox[gallery_image_1]\" class=\"fusion-lightbox\" target=\"_self\"><div style=\"background-image:url(https:\/\/dcb.cl\/neueweb\/wp-content\/uploads\/2024\/07\/CB00480.jpg);padding-top:calc((100% + 4px) * 0.4 - 2.5px);background-position:;\" class=\"fusion-masonry-element-container\"><img decoding=\"async\" src=\"https:\/\/dcb.cl\/neueweb\/wp-content\/uploads\/2024\/07\/CB00480.jpg\" width=\"500\" height=\"359\" alt=\"\" title=\"CB00480\" aria-label=\"CB00480\" class=\"img-responsive wp-image-321\" srcset=\"https:\/\/dcb.cl\/neueweb\/wp-content\/uploads\/2024\/07\/CB00480-200x144.jpg 200w, https:\/\/dcb.cl\/neueweb\/wp-content\/uploads\/2024\/07\/CB00480-400x287.jpg 400w, https:\/\/dcb.cl\/neueweb\/wp-content\/uploads\/2024\/07\/CB00480.jpg 500w\" sizes=\"(min-width: 2200px) 100vw, (min-width: 784px) 399px, (min-width: 712px) 598px, (min-width: 640px) 712px, \" \/><\/div><\/a><\/div><div class=\"awb-imageframe-caption-container\"><div class=\"awb-imageframe-caption\"><h6 class=\"awb-imageframe-caption-title\"> <\/h6><p class=\"awb-imageframe-caption-text\">1985 | Einweihung der Emilio Held Winkler Bibliothek und Archiv<\/p><\/div><\/div><\/div><div style=\"padding:2.5px;\" class=\"fusion-grid-column fusion-gallery-column fusion-gallery-column-6 hover-type-none fusion-element-landscape awb-gallery-item-hidden awb-imageframe-style awb-imageframe-style-below awb-imageframe-style-1\"><div class=\"fusion-gallery-image\"><a href=\"https:\/\/dcb.cl\/neueweb\/wp-content\/uploads\/2024\/07\/CB00483.jpg\" rel=\"noreferrer\" data-rel=\"iLightbox[gallery_image_1]\" class=\"fusion-lightbox\" target=\"_self\"><div style=\"background-image:url(https:\/\/dcb.cl\/neueweb\/wp-content\/uploads\/2024\/07\/CB00483.jpg);padding-top:calc((100% + 4px) * 0.4 - 2.5px);background-position:;\" class=\"fusion-masonry-element-container\"><img decoding=\"async\" src=\"https:\/\/dcb.cl\/neueweb\/wp-content\/uploads\/2024\/07\/CB00483.jpg\" width=\"500\" height=\"360\" alt=\"\" title=\"CB00483\" aria-label=\"CB00483\" class=\"img-responsive wp-image-322\" srcset=\"https:\/\/dcb.cl\/neueweb\/wp-content\/uploads\/2024\/07\/CB00483-200x144.jpg 200w, https:\/\/dcb.cl\/neueweb\/wp-content\/uploads\/2024\/07\/CB00483-400x288.jpg 400w, https:\/\/dcb.cl\/neueweb\/wp-content\/uploads\/2024\/07\/CB00483.jpg 500w\" sizes=\"(min-width: 2200px) 100vw, (min-width: 784px) 399px, (min-width: 712px) 598px, (min-width: 640px) 712px, \" \/><\/div><\/a><\/div><div class=\"awb-imageframe-caption-container\"><div class=\"awb-imageframe-caption\"><h6 class=\"awb-imageframe-caption-title\"> <\/h6><p class=\"awb-imageframe-caption-text\">1985 | Einweihung der Emilio Held Winkler Bibliothek und Archiv<\/p><\/div><\/div><\/div><div style=\"padding:2.5px;\" class=\"fusion-grid-column fusion-gallery-column fusion-gallery-column-6 hover-type-none fusion-element-landscape awb-gallery-item-hidden awb-imageframe-style awb-imageframe-style-below awb-imageframe-style-1\"><div class=\"fusion-gallery-image\"><a href=\"https:\/\/dcb.cl\/neueweb\/wp-content\/uploads\/2024\/07\/CB00485.jpg\" rel=\"noreferrer\" data-rel=\"iLightbox[gallery_image_1]\" class=\"fusion-lightbox\" target=\"_self\"><div style=\"background-image:url(https:\/\/dcb.cl\/neueweb\/wp-content\/uploads\/2024\/07\/CB00485.jpg);padding-top:calc((100% + 4px) * 0.4 - 2.5px);background-position:;\" class=\"fusion-masonry-element-container\"><img decoding=\"async\" src=\"https:\/\/dcb.cl\/neueweb\/wp-content\/uploads\/2024\/07\/CB00485.jpg\" width=\"500\" height=\"361\" alt=\"\" title=\"CB00485\" aria-label=\"CB00485\" class=\"img-responsive wp-image-323\" srcset=\"https:\/\/dcb.cl\/neueweb\/wp-content\/uploads\/2024\/07\/CB00485-200x144.jpg 200w, https:\/\/dcb.cl\/neueweb\/wp-content\/uploads\/2024\/07\/CB00485-400x289.jpg 400w, https:\/\/dcb.cl\/neueweb\/wp-content\/uploads\/2024\/07\/CB00485.jpg 500w\" sizes=\"(min-width: 2200px) 100vw, (min-width: 784px) 399px, (min-width: 712px) 598px, (min-width: 640px) 712px, \" \/><\/div><\/a><\/div><div class=\"awb-imageframe-caption-container\"><div class=\"awb-imageframe-caption\"><h6 class=\"awb-imageframe-caption-title\"> <\/h6><p class=\"awb-imageframe-caption-text\">1985 | Einweihung der Emilio Held Winkler Bibliothek und Archiv<\/p><\/div><\/div><\/div><div style=\"padding:2.5px;\" class=\"fusion-grid-column fusion-gallery-column fusion-gallery-column-6 hover-type-none fusion-element-landscape awb-gallery-item-hidden awb-imageframe-style awb-imageframe-style-below awb-imageframe-style-1\"><div class=\"fusion-gallery-image\"><a href=\"https:\/\/dcb.cl\/neueweb\/wp-content\/uploads\/2024\/07\/CB00494.jpg\" rel=\"noreferrer\" data-rel=\"iLightbox[gallery_image_1]\" class=\"fusion-lightbox\" target=\"_self\"><div style=\"background-image:url(https:\/\/dcb.cl\/neueweb\/wp-content\/uploads\/2024\/07\/CB00494.jpg);padding-top:calc((100% + 4px) * 0.4 - 2.5px);background-position:;\" class=\"fusion-masonry-element-container\"><img decoding=\"async\" src=\"https:\/\/dcb.cl\/neueweb\/wp-content\/uploads\/2024\/07\/CB00494.jpg\" width=\"500\" height=\"361\" alt=\"\" title=\"CB00494\" aria-label=\"CB00494\" class=\"img-responsive wp-image-324\" srcset=\"https:\/\/dcb.cl\/neueweb\/wp-content\/uploads\/2024\/07\/CB00494-200x144.jpg 200w, https:\/\/dcb.cl\/neueweb\/wp-content\/uploads\/2024\/07\/CB00494-400x289.jpg 400w, https:\/\/dcb.cl\/neueweb\/wp-content\/uploads\/2024\/07\/CB00494.jpg 500w\" sizes=\"(min-width: 2200px) 100vw, (min-width: 784px) 399px, (min-width: 712px) 598px, (min-width: 640px) 712px, \" \/><\/div><\/a><\/div><div class=\"awb-imageframe-caption-container\"><div class=\"awb-imageframe-caption\"><h6 class=\"awb-imageframe-caption-title\"> <\/h6><p class=\"awb-imageframe-caption-text\">1985 | Einweihung der Emilio Held Winkler Bibliothek und Archiv<\/p><\/div><\/div><\/div><div style=\"padding:2.5px;\" class=\"fusion-grid-column fusion-gallery-column fusion-gallery-column-6 hover-type-none fusion-element-landscape awb-gallery-item-hidden awb-imageframe-style awb-imageframe-style-below awb-imageframe-style-1\"><div class=\"fusion-gallery-image\"><a href=\"https:\/\/dcb.cl\/neueweb\/wp-content\/uploads\/2024\/07\/CB00496.jpg\" rel=\"noreferrer\" data-rel=\"iLightbox[gallery_image_1]\" class=\"fusion-lightbox\" target=\"_self\"><div style=\"background-image:url(https:\/\/dcb.cl\/neueweb\/wp-content\/uploads\/2024\/07\/CB00496.jpg);padding-top:calc((100% + 4px) * 0.4 - 2.5px);background-position:;\" class=\"fusion-masonry-element-container\"><img decoding=\"async\" src=\"https:\/\/dcb.cl\/neueweb\/wp-content\/uploads\/2024\/07\/CB00496.jpg\" width=\"500\" height=\"360\" alt=\"\" title=\"CB00496\" aria-label=\"CB00496\" class=\"img-responsive wp-image-325\" srcset=\"https:\/\/dcb.cl\/neueweb\/wp-content\/uploads\/2024\/07\/CB00496-200x144.jpg 200w, https:\/\/dcb.cl\/neueweb\/wp-content\/uploads\/2024\/07\/CB00496-400x288.jpg 400w, https:\/\/dcb.cl\/neueweb\/wp-content\/uploads\/2024\/07\/CB00496.jpg 500w\" sizes=\"(min-width: 2200px) 100vw, (min-width: 784px) 399px, (min-width: 712px) 598px, (min-width: 640px) 712px, \" \/><\/div><\/a><\/div><div class=\"awb-imageframe-caption-container\"><div class=\"awb-imageframe-caption\"><h6 class=\"awb-imageframe-caption-title\"> <\/h6><p class=\"awb-imageframe-caption-text\">1985 | Einweihung der Emilio Held Winkler Bibliothek und Archiv<\/p><\/div><\/div><\/div><div style=\"padding:2.5px;\" class=\"fusion-grid-column fusion-gallery-column fusion-gallery-column-6 hover-type-none fusion-element-landscape awb-gallery-item-hidden awb-imageframe-style awb-imageframe-style-below awb-imageframe-style-1\"><div class=\"fusion-gallery-image\"><a href=\"https:\/\/dcb.cl\/neueweb\/wp-content\/uploads\/2024\/07\/CB00498.jpg\" rel=\"noreferrer\" data-rel=\"iLightbox[gallery_image_1]\" class=\"fusion-lightbox\" target=\"_self\"><div style=\"background-image:url(https:\/\/dcb.cl\/neueweb\/wp-content\/uploads\/2024\/07\/CB00498.jpg);padding-top:calc((100% + 4px) * 0.4 - 2.5px);background-position:;\" class=\"fusion-masonry-element-container\"><img decoding=\"async\" src=\"https:\/\/dcb.cl\/neueweb\/wp-content\/uploads\/2024\/07\/CB00498.jpg\" width=\"500\" height=\"361\" alt=\"\" title=\"CB00498\" aria-label=\"CB00498\" class=\"img-responsive wp-image-326\" srcset=\"https:\/\/dcb.cl\/neueweb\/wp-content\/uploads\/2024\/07\/CB00498-200x144.jpg 200w, https:\/\/dcb.cl\/neueweb\/wp-content\/uploads\/2024\/07\/CB00498-400x289.jpg 400w, https:\/\/dcb.cl\/neueweb\/wp-content\/uploads\/2024\/07\/CB00498.jpg 500w\" sizes=\"(min-width: 2200px) 100vw, (min-width: 784px) 399px, (min-width: 712px) 598px, (min-width: 640px) 712px, \" \/><\/div><\/a><\/div><div class=\"awb-imageframe-caption-container\"><div class=\"awb-imageframe-caption\"><h6 class=\"awb-imageframe-caption-title\"> <\/h6><p class=\"awb-imageframe-caption-text\">1985 | Einweihung der Emilio Held Winkler Bibliothek und Archiv<\/p><\/div><\/div><\/div><div style=\"padding:2.5px;\" class=\"fusion-grid-column fusion-gallery-column fusion-gallery-column-6 hover-type-none fusion-element-landscape awb-gallery-item-hidden awb-imageframe-style awb-imageframe-style-below awb-imageframe-style-1\"><div class=\"fusion-gallery-image\"><a href=\"https:\/\/dcb.cl\/neueweb\/wp-content\/uploads\/2024\/07\/CB00245.jpg\" rel=\"noreferrer\" data-rel=\"iLightbox[gallery_image_1]\" class=\"fusion-lightbox\" target=\"_self\"><div style=\"background-image:url(https:\/\/dcb.cl\/neueweb\/wp-content\/uploads\/2024\/07\/CB00245.jpg);padding-top:calc((100% + 4px) * 0.4 - 2.5px);background-position:;\" class=\"fusion-masonry-element-container\"><img decoding=\"async\" src=\"https:\/\/dcb.cl\/neueweb\/wp-content\/uploads\/2024\/07\/CB00245.jpg\" width=\"500\" height=\"362\" alt=\"\" title=\"CB00245\" aria-label=\"CB00245\" class=\"img-responsive wp-image-309\" srcset=\"https:\/\/dcb.cl\/neueweb\/wp-content\/uploads\/2024\/07\/CB00245-200x145.jpg 200w, https:\/\/dcb.cl\/neueweb\/wp-content\/uploads\/2024\/07\/CB00245-400x290.jpg 400w, https:\/\/dcb.cl\/neueweb\/wp-content\/uploads\/2024\/07\/CB00245.jpg 500w\" sizes=\"(min-width: 2200px) 100vw, (min-width: 784px) 399px, (min-width: 712px) 598px, (min-width: 640px) 712px, \" \/><\/div><\/a><\/div><div class=\"awb-imageframe-caption-container\"><div class=\"awb-imageframe-caption\"><h6 class=\"awb-imageframe-caption-title\"> <\/h6><p class=\"awb-imageframe-caption-text\">1985 | Emilio Held Winkler Bibliothek und Archiv<\/p><\/div><\/div><\/div><div style=\"padding:2.5px;\" class=\"fusion-grid-column fusion-gallery-column fusion-gallery-column-6 hover-type-none fusion-element-landscape awb-gallery-item-hidden awb-imageframe-style awb-imageframe-style-below awb-imageframe-style-1\"><div class=\"fusion-gallery-image\"><a href=\"https:\/\/dcb.cl\/neueweb\/wp-content\/uploads\/2024\/07\/CB00347.jpg\" rel=\"noreferrer\" data-rel=\"iLightbox[gallery_image_1]\" class=\"fusion-lightbox\" target=\"_self\"><div style=\"background-image:url(https:\/\/dcb.cl\/neueweb\/wp-content\/uploads\/2024\/07\/CB00347.jpg);padding-top:calc((100% + 4px) * 0.4 - 2.5px);background-position:;\" class=\"fusion-masonry-element-container\"><img decoding=\"async\" src=\"https:\/\/dcb.cl\/neueweb\/wp-content\/uploads\/2024\/07\/CB00347.jpg\" width=\"500\" height=\"348\" alt=\"\" title=\"CB00347\" aria-label=\"CB00347\" class=\"img-responsive wp-image-310\" srcset=\"https:\/\/dcb.cl\/neueweb\/wp-content\/uploads\/2024\/07\/CB00347-200x139.jpg 200w, https:\/\/dcb.cl\/neueweb\/wp-content\/uploads\/2024\/07\/CB00347-400x278.jpg 400w, https:\/\/dcb.cl\/neueweb\/wp-content\/uploads\/2024\/07\/CB00347.jpg 500w\" sizes=\"(min-width: 2200px) 100vw, (min-width: 784px) 399px, (min-width: 712px) 598px, (min-width: 640px) 712px, \" \/><\/div><\/a><\/div><div class=\"awb-imageframe-caption-container\"><div class=\"awb-imageframe-caption\"><h6 class=\"awb-imageframe-caption-title\"> <\/h6><p class=\"awb-imageframe-caption-text\">1985 | Emilio Held Winkler Bibliothek und Archiv<\/p><\/div><\/div><\/div><div style=\"padding:2.5px;\" class=\"fusion-grid-column fusion-gallery-column fusion-gallery-column-6 hover-type-none fusion-element-landscape awb-gallery-item-hidden awb-imageframe-style awb-imageframe-style-below awb-imageframe-style-1\"><div class=\"fusion-gallery-image\"><a href=\"https:\/\/dcb.cl\/neueweb\/wp-content\/uploads\/2024\/07\/FB01331.jpg\" rel=\"noreferrer\" data-rel=\"iLightbox[gallery_image_1]\" class=\"fusion-lightbox\" target=\"_self\"><div style=\"background-image:url(https:\/\/dcb.cl\/neueweb\/wp-content\/uploads\/2024\/07\/FB01331.jpg);padding-top:calc((100% + 4px) * 0.4 - 2.5px);background-position:;\" class=\"fusion-masonry-element-container\"><img decoding=\"async\" src=\"https:\/\/dcb.cl\/neueweb\/wp-content\/uploads\/2024\/07\/FB01331.jpg\" width=\"500\" height=\"371\" alt=\"\" title=\"FB01331\" aria-label=\"FB01331\" class=\"img-responsive wp-image-327\" srcset=\"https:\/\/dcb.cl\/neueweb\/wp-content\/uploads\/2024\/07\/FB01331-200x148.jpg 200w, https:\/\/dcb.cl\/neueweb\/wp-content\/uploads\/2024\/07\/FB01331-400x297.jpg 400w, https:\/\/dcb.cl\/neueweb\/wp-content\/uploads\/2024\/07\/FB01331.jpg 500w\" sizes=\"(min-width: 2200px) 100vw, (min-width: 784px) 399px, (min-width: 712px) 598px, (min-width: 640px) 712px, \" \/><\/div><\/a><\/div><div class=\"awb-imageframe-caption-container\"><div class=\"awb-imageframe-caption\"><h6 class=\"awb-imageframe-caption-title\"> <\/h6><p class=\"awb-imageframe-caption-text\">1986 | Au\u00dfenansicht des Emilio Held Winkler Bibliotheks- und Archivgeb\u00e4udes<\/p><\/div><\/div><\/div><div style=\"padding:2.5px;\" class=\"fusion-grid-column fusion-gallery-column fusion-gallery-column-6 hover-type-none fusion-element-landscape awb-gallery-item-hidden awb-imageframe-style awb-imageframe-style-below awb-imageframe-style-1\"><div class=\"fusion-gallery-image\"><a href=\"https:\/\/dcb.cl\/neueweb\/wp-content\/uploads\/2024\/07\/FB01332.jpg\" rel=\"noreferrer\" data-rel=\"iLightbox[gallery_image_1]\" class=\"fusion-lightbox\" target=\"_self\"><div style=\"background-image:url(https:\/\/dcb.cl\/neueweb\/wp-content\/uploads\/2024\/07\/FB01332.jpg);padding-top:calc((100% + 4px) * 0.4 - 2.5px);background-position:;\" class=\"fusion-masonry-element-container\"><img decoding=\"async\" src=\"https:\/\/dcb.cl\/neueweb\/wp-content\/uploads\/2024\/07\/FB01332.jpg\" width=\"500\" height=\"375\" alt=\"\" title=\"FB01332\" aria-label=\"FB01332\" class=\"img-responsive wp-image-328\" srcset=\"https:\/\/dcb.cl\/neueweb\/wp-content\/uploads\/2024\/07\/FB01332-200x150.jpg 200w, https:\/\/dcb.cl\/neueweb\/wp-content\/uploads\/2024\/07\/FB01332-400x300.jpg 400w, https:\/\/dcb.cl\/neueweb\/wp-content\/uploads\/2024\/07\/FB01332.jpg 500w\" sizes=\"(min-width: 2200px) 100vw, (min-width: 784px) 399px, (min-width: 712px) 598px, (min-width: 640px) 712px, \" \/><\/div><\/a><\/div><div class=\"awb-imageframe-caption-container\"><div class=\"awb-imageframe-caption\"><h6 class=\"awb-imageframe-caption-title\"> <\/h6><p class=\"awb-imageframe-caption-text\">1986 | Au\u00dfenansicht des Emilio Held Winkler Bibliotheks- und Archivgeb\u00e4udes<\/p><\/div><\/div><\/div><div style=\"padding:2.5px;\" class=\"fusion-grid-column fusion-gallery-column fusion-gallery-column-6 hover-type-none fusion-element-landscape awb-gallery-item-hidden awb-imageframe-style awb-imageframe-style-below awb-imageframe-style-1\"><div class=\"fusion-gallery-image\"><a href=\"https:\/\/dcb.cl\/neueweb\/wp-content\/uploads\/2024\/07\/CB00232.jpg\" rel=\"noreferrer\" data-rel=\"iLightbox[gallery_image_1]\" class=\"fusion-lightbox\" target=\"_self\"><div style=\"background-image:url(https:\/\/dcb.cl\/neueweb\/wp-content\/uploads\/2024\/07\/CB00232.jpg);padding-top:calc((100% + 4px) * 0.4 - 2.5px);background-position:;\" class=\"fusion-masonry-element-container\"><img decoding=\"async\" src=\"https:\/\/dcb.cl\/neueweb\/wp-content\/uploads\/2024\/07\/CB00232.jpg\" width=\"500\" height=\"347\" alt=\"\" title=\"CB00232\" aria-label=\"CB00232\" class=\"img-responsive wp-image-329\" srcset=\"https:\/\/dcb.cl\/neueweb\/wp-content\/uploads\/2024\/07\/CB00232-200x139.jpg 200w, https:\/\/dcb.cl\/neueweb\/wp-content\/uploads\/2024\/07\/CB00232-400x278.jpg 400w, https:\/\/dcb.cl\/neueweb\/wp-content\/uploads\/2024\/07\/CB00232.jpg 500w\" sizes=\"(min-width: 2200px) 100vw, (min-width: 784px) 399px, (min-width: 712px) 598px, (min-width: 640px) 712px, \" \/><\/div><\/a><\/div><div class=\"awb-imageframe-caption-container\"><div class=\"awb-imageframe-caption\"><h6 class=\"awb-imageframe-caption-title\"> <\/h6><p class=\"awb-imageframe-caption-text\">1990 | Besuch des Botschafters der Bundesrepublik Deutschland. <\/p><\/div><\/div><\/div><div style=\"padding:2.5px;\" class=\"fusion-grid-column fusion-gallery-column fusion-gallery-column-6 hover-type-none fusion-element-portrait awb-gallery-item-hidden awb-imageframe-style awb-imageframe-style-below awb-imageframe-style-1\"><div class=\"fusion-gallery-image\"><a href=\"https:\/\/dcb.cl\/neueweb\/wp-content\/uploads\/2024\/07\/CB00362.jpg\" rel=\"noreferrer\" data-rel=\"iLightbox[gallery_image_1]\" class=\"fusion-lightbox\" target=\"_self\"><div style=\"background-image:url(https:\/\/dcb.cl\/neueweb\/wp-content\/uploads\/2024\/07\/CB00362.jpg);padding-top:calc((100% + 4px) * 1.6);background-position:;\" class=\"fusion-masonry-element-container\"><img decoding=\"async\" src=\"https:\/\/dcb.cl\/neueweb\/wp-content\/uploads\/2024\/07\/CB00362.jpg\" width=\"353\" height=\"500\" alt=\"\" title=\"CB00362\" aria-label=\"CB00362\" class=\"img-responsive wp-image-330\" srcset=\"https:\/\/dcb.cl\/neueweb\/wp-content\/uploads\/2024\/07\/CB00362-200x283.jpg 200w, https:\/\/dcb.cl\/neueweb\/wp-content\/uploads\/2024\/07\/CB00362.jpg 353w\" sizes=\"(min-width: 2200px) 100vw, (min-width: 1000px) 198px, (min-width: 928px) 238px, (min-width: 856px) 298px, (min-width: 784px) 397px, (min-width: 712px) 595px, (min-width: 640px) 712px, \" \/><\/div><\/a><\/div><div class=\"awb-imageframe-caption-container\"><div class=\"awb-imageframe-caption\"><h6 class=\"awb-imageframe-caption-title\"> <\/h6><p class=\"awb-imageframe-caption-text\">1990 | 5. Jahrestag der Emilio Held Winkler Bibliothek und Archiv<\/p><\/div><\/div><\/div><div style=\"padding:2.5px;\" class=\"fusion-grid-column fusion-gallery-column fusion-gallery-column-6 hover-type-none fusion-element-landscape awb-gallery-item-hidden awb-imageframe-style awb-imageframe-style-below awb-imageframe-style-1\"><div class=\"fusion-gallery-image\"><a href=\"https:\/\/dcb.cl\/neueweb\/wp-content\/uploads\/2024\/07\/CB00370.jpg\" rel=\"noreferrer\" data-rel=\"iLightbox[gallery_image_1]\" class=\"fusion-lightbox\" target=\"_self\"><div style=\"background-image:url(https:\/\/dcb.cl\/neueweb\/wp-content\/uploads\/2024\/07\/CB00370.jpg);padding-top:calc((100% + 4px) * 0.4 - 2.5px);background-position:;\" class=\"fusion-masonry-element-container\"><img decoding=\"async\" src=\"https:\/\/dcb.cl\/neueweb\/wp-content\/uploads\/2024\/07\/CB00370.jpg\" width=\"500\" height=\"353\" alt=\"\" title=\"CB00370\" aria-label=\"CB00370\" class=\"img-responsive wp-image-331\" srcset=\"https:\/\/dcb.cl\/neueweb\/wp-content\/uploads\/2024\/07\/CB00370-200x141.jpg 200w, https:\/\/dcb.cl\/neueweb\/wp-content\/uploads\/2024\/07\/CB00370-400x282.jpg 400w, https:\/\/dcb.cl\/neueweb\/wp-content\/uploads\/2024\/07\/CB00370.jpg 500w\" sizes=\"(min-width: 2200px) 100vw, (min-width: 784px) 399px, (min-width: 712px) 598px, (min-width: 640px) 712px, \" \/><\/div><\/a><\/div><div class=\"awb-imageframe-caption-container\"><div class=\"awb-imageframe-caption\"><h6 class=\"awb-imageframe-caption-title\"> <\/h6><p class=\"awb-imageframe-caption-text\">1990 | 5. Jahrestag der Emilio Held Winkler Bibliothek und Archiv<\/p><\/div><\/div><\/div><div style=\"padding:2.5px;\" class=\"fusion-grid-column fusion-gallery-column fusion-gallery-column-6 hover-type-none fusion-element-landscape awb-gallery-item-hidden awb-imageframe-style awb-imageframe-style-below awb-imageframe-style-1\"><div class=\"fusion-gallery-image\"><a href=\"https:\/\/dcb.cl\/neueweb\/wp-content\/uploads\/2024\/07\/CB00417.jpg\" rel=\"noreferrer\" data-rel=\"iLightbox[gallery_image_1]\" class=\"fusion-lightbox\" target=\"_self\"><div style=\"background-image:url(https:\/\/dcb.cl\/neueweb\/wp-content\/uploads\/2024\/07\/CB00417.jpg);padding-top:calc((100% + 4px) * 0.4 - 2.5px);background-position:;\" class=\"fusion-masonry-element-container\"><img decoding=\"async\" src=\"https:\/\/dcb.cl\/neueweb\/wp-content\/uploads\/2024\/07\/CB00417.jpg\" width=\"500\" height=\"358\" alt=\"\" title=\"CB00417\" aria-label=\"CB00417\" class=\"img-responsive wp-image-332\" srcset=\"https:\/\/dcb.cl\/neueweb\/wp-content\/uploads\/2024\/07\/CB00417-200x143.jpg 200w, https:\/\/dcb.cl\/neueweb\/wp-content\/uploads\/2024\/07\/CB00417-400x286.jpg 400w, https:\/\/dcb.cl\/neueweb\/wp-content\/uploads\/2024\/07\/CB00417.jpg 500w\" sizes=\"(min-width: 2200px) 100vw, (min-width: 784px) 399px, (min-width: 712px) 598px, (min-width: 640px) 712px, \" \/><\/div><\/a><\/div><div class=\"awb-imageframe-caption-container\"><div class=\"awb-imageframe-caption\"><h6 class=\"awb-imageframe-caption-title\"> <\/h6><p class=\"awb-imageframe-caption-text\">1990 | Ausstellung von Bibeln, organisiert von der Emilio Held Winkler Bibliothek und dem Archiv.<\/p><\/div><\/div><\/div><div style=\"padding:2.5px;\" class=\"fusion-grid-column fusion-gallery-column fusion-gallery-column-6 hover-type-none fusion-element-landscape awb-gallery-item-hidden awb-imageframe-style awb-imageframe-style-below awb-imageframe-style-1\"><div class=\"fusion-gallery-image\"><a href=\"https:\/\/dcb.cl\/neueweb\/wp-content\/uploads\/2024\/07\/CB00840.jpg\" rel=\"noreferrer\" data-rel=\"iLightbox[gallery_image_1]\" class=\"fusion-lightbox\" target=\"_self\"><div style=\"background-image:url(https:\/\/dcb.cl\/neueweb\/wp-content\/uploads\/2024\/07\/CB00840.jpg);padding-top:calc((100% + 4px) * 0.4 - 2.5px);background-position:;\" class=\"fusion-masonry-element-container\"><img decoding=\"async\" src=\"https:\/\/dcb.cl\/neueweb\/wp-content\/uploads\/2024\/07\/CB00840.jpg\" width=\"500\" height=\"338\" alt=\"\" title=\"CB00840\" aria-label=\"CB00840\" class=\"img-responsive wp-image-333\" srcset=\"https:\/\/dcb.cl\/neueweb\/wp-content\/uploads\/2024\/07\/CB00840-200x135.jpg 200w, https:\/\/dcb.cl\/neueweb\/wp-content\/uploads\/2024\/07\/CB00840-400x270.jpg 400w, https:\/\/dcb.cl\/neueweb\/wp-content\/uploads\/2024\/07\/CB00840.jpg 500w\" sizes=\"(min-width: 2200px) 100vw, (min-width: 784px) 399px, (min-width: 712px) 598px, (min-width: 640px) 712px, \" \/><\/div><\/a><\/div><div class=\"awb-imageframe-caption-container\"><div class=\"awb-imageframe-caption\"><h6 class=\"awb-imageframe-caption-title\"> <\/h6><p class=\"awb-imageframe-caption-text\">1990 | Einrichtungen der Emilio Held Winkler Bibliothek und Archive und Aneliese Bayer, Direktorin der Einrichtung.<\/p><\/div><\/div><\/div><\/div><div class=\"fusion-loading-container fusion-clearfix awb-gallery-posts-loading-container\">\r\n\t\t\t\t<div class=\"fusion-loading-spinner\">\r\n\t\t\t\t\t<div class=\"fusion-spinner-1\"><\/div>\r\n\t\t\t\t\t<div class=\"fusion-spinner-2\"><\/div>\r\n\t\t\t\t\t<div class=\"fusion-spinner-3\"><\/div>\r\n\t\t\t\t<\/div><div class=\"fusion-loading-msg\"><em>Loading the next set of gallery items...<\/em><\/div><\/div><div class=\"awb-gallery-buttons\"><a href=\"#\" class=\"fusion-button button-flat button-default fusion-button-default-size awb-gallery-load-more-btn\">ver m\u00e1s imagenes<\/a><\/div><\/div><\/div><\/div><\/div><\/div><div class=\"fusion-fullwidth fullwidth-box fusion-builder-row-4 fusion-flex-container has-pattern-background has-mask-background faded-background fusion-parallax-none nonhundred-percent-fullwidth non-hundred-percent-height-scrolling\" style=\"--link_color: var(--awb-custom_color_8);--awb-background-position:center top;--awb-border-sizes-top:3px;--awb-border-sizes-bottom:2px;--awb-border-color:var(--awb-custom_color_12);--awb-border-radius-top-left:0px;--awb-border-radius-top-right:0px;--awb-border-radius-bottom-right:0px;--awb-border-radius-bottom-left:0px;--awb-padding-bottom:40px;--awb-background-size:cover;--awb-flex-wrap:wrap;\" ><div class=\"fullwidth-faded\" style=\"--awb-background-position:center top;--awb-background-image:url(https:\/\/dcb.cl\/neueweb\/wp-content\/uploads\/2024\/07\/infografia-bg.jpg);--awb-background-size:cover;\" ><\/div><div class=\"fusion-builder-row fusion-row fusion-flex-align-items-flex-start fusion-flex-justify-content-center fusion-flex-content-wrap\" style=\"max-width:1248px;margin-left: calc(-4% \/ 2 );margin-right: calc(-4% \/ 2 );\"><div class=\"fusion-layout-column fusion_builder_column fusion-builder-column-3 fusion_builder_column_1_1 1_1 fusion-flex-column\" style=\"--awb-bg-size:cover;--awb-width-large:100%;--awb-margin-top-large:50px;--awb-spacing-right-large:1.92%;--awb-margin-bottom-large:40px;--awb-spacing-left-large:1.92%;--awb-width-medium:100%;--awb-order-medium:0;--awb-spacing-right-medium:1.92%;--awb-spacing-left-medium:1.92%;--awb-width-small:100%;--awb-order-small:0;--awb-spacing-right-small:1.92%;--awb-spacing-left-small:1.92%;\" data-scroll-devices=\"small-visibility,medium-visibility,large-visibility\"><div class=\"fusion-column-wrapper fusion-column-has-shadow fusion-flex-justify-content-flex-start fusion-content-layout-column\"><div class=\"fusion-title title fusion-title-3 fusion-sep-none fusion-title-center fusion-title-text fusion-title-size-one\" style=\"--awb-text-color:var(--awb-custom_color_9);--awb-margin-top:4%;--awb-margin-top-small:10px;--awb-margin-right-small:0px;--awb-margin-bottom-small:10px;--awb-margin-left-small:0px;--awb-font-size:34px;\"><h1 class=\"fusion-title-heading title-heading-center\" style=\"font-family:&quot;Arvo&quot;;font-style:normal;font-weight:400;margin:0;letter-spacing:var(--awb-custom_typography_1-letter-spacing);text-transform:uppercase;font-size:1em;line-height:var(--awb-custom_typography_1-line-height);\">GESCHICHTE DER <br \/>&#8221; BIBLIOTHEK UND ARCHIV EMILIO HELD WINKLER &#8221;<\/h1><\/div><\/div><\/div><div class=\"fusion-layout-column fusion_builder_column fusion-builder-column-4 fusion_builder_column_1_3 1_3 fusion-flex-column fusion-flex-align-self-center\" style=\"--awb-bg-size:cover;--awb-width-large:33.333333333333%;--awb-margin-top-large:0px;--awb-spacing-right-large:5.76%;--awb-margin-bottom-large:0px;--awb-spacing-left-large:5.76%;--awb-width-medium:33.333333333333%;--awb-order-medium:0;--awb-spacing-right-medium:5.76%;--awb-spacing-left-medium:5.76%;--awb-width-small:100%;--awb-order-small:0;--awb-spacing-right-small:1.92%;--awb-spacing-left-small:1.92%;\" data-scroll-devices=\"small-visibility,medium-visibility,large-visibility\"><div class=\"fusion-column-wrapper fusion-column-has-shadow fusion-flex-justify-content-flex-start fusion-content-layout-column\"><div class=\"fusion-image-element \" style=\"text-align:center;--awb-max-width:300px;--awb-caption-title-font-family:var(--h2_typography-font-family);--awb-caption-title-font-weight:var(--h2_typography-font-weight);--awb-caption-title-font-style:var(--h2_typography-font-style);--awb-caption-title-size:var(--h2_typography-font-size);--awb-caption-title-transform:var(--h2_typography-text-transform);--awb-caption-title-line-height:var(--h2_typography-line-height);--awb-caption-title-letter-spacing:var(--h2_typography-letter-spacing);\"><span class=\" fusion-imageframe imageframe-none imageframe-2 hover-type-none fusion-animated\" data-animationType=\"bounceInLeft\" data-animationDuration=\"1.0\" data-animationDelay=\"0.3\" data-animationOffset=\"top-into-view\"><img decoding=\"async\" width=\"351\" height=\"400\" title=\"Archivo-historia-01\" src=\"https:\/\/dcb.cl\/neueweb\/wp-content\/uploads\/2024\/07\/Archivo-historia-01.png\" alt class=\"img-responsive wp-image-493\" srcset=\"https:\/\/dcb.cl\/neueweb\/wp-content\/uploads\/2024\/07\/Archivo-historia-01-200x228.png 200w, https:\/\/dcb.cl\/neueweb\/wp-content\/uploads\/2024\/07\/Archivo-historia-01.png 351w\" sizes=\"(max-width: 640px) 100vw, 351px\" \/><\/span><\/div><\/div><\/div><div class=\"fusion-layout-column fusion_builder_column fusion-builder-column-5 fusion_builder_column_2_3 2_3 fusion-flex-column fusion-flex-align-self-center\" style=\"--awb-bg-size:cover;--awb-width-large:66.666666666667%;--awb-margin-top-large:0px;--awb-spacing-right-large:2.88%;--awb-margin-bottom-large:0px;--awb-spacing-left-large:2.88%;--awb-width-medium:66.666666666667%;--awb-order-medium:0;--awb-spacing-right-medium:2.88%;--awb-spacing-left-medium:2.88%;--awb-width-small:100%;--awb-order-small:0;--awb-spacing-right-small:1.92%;--awb-spacing-left-small:1.92%;\" data-scroll-devices=\"small-visibility,medium-visibility,large-visibility\"><div class=\"fusion-column-wrapper fusion-column-has-shadow fusion-flex-justify-content-flex-start fusion-content-layout-column\"><div class=\"fusion-title title fusion-title-4 fusion-sep-none fusion-title-text fusion-title-size-three\" style=\"--awb-text-color:var(--awb-custom_color_9);--awb-margin-top-small:10px;--awb-margin-right-small:0px;--awb-margin-bottom-small:10px;--awb-margin-left-small:0px;--awb-font-size:var(--awb-custom_typography_1-font-size);\"><h3 class=\"fusion-title-heading title-heading-left\" style=\"font-family:var(--awb-custom_typography_1-font-family);font-weight:var(--awb-custom_typography_1-font-weight);font-style:var(--awb-custom_typography_1-font-style);margin:0;letter-spacing:var(--awb-custom_typography_1-letter-spacing);text-transform:var(--awb-custom_typography_1-text-transform);font-size:1em;line-height:var(--awb-custom_typography_1-line-height);\"><span class=\"TextRun SCXW77767310 BCX0\" lang=\"ES-CL\" data-contrast=\"auto\" xml:lang=\"ES-CL\"><span class=\"NormalTextRun SCXW77767310 BCX0\" data-ccp-charstyle=\"oypena\" data-ccp-charstyle-defn=\"{\">25. August 1984, Santiago<\/span><\/span><\/h3><\/div><div class=\"fusion-text fusion-text-2 fusion-animated\" style=\"--awb-text-color:var(--awb-custom_color_9);--awb-text-font-family:&quot;Arvo&quot;;--awb-text-font-style:normal;--awb-text-font-weight:400;\" data-animationType=\"slideInRight\" data-animationDuration=\"1.0\" data-animationOffset=\"top-into-view\"><ul>\n<li>Zwischen dem Sportverein Manquehue und de DCB wird eine Vereinbarung \u00fcber den Bau eines Geb\u00e4udes unterzeichnet, in dem Dokumente und Schriften \u00fcber die deutsche Einwanderung in Chile untergebracht werden sollen.<\/li>\n<li>Emilio Held Winkler unterzeichnet den Vertrag, seine unsch\u00e4tzbare Sammlung f\u00fcr die Gr\u00fcndung des Archivs zur Verf\u00fcgung stellen.<\/li>\n<\/ul>\n<\/div><\/div><\/div><div class=\"fusion-layout-column fusion_builder_column fusion-builder-column-6 fusion_builder_column_1_3 1_3 fusion-flex-column fusion-flex-align-self-center\" style=\"--awb-bg-size:cover;--awb-width-large:33.333333333333%;--awb-margin-top-large:0px;--awb-spacing-right-large:5.76%;--awb-margin-bottom-large:0px;--awb-spacing-left-large:5.76%;--awb-width-medium:33.333333333333%;--awb-order-medium:0;--awb-spacing-right-medium:5.76%;--awb-spacing-left-medium:5.76%;--awb-width-small:100%;--awb-order-small:0;--awb-spacing-right-small:1.92%;--awb-spacing-left-small:1.92%;\" data-scroll-devices=\"small-visibility,medium-visibility,large-visibility\"><div class=\"fusion-column-wrapper fusion-column-has-shadow fusion-flex-justify-content-flex-start fusion-content-layout-column\"><div class=\"fusion-image-element \" style=\"text-align:center;--awb-max-width:300px;--awb-caption-title-font-family:var(--h2_typography-font-family);--awb-caption-title-font-weight:var(--h2_typography-font-weight);--awb-caption-title-font-style:var(--h2_typography-font-style);--awb-caption-title-size:var(--h2_typography-font-size);--awb-caption-title-transform:var(--h2_typography-text-transform);--awb-caption-title-line-height:var(--h2_typography-line-height);--awb-caption-title-letter-spacing:var(--h2_typography-letter-spacing);\"><span class=\" fusion-imageframe imageframe-none imageframe-3 hover-type-none fusion-animated\" data-animationType=\"bounceInLeft\" data-animationDuration=\"1.0\" data-animationDelay=\"0.3\" data-animationOffset=\"top-into-view\"><img decoding=\"async\" width=\"351\" height=\"400\" title=\"Archivo-historia-02\" src=\"https:\/\/dcb.cl\/neueweb\/wp-content\/uploads\/2024\/07\/Archivo-historia-02.png\" alt class=\"img-responsive wp-image-494\" srcset=\"https:\/\/dcb.cl\/neueweb\/wp-content\/uploads\/2024\/07\/Archivo-historia-02-200x228.png 200w, https:\/\/dcb.cl\/neueweb\/wp-content\/uploads\/2024\/07\/Archivo-historia-02.png 351w\" sizes=\"(max-width: 640px) 100vw, 351px\" \/><\/span><\/div><\/div><\/div><div class=\"fusion-layout-column fusion_builder_column fusion-builder-column-7 fusion_builder_column_2_3 2_3 fusion-flex-column fusion-flex-align-self-center\" style=\"--awb-bg-size:cover;--awb-width-large:66.666666666667%;--awb-margin-top-large:0px;--awb-spacing-right-large:2.88%;--awb-margin-bottom-large:0px;--awb-spacing-left-large:2.88%;--awb-width-medium:66.666666666667%;--awb-order-medium:0;--awb-spacing-right-medium:2.88%;--awb-spacing-left-medium:2.88%;--awb-width-small:100%;--awb-order-small:0;--awb-spacing-right-small:1.92%;--awb-spacing-left-small:1.92%;\" data-scroll-devices=\"small-visibility,medium-visibility,large-visibility\"><div class=\"fusion-column-wrapper fusion-column-has-shadow fusion-flex-justify-content-flex-start fusion-content-layout-column\"><div class=\"fusion-title title fusion-title-5 fusion-sep-none fusion-title-text fusion-title-size-three\" style=\"--awb-text-color:var(--awb-custom_color_9);--awb-margin-top-small:10px;--awb-margin-right-small:0px;--awb-margin-bottom-small:10px;--awb-margin-left-small:0px;--awb-font-size:var(--awb-custom_typography_1-font-size);\"><h3 class=\"fusion-title-heading title-heading-left\" style=\"font-family:var(--awb-custom_typography_1-font-family);font-weight:var(--awb-custom_typography_1-font-weight);font-style:var(--awb-custom_typography_1-font-style);margin:0;letter-spacing:var(--awb-custom_typography_1-letter-spacing);text-transform:var(--awb-custom_typography_1-text-transform);font-size:1em;line-height:var(--awb-custom_typography_1-line-height);\">30 November 1985: Feierliche Er\u00f6ffnung<\/h3><\/div><div class=\"fusion-text fusion-text-3 fusion-animated\" style=\"--awb-text-color:var(--awb-custom_color_9);--awb-text-font-family:&quot;Arvo&quot;;--awb-text-font-style:normal;--awb-text-font-weight:400;\" data-animationType=\"slideInRight\" data-animationDuration=\"1.0\" data-animationOffset=\"top-into-view\"><ul>\n<li>Am 30. November 1985 fand die Einweihungszeremonie der Bibliothek und des Archivs Emilio Held Winkler statt, bei der beschlossen wurde, ein Leitungskomitee f\u00fcr das Dokumentationszentrum einzurichten und ein Spendenbuch zu f\u00fchren.<\/li>\n<\/ul>\n<\/div><\/div><\/div><div class=\"fusion-layout-column fusion_builder_column fusion-builder-column-8 fusion_builder_column_1_3 1_3 fusion-flex-column fusion-flex-align-self-center\" style=\"--awb-bg-size:cover;--awb-width-large:33.333333333333%;--awb-margin-top-large:0px;--awb-spacing-right-large:5.76%;--awb-margin-bottom-large:5px;--awb-spacing-left-large:5.76%;--awb-width-medium:33.333333333333%;--awb-order-medium:0;--awb-spacing-right-medium:5.76%;--awb-spacing-left-medium:5.76%;--awb-width-small:100%;--awb-order-small:0;--awb-spacing-right-small:1.92%;--awb-spacing-left-small:1.92%;\" data-scroll-devices=\"small-visibility,medium-visibility,large-visibility\"><div class=\"fusion-column-wrapper fusion-column-has-shadow fusion-flex-justify-content-flex-start fusion-content-layout-column\"><div class=\"fusion-image-element \" style=\"text-align:center;--awb-caption-title-font-family:var(--h2_typography-font-family);--awb-caption-title-font-weight:var(--h2_typography-font-weight);--awb-caption-title-font-style:var(--h2_typography-font-style);--awb-caption-title-size:var(--h2_typography-font-size);--awb-caption-title-transform:var(--h2_typography-text-transform);--awb-caption-title-line-height:var(--h2_typography-line-height);--awb-caption-title-letter-spacing:var(--h2_typography-letter-spacing);\"><span class=\" fusion-imageframe imageframe-none imageframe-4 hover-type-none fusion-animated\" data-animationType=\"bounceInLeft\" data-animationDuration=\"1.0\" data-animationDelay=\"0.3\" data-animationOffset=\"top-into-view\"><img decoding=\"async\" width=\"412\" height=\"400\" title=\"Archivo-historia-03\" src=\"https:\/\/dcb.cl\/neueweb\/wp-content\/uploads\/2024\/07\/Archivo-historia-03.png\" alt class=\"img-responsive wp-image-495\" srcset=\"https:\/\/dcb.cl\/neueweb\/wp-content\/uploads\/2024\/07\/Archivo-historia-03-200x194.png 200w, https:\/\/dcb.cl\/neueweb\/wp-content\/uploads\/2024\/07\/Archivo-historia-03-400x388.png 400w, https:\/\/dcb.cl\/neueweb\/wp-content\/uploads\/2024\/07\/Archivo-historia-03.png 412w\" sizes=\"(max-width: 640px) 100vw, 400px\" \/><\/span><\/div><\/div><\/div><div class=\"fusion-layout-column fusion_builder_column fusion-builder-column-9 fusion_builder_column_2_3 2_3 fusion-flex-column fusion-flex-align-self-center\" style=\"--awb-bg-size:cover;--awb-width-large:66.666666666667%;--awb-margin-top-large:0px;--awb-spacing-right-large:2.88%;--awb-margin-bottom-large:20px;--awb-spacing-left-large:2.88%;--awb-width-medium:66.666666666667%;--awb-order-medium:0;--awb-spacing-right-medium:2.88%;--awb-spacing-left-medium:2.88%;--awb-width-small:100%;--awb-order-small:0;--awb-spacing-right-small:1.92%;--awb-spacing-left-small:1.92%;\" data-scroll-devices=\"small-visibility,medium-visibility,large-visibility\"><div class=\"fusion-column-wrapper fusion-column-has-shadow fusion-flex-justify-content-flex-start fusion-content-layout-column\"><div class=\"fusion-title title fusion-title-6 fusion-sep-none fusion-title-text fusion-title-size-three\" style=\"--awb-text-color:var(--awb-custom_color_9);--awb-margin-top-small:10px;--awb-margin-right-small:0px;--awb-margin-bottom-small:10px;--awb-margin-left-small:0px;--awb-font-size:var(--awb-custom_typography_1-font-size);\"><h3 class=\"fusion-title-heading title-heading-left\" style=\"font-family:var(--awb-custom_typography_1-font-family);font-weight:var(--awb-custom_typography_1-font-weight);font-style:var(--awb-custom_typography_1-font-style);margin:0;letter-spacing:var(--awb-custom_typography_1-letter-spacing);text-transform:var(--awb-custom_typography_1-text-transform);font-size:1em;line-height:var(--awb-custom_typography_1-line-height);\">1990 \u2013 2000, einige wichtige Daten<\/h3><\/div><div class=\"fusion-text fusion-text-4 fusion-animated\" style=\"--awb-text-color:var(--awb-custom_color_9);--awb-text-font-family:&quot;Arvo&quot;;--awb-text-font-style:normal;--awb-text-font-weight:400;\" data-animationType=\"slideInRight\" data-animationDuration=\"1.0\" data-animationOffset=\"top-into-view\"><ul>\n<li>30.11.1995: Feier zum 10-j\u00e4hrigen Bestehen des Archivs. Zu diesem Anlass wurde der Raum &#8220;HELD&#8221; mit f\u00fcnf Vitrinen und einer Dauerausstellung eingeweiht. <\/li>\n<li>18.08.1999: \u00dcbergabe des Genealogischen Archivs von Inge Schwarzenberg &#8211; wird zu einem der am meisten konsultierten Materialien.<\/li>\n<\/ul>\n<\/div><\/div><\/div><div class=\"fusion-layout-column fusion_builder_column fusion-builder-column-10 fusion_builder_column_1_3 1_3 fusion-flex-column fusion-flex-align-self-center\" style=\"--awb-bg-size:cover;--awb-width-large:33.333333333333%;--awb-margin-top-large:0px;--awb-spacing-right-large:5.76%;--awb-margin-bottom-large:0px;--awb-spacing-left-large:5.76%;--awb-width-medium:33.333333333333%;--awb-order-medium:0;--awb-spacing-right-medium:5.76%;--awb-spacing-left-medium:5.76%;--awb-width-small:100%;--awb-order-small:0;--awb-spacing-right-small:1.92%;--awb-spacing-left-small:1.92%;\" data-scroll-devices=\"small-visibility,medium-visibility,large-visibility\"><div class=\"fusion-column-wrapper fusion-column-has-shadow fusion-flex-justify-content-flex-start fusion-content-layout-column\"><div class=\"fusion-image-element \" style=\"text-align:center;--awb-max-width:300px;--awb-caption-title-font-family:var(--h2_typography-font-family);--awb-caption-title-font-weight:var(--h2_typography-font-weight);--awb-caption-title-font-style:var(--h2_typography-font-style);--awb-caption-title-size:var(--h2_typography-font-size);--awb-caption-title-transform:var(--h2_typography-text-transform);--awb-caption-title-line-height:var(--h2_typography-line-height);--awb-caption-title-letter-spacing:var(--h2_typography-letter-spacing);\"><span class=\" fusion-imageframe imageframe-none imageframe-5 hover-type-none fusion-animated\" data-animationType=\"bounceInLeft\" data-animationDuration=\"1.0\" data-animationDelay=\"0.3\" data-animationOffset=\"top-into-view\"><img decoding=\"async\" width=\"351\" height=\"400\" title=\"Archivo-historia-04\" src=\"https:\/\/dcb.cl\/neueweb\/wp-content\/uploads\/2024\/07\/Archivo-historia-04.png\" alt class=\"img-responsive wp-image-496\" srcset=\"https:\/\/dcb.cl\/neueweb\/wp-content\/uploads\/2024\/07\/Archivo-historia-04-200x228.png 200w, https:\/\/dcb.cl\/neueweb\/wp-content\/uploads\/2024\/07\/Archivo-historia-04.png 351w\" sizes=\"(max-width: 640px) 100vw, 351px\" \/><\/span><\/div><\/div><\/div><div class=\"fusion-layout-column fusion_builder_column fusion-builder-column-11 fusion_builder_column_2_3 2_3 fusion-flex-column fusion-flex-align-self-center\" style=\"--awb-bg-size:cover;--awb-width-large:66.666666666667%;--awb-margin-top-large:0px;--awb-spacing-right-large:2.88%;--awb-margin-bottom-large:0px;--awb-spacing-left-large:2.88%;--awb-width-medium:66.666666666667%;--awb-order-medium:0;--awb-spacing-right-medium:2.88%;--awb-spacing-left-medium:2.88%;--awb-width-small:100%;--awb-order-small:0;--awb-spacing-right-small:1.92%;--awb-spacing-left-small:1.92%;\" data-scroll-devices=\"small-visibility,medium-visibility,large-visibility\"><div class=\"fusion-column-wrapper fusion-column-has-shadow fusion-flex-justify-content-flex-start fusion-content-layout-column\"><div class=\"fusion-title title fusion-title-7 fusion-sep-none fusion-title-text fusion-title-size-three\" style=\"--awb-text-color:var(--awb-custom_color_9);--awb-margin-top-small:10px;--awb-margin-right-small:0px;--awb-margin-bottom-small:10px;--awb-margin-left-small:0px;--awb-font-size:var(--awb-custom_typography_1-font-size);\"><h3 class=\"fusion-title-heading title-heading-left\" style=\"font-family:var(--awb-custom_typography_1-font-family);font-weight:var(--awb-custom_typography_1-font-weight);font-style:var(--awb-custom_typography_1-font-style);margin:0;letter-spacing:var(--awb-custom_typography_1-letter-spacing);text-transform:var(--awb-custom_typography_1-text-transform);font-size:1em;line-height:var(--awb-custom_typography_1-line-height);\">2000 \u2013 Bis heute:<\/h3><\/div><div class=\"fusion-text fusion-text-5 fusion-animated\" style=\"--awb-text-color:var(--awb-custom_color_9);--awb-text-font-family:&quot;Arvo&quot;;--awb-text-font-style:normal;--awb-text-font-weight:400;\" data-animationType=\"slideInRight\" data-animationDuration=\"1.0\" data-animationOffset=\"top-into-view\"><ul>\n<li>Anfang 2006: Das Projekt &#8220;Rettung und Aufwertung des Archivs&#8221; beginnt. Eine Initiative, die die Katalogisierung, Konservierung und Digitalisierung der wichtigsten Dokumente und Fotografien der deutschen Einwanderung in Chile vorschlug. Ein Vorschlag, der vom deutschen Ausw\u00e4rtigen Amt ma\u00dfgeblich finanziell unterst\u00fctzt wurde.  <\/li>\n<\/ul>\n<\/div><\/div><\/div><div class=\"fusion-layout-column fusion_builder_column fusion-builder-column-12 fusion_builder_column_2_5 2_5 fusion-flex-column fusion-flex-align-self-flex-start\" style=\"--awb-bg-size:cover;--awb-width-large:40%;--awb-margin-top-large:0px;--awb-spacing-right-large:25px;--awb-margin-bottom-large:20px;--awb-spacing-left-large:4.8%;--awb-width-medium:40%;--awb-order-medium:0;--awb-spacing-right-medium:25px;--awb-spacing-left-medium:4.8%;--awb-width-small:100%;--awb-order-small:0;--awb-spacing-right-small:1.92%;--awb-spacing-left-small:1.92%;\" data-scroll-devices=\"small-visibility,medium-visibility,large-visibility\"><div class=\"fusion-column-wrapper fusion-column-has-shadow fusion-flex-justify-content-flex-start fusion-content-layout-column\"><div class=\"fusion-image-element \" style=\"text-align:center;--awb-max-width:250px;--awb-caption-title-font-family:var(--h2_typography-font-family);--awb-caption-title-font-weight:var(--h2_typography-font-weight);--awb-caption-title-font-style:var(--h2_typography-font-style);--awb-caption-title-size:var(--h2_typography-font-size);--awb-caption-title-transform:var(--h2_typography-text-transform);--awb-caption-title-line-height:var(--h2_typography-line-height);--awb-caption-title-letter-spacing:var(--h2_typography-letter-spacing);\"><span class=\" fusion-imageframe imageframe-none imageframe-6 hover-type-none fusion-animated\" data-animationType=\"bounceInLeft\" data-animationDuration=\"1.0\" data-animationDelay=\"0.3\" data-animationOffset=\"top-into-view\"><img decoding=\"async\" width=\"350\" height=\"351\" title=\"Archivo-historia-05\" src=\"https:\/\/dcb.cl\/neueweb\/wp-content\/uploads\/2024\/07\/Archivo-historia-05.png\" alt class=\"img-responsive wp-image-497\" srcset=\"https:\/\/dcb.cl\/neueweb\/wp-content\/uploads\/2024\/07\/Archivo-historia-05-200x201.png 200w, https:\/\/dcb.cl\/neueweb\/wp-content\/uploads\/2024\/07\/Archivo-historia-05.png 350w\" sizes=\"(max-width: 640px) 100vw, 350px\" \/><\/span><\/div><div class=\"fusion-text fusion-text-6 fusion-animated\" style=\"--awb-font-size:14px;--awb-text-color:var(--awb-custom_color_9);--awb-text-font-family:&quot;Arvo&quot;;--awb-text-font-style:normal;--awb-text-font-weight:400;\" data-animationType=\"slideInLeft\" data-animationDuration=\"1.0\" data-animationDelay=\"0.3\" data-animationOffset=\"top-into-view\"><ul>\n<li>Seit der Gr\u00fcndung des Archivs wurden zahlreiche Ausstellungen in Santiago und anderen Regionen veranstalltet, hier sind einige davon: <br \/>&#8220;S.M.S. Dresden&#8221;, &#8220;10 Jahre Historisches Archiv&#8221;, &#8220;Deutsche Kolonialisierung und Sch\u00e4tze des Archivs&#8221;.<\/li>\n<li>25.07.2024: &#8220;Rudolph Philippi: Nichts ist erhabener als das Studium der Natur&#8221;<\/li>\n<\/ul>\n<\/div><\/div><\/div><div class=\"fusion-layout-column fusion_builder_column fusion-builder-column-13 fusion_builder_column_2_5 2_5 fusion-flex-column fusion-flex-align-self-flex-start\" style=\"--awb-bg-size:cover;--awb-width-large:40%;--awb-margin-top-large:0px;--awb-spacing-right-large:4.8%;--awb-margin-bottom-large:20px;--awb-spacing-left-large:25px;--awb-width-medium:40%;--awb-order-medium:0;--awb-spacing-right-medium:4.8%;--awb-spacing-left-medium:25px;--awb-width-small:100%;--awb-order-small:0;--awb-spacing-right-small:1.92%;--awb-spacing-left-small:1.92%;\" data-scroll-devices=\"small-visibility,medium-visibility,large-visibility\"><div class=\"fusion-column-wrapper fusion-column-has-shadow fusion-flex-justify-content-flex-start fusion-content-layout-column\"><div class=\"fusion-image-element \" style=\"text-align:center;--awb-max-width:250px;--awb-caption-title-font-family:var(--h2_typography-font-family);--awb-caption-title-font-weight:var(--h2_typography-font-weight);--awb-caption-title-font-style:var(--h2_typography-font-style);--awb-caption-title-size:var(--h2_typography-font-size);--awb-caption-title-transform:var(--h2_typography-text-transform);--awb-caption-title-line-height:var(--h2_typography-line-height);--awb-caption-title-letter-spacing:var(--h2_typography-letter-spacing);\"><span class=\" fusion-imageframe imageframe-none imageframe-7 hover-type-none fusion-animated\" data-animationType=\"bounceInRight\" data-animationDuration=\"1.0\" data-animationDelay=\"0.3\" data-animationOffset=\"top-into-view\"><img decoding=\"async\" width=\"350\" height=\"351\" title=\"Archivo-historia-06\" src=\"https:\/\/dcb.cl\/neueweb\/wp-content\/uploads\/2024\/07\/Archivo-historia-06.png\" alt class=\"img-responsive wp-image-498\" srcset=\"https:\/\/dcb.cl\/neueweb\/wp-content\/uploads\/2024\/07\/Archivo-historia-06-200x201.png 200w, https:\/\/dcb.cl\/neueweb\/wp-content\/uploads\/2024\/07\/Archivo-historia-06.png 350w\" sizes=\"(max-width: 640px) 100vw, 350px\" \/><\/span><\/div><div class=\"fusion-text fusion-text-7 fusion-animated\" style=\"--awb-font-size:14px;--awb-text-color:var(--awb-custom_color_9);--awb-text-font-family:&quot;Arvo&quot;;--awb-text-font-style:normal;--awb-text-font-weight:400;\" data-animationType=\"slideInRight\" data-animationDuration=\"1.0\" data-animationDelay=\"0.3\" data-animationOffset=\"top-into-view\"><p>Dank der Dokumentation, die sich im Archiv befindet, wurden zahlreiche Texte ver\u00f6ffentlicht und aufgelegt, hier einige davon: <\/p>\n<ul>\n<li>&#8220;Die Pioniere von Llanquihue&#8221;<\/li>\n<li>&#8220;Auf den Spuren Dresdens&#8221;<\/li>\n<li>\u201cDie Deutschen und die deutsch-chilenische Gemeinschaft in der Geschichte Chiles\u201d<\/li>\n<li>&#8220;Die Valck-Pioniere&#8221;<\/li>\n<li>&#8220;Die Deutschen in Patagonien&#8221;<\/li>\n<li>&#8220;Die Deutschen in Chile: Einwanderung und Kolonisation 1849-1914&#8221;<\/li>\n<li>&#8220;Neue Geschichte von Valdivia&#8221;<\/li>\n<\/ul>\n<\/div><\/div><\/div><\/div><\/div><\/p>\n","protected":false},"excerpt":{"rendered":"","protected":false},"author":1,"featured_media":0,"parent":6935,"menu_order":1,"comment_status":"closed","ping_status":"closed","template":"100-width.php","meta":{"footnotes":""},"class_list":["post-6929","page","type-page","status-publish","hentry"],"yoast_head":"<!-- This site is optimized with the Yoast SEO plugin v27.3 - https:\/\/yoast.com\/product\/yoast-seo-wordpress\/ -->\n<title>Geschichte - Deutsch - Chilenischer Bund<\/title>\n<meta name=\"robots\" content=\"index, follow, max-snippet:-1, max-image-preview:large, max-video-preview:-1\" \/>\n<link rel=\"canonical\" href=\"https:\/\/dcb.cl\/de\/bibliothek-und-archiv\/geschichte\/\" \/>\n<meta property=\"og:locale\" content=\"de_DE\" \/>\n<meta property=\"og:type\" content=\"article\" \/>\n<meta property=\"og:title\" content=\"Geschichte - Deutsch - Chilenischer Bund\" \/>\n<meta property=\"og:url\" content=\"https:\/\/dcb.cl\/de\/bibliothek-und-archiv\/geschichte\/\" \/>\n<meta property=\"og:site_name\" content=\"Deutsch - Chilenischer Bund\" \/>\n<meta property=\"article:modified_time\" content=\"2024-10-15T20:56:31+00:00\" \/>\n<meta name=\"twitter:card\" content=\"summary_large_image\" \/>\n<meta name=\"twitter:label1\" content=\"Est. reading time\" \/>\n\t<meta name=\"twitter:data1\" content=\"77 minutes\" \/>\n<script type=\"application\/ld+json\" class=\"yoast-schema-graph\">{\"@context\":\"https:\\\/\\\/schema.org\",\"@graph\":[{\"@type\":\"WebPage\",\"@id\":\"https:\\\/\\\/dcb.cl\\\/de\\\/bibliothek-und-archiv\\\/geschichte\\\/\",\"url\":\"https:\\\/\\\/dcb.cl\\\/de\\\/bibliothek-und-archiv\\\/geschichte\\\/\",\"name\":\"Geschichte - Deutsch - Chilenischer Bund\",\"isPartOf\":{\"@id\":\"https:\\\/\\\/dcb.cl\\\/de\\\/#website\"},\"datePublished\":\"2024-07-19T02:21:37+00:00\",\"dateModified\":\"2024-10-15T20:56:31+00:00\",\"breadcrumb\":{\"@id\":\"https:\\\/\\\/dcb.cl\\\/de\\\/bibliothek-und-archiv\\\/geschichte\\\/#breadcrumb\"},\"inLanguage\":\"de-DE\",\"potentialAction\":[{\"@type\":\"ReadAction\",\"target\":[\"https:\\\/\\\/dcb.cl\\\/de\\\/bibliothek-und-archiv\\\/geschichte\\\/\"]}]},{\"@type\":\"BreadcrumbList\",\"@id\":\"https:\\\/\\\/dcb.cl\\\/de\\\/bibliothek-und-archiv\\\/geschichte\\\/#breadcrumb\",\"itemListElement\":[{\"@type\":\"ListItem\",\"position\":1,\"name\":\"Portada\",\"item\":\"https:\\\/\\\/dcb.cl\\\/de\\\/home\\\/\"},{\"@type\":\"ListItem\",\"position\":2,\"name\":\"Bibliothek und Archiv\",\"item\":\"https:\\\/\\\/dcb.cl\\\/de\\\/bibliothek-und-archiv\\\/\"},{\"@type\":\"ListItem\",\"position\":3,\"name\":\"Geschichte\"}]},{\"@type\":\"WebSite\",\"@id\":\"https:\\\/\\\/dcb.cl\\\/de\\\/#website\",\"url\":\"https:\\\/\\\/dcb.cl\\\/de\\\/\",\"name\":\"Deutsch - Chilenischer Bund\",\"description\":\"\",\"publisher\":{\"@id\":\"https:\\\/\\\/dcb.cl\\\/de\\\/#organization\"},\"potentialAction\":[{\"@type\":\"SearchAction\",\"target\":{\"@type\":\"EntryPoint\",\"urlTemplate\":\"https:\\\/\\\/dcb.cl\\\/de\\\/?s={search_term_string}\"},\"query-input\":{\"@type\":\"PropertyValueSpecification\",\"valueRequired\":true,\"valueName\":\"search_term_string\"}}],\"inLanguage\":\"de-DE\"},{\"@type\":\"Organization\",\"@id\":\"https:\\\/\\\/dcb.cl\\\/de\\\/#organization\",\"name\":\"Deutsch - Chilenischer Bund\",\"url\":\"https:\\\/\\\/dcb.cl\\\/de\\\/\",\"logo\":{\"@type\":\"ImageObject\",\"inLanguage\":\"de-DE\",\"@id\":\"https:\\\/\\\/dcb.cl\\\/de\\\/#\\\/schema\\\/logo\\\/image\\\/\",\"url\":\"https:\\\/\\\/dcb.cl\\\/neueweb\\\/wp-content\\\/uploads\\\/2024\\\/02\\\/logo-DCB.svg\",\"contentUrl\":\"https:\\\/\\\/dcb.cl\\\/neueweb\\\/wp-content\\\/uploads\\\/2024\\\/02\\\/logo-DCB.svg\",\"width\":200,\"height\":100,\"caption\":\"Deutsch - Chilenischer Bund\"},\"image\":{\"@id\":\"https:\\\/\\\/dcb.cl\\\/de\\\/#\\\/schema\\\/logo\\\/image\\\/\"}}]}<\/script>\n<!-- \/ Yoast SEO plugin. -->","yoast_head_json":{"title":"Geschichte - Deutsch - Chilenischer Bund","robots":{"index":"index","follow":"follow","max-snippet":"max-snippet:-1","max-image-preview":"max-image-preview:large","max-video-preview":"max-video-preview:-1"},"canonical":"https:\/\/dcb.cl\/de\/bibliothek-und-archiv\/geschichte\/","og_locale":"de_DE","og_type":"article","og_title":"Geschichte - Deutsch - Chilenischer Bund","og_url":"https:\/\/dcb.cl\/de\/bibliothek-und-archiv\/geschichte\/","og_site_name":"Deutsch - Chilenischer Bund","article_modified_time":"2024-10-15T20:56:31+00:00","twitter_card":"summary_large_image","twitter_misc":{"Est. reading time":"77 minutes"},"schema":{"@context":"https:\/\/schema.org","@graph":[{"@type":"WebPage","@id":"https:\/\/dcb.cl\/de\/bibliothek-und-archiv\/geschichte\/","url":"https:\/\/dcb.cl\/de\/bibliothek-und-archiv\/geschichte\/","name":"Geschichte - Deutsch - Chilenischer Bund","isPartOf":{"@id":"https:\/\/dcb.cl\/de\/#website"},"datePublished":"2024-07-19T02:21:37+00:00","dateModified":"2024-10-15T20:56:31+00:00","breadcrumb":{"@id":"https:\/\/dcb.cl\/de\/bibliothek-und-archiv\/geschichte\/#breadcrumb"},"inLanguage":"de-DE","potentialAction":[{"@type":"ReadAction","target":["https:\/\/dcb.cl\/de\/bibliothek-und-archiv\/geschichte\/"]}]},{"@type":"BreadcrumbList","@id":"https:\/\/dcb.cl\/de\/bibliothek-und-archiv\/geschichte\/#breadcrumb","itemListElement":[{"@type":"ListItem","position":1,"name":"Portada","item":"https:\/\/dcb.cl\/de\/home\/"},{"@type":"ListItem","position":2,"name":"Bibliothek und Archiv","item":"https:\/\/dcb.cl\/de\/bibliothek-und-archiv\/"},{"@type":"ListItem","position":3,"name":"Geschichte"}]},{"@type":"WebSite","@id":"https:\/\/dcb.cl\/de\/#website","url":"https:\/\/dcb.cl\/de\/","name":"Deutsch - Chilenischer Bund","description":"","publisher":{"@id":"https:\/\/dcb.cl\/de\/#organization"},"potentialAction":[{"@type":"SearchAction","target":{"@type":"EntryPoint","urlTemplate":"https:\/\/dcb.cl\/de\/?s={search_term_string}"},"query-input":{"@type":"PropertyValueSpecification","valueRequired":true,"valueName":"search_term_string"}}],"inLanguage":"de-DE"},{"@type":"Organization","@id":"https:\/\/dcb.cl\/de\/#organization","name":"Deutsch - Chilenischer Bund","url":"https:\/\/dcb.cl\/de\/","logo":{"@type":"ImageObject","inLanguage":"de-DE","@id":"https:\/\/dcb.cl\/de\/#\/schema\/logo\/image\/","url":"https:\/\/dcb.cl\/neueweb\/wp-content\/uploads\/2024\/02\/logo-DCB.svg","contentUrl":"https:\/\/dcb.cl\/neueweb\/wp-content\/uploads\/2024\/02\/logo-DCB.svg","width":200,"height":100,"caption":"Deutsch - Chilenischer Bund"},"image":{"@id":"https:\/\/dcb.cl\/de\/#\/schema\/logo\/image\/"}}]}},"_links":{"self":[{"href":"https:\/\/dcb.cl\/de\/wp-json\/wp\/v2\/pages\/6929","targetHints":{"allow":["GET"]}}],"collection":[{"href":"https:\/\/dcb.cl\/de\/wp-json\/wp\/v2\/pages"}],"about":[{"href":"https:\/\/dcb.cl\/de\/wp-json\/wp\/v2\/types\/page"}],"author":[{"embeddable":true,"href":"https:\/\/dcb.cl\/de\/wp-json\/wp\/v2\/users\/1"}],"replies":[{"embeddable":true,"href":"https:\/\/dcb.cl\/de\/wp-json\/wp\/v2\/comments?post=6929"}],"version-history":[{"count":4,"href":"https:\/\/dcb.cl\/de\/wp-json\/wp\/v2\/pages\/6929\/revisions"}],"predecessor-version":[{"id":7114,"href":"https:\/\/dcb.cl\/de\/wp-json\/wp\/v2\/pages\/6929\/revisions\/7114"}],"up":[{"embeddable":true,"href":"https:\/\/dcb.cl\/de\/wp-json\/wp\/v2\/pages\/6935"}],"wp:attachment":[{"href":"https:\/\/dcb.cl\/de\/wp-json\/wp\/v2\/media?parent=6929"}],"curies":[{"name":"wp","href":"https:\/\/api.w.org\/{rel}","templated":true}]}}