{"id":6943,"date":"2024-07-22T16:35:12","date_gmt":"2024-07-22T20:35:12","guid":{"rendered":"https:\/\/dcb.cl\/home\/"},"modified":"2026-01-08T16:20:40","modified_gmt":"2026-01-08T19:20:40","slug":"home","status":"publish","type":"page","link":"https:\/\/dcb.cl\/de\/","title":{"rendered":"home"},"content":{"rendered":"<p><div class=\"fusion-bg-parallax\" data-bg-align=\"center center\" data-direction=\"up\" data-mute=\"false\" data-opacity=\"100\" data-velocity=\"-0.3\" data-mobile-enabled=\"false\" data-break_parents=\"0\" data-bg-image=\"https:\/\/dcb.cl\/neueweb\/wp-content\/uploads\/2024\/12\/DCB_edificio-institicion_ppal.jpg\" data-bg-repeat=\"false\" ><\/div><div class=\"fusion-fullwidth fullwidth-box fusion-builder-row-1 fusion-flex-container has-pattern-background has-mask-background fusion-parallax-up hundred-percent-fullwidth hundred-percent-height hundred-percent-height-center-content non-hundred-percent-height-scrolling\" style=\"--awb-border-radius-top-left:0px;--awb-border-radius-top-right:0px;--awb-border-radius-bottom-right:0px;--awb-border-radius-bottom-left:0px;--awb-margin-top:0px;--awb-margin-bottom:50px;--awb-background-image:url(&quot;https:\/\/dcb.cl\/neueweb\/wp-content\/uploads\/2024\/12\/DCB_edificio-institicion_ppal.jpg&quot;);--awb-background-size:cover;--awb-flex-wrap:wrap;\" ><div class=\"fusion-builder-row fusion-row fusion-flex-align-items-center fusion-flex-align-content-center fusion-flex-justify-content-center fusion-flex-content-wrap\" style=\"width:104% !important;max-width:104% !important;margin-left: calc(-4% \/ 2 );margin-right: calc(-4% \/ 2 );\"><div class=\"fusion-layout-column fusion_builder_column fusion-builder-column-0 fusion_builder_column_4_5 4_5 fusion-flex-column\" style=\"--awb-padding-right:4%;--awb-padding-bottom:2%;--awb-padding-left:4%;--awb-overflow:hidden;--awb-bg-color:rgba(249,249,251,0.9);--awb-bg-color-hover:rgba(249,249,251,0.9);--awb-bg-size:cover;--awb-border-radius:10px 10px 10px 10px;--awb-width-large:80%;--awb-margin-top-large:0px;--awb-spacing-right-large:2.4%;--awb-margin-bottom-large:20px;--awb-spacing-left-large:2.4%;--awb-width-medium:80%;--awb-order-medium:0;--awb-spacing-right-medium:2.4%;--awb-spacing-left-medium:2.4%;--awb-width-small:100%;--awb-order-small:0;--awb-spacing-right-small:1.92%;--awb-spacing-left-small:1.92%;\" data-scroll-devices=\"small-visibility,medium-visibility,large-visibility\"><div class=\"fusion-column-wrapper fusion-column-has-shadow fusion-flex-justify-content-flex-start fusion-content-layout-column\"><div class=\"fusion-text fusion-text-1\"><h1 style=\"text-align: center;\">Willkommen beim Deutsch-Chilenischen Bund (DCB)<\/h1>\n<p>Entdecke die Verschmelzung zweier lebendiger Kulturen! Im Deutsch-Chilenischen Bund widmen wir uns der F\u00f6rderung des kulturellen, bildungsbezogenen und sozialen Austauschs zwischen Chile und und dem deutschsprachigem Raum. Unser Ziel ist es, historische und zeitgen\u00f6ssische Beziehungen durch Aktivit\u00e4ten zu st\u00e4rken, die unsere gemeinsamen Traditionen und Innovationen feiern.<\/p>\n<p>Mach mit und nimm an kulturellen Veranstaltungen, Austauschprogrammen, Ausstellungen und vielem mehr teil. Hier ist jedes Treffen eine Gelegenheit, in einem bereichernden und vielf\u00e4ltigen Umfeld zu lernen, zu wachsen und dauerhafte Freundschaften zu schlie\u00dfen.<\/p>\n<p style=\"text-align: center;\"><strong>Entdecke, lerne und wachse mit uns!<\/strong><\/p>\n<\/div><\/div><\/div><\/div><\/div><div class=\"fusion-fullwidth fullwidth-box fusion-builder-row-2 fusion-flex-container has-pattern-background has-mask-background nonhundred-percent-fullwidth non-hundred-percent-height-scrolling\" style=\"--link_color: var(--awb-color6);--awb-border-sizes-bottom:2px;--awb-border-color:var(--awb-custom_color_4);--awb-border-radius-top-left:0px;--awb-border-radius-top-right:0px;--awb-border-radius-bottom-right:0px;--awb-border-radius-bottom-left:0px;--awb-padding-top:40px;--awb-padding-bottom:40px;--awb-flex-wrap:wrap;\" ><div class=\"fusion-builder-row fusion-row fusion-flex-align-items-flex-start fusion-flex-content-wrap\" style=\"max-width:1248px;margin-left: calc(-4% \/ 2 );margin-right: calc(-4% \/ 2 );\"><div class=\"fusion-layout-column fusion_builder_column fusion-builder-column-1 fusion_builder_column_1_2 1_2 fusion-flex-column fusion-flex-align-self-stretch\" style=\"--awb-bg-size:cover;--awb-width-large:50%;--awb-margin-top-large:0px;--awb-spacing-right-large:3.84%;--awb-margin-bottom-large:20px;--awb-spacing-left-large:3.84%;--awb-width-medium:50%;--awb-order-medium:0;--awb-spacing-right-medium:3.84%;--awb-spacing-left-medium:3.84%;--awb-width-small:100%;--awb-order-small:0;--awb-spacing-right-small:1.92%;--awb-spacing-left-small:1.92%;\" data-scroll-devices=\"small-visibility,medium-visibility,large-visibility\"><div class=\"fusion-column-wrapper fusion-column-has-shadow fusion-flex-justify-content-flex-start fusion-content-layout-column\"><div class=\"fusion-title title fusion-title-1 sep-underline sep-solid fusion-title-text fusion-title-size-one\" style=\"--awb-margin-top-small:10px;--awb-margin-right-small:0px;--awb-margin-bottom-small:10px;--awb-margin-left-small:0px;\"><h1 class=\"fusion-title-heading title-heading-left\" style=\"margin:0;\">Neuigkeiten<\/h1><\/div><div class=\"fusion-blog-shortcode fusion-blog-shortcode-1 fusion-blog-archive fusion-blog-layout-grid-wrapper fusion-blog-infinite\"><style type=\"text\/css\">.fusion-blog-shortcode-1 .fusion-blog-layout-grid .fusion-post-grid{padding:10px;}.fusion-blog-shortcode-1 .fusion-posts-container{margin-left: -10px !important; margin-right:-10px !important;}<\/style><div class=\"fusion-posts-container fusion-posts-container-infinite fusion-posts-container-load-more fusion-no-meta-info fusion-blog-layout-grid fusion-blog-layout-grid-2 isotope fusion-blog-equal-heights\" data-pages=\"2\" data-grid-col-space=\"20\" style=\"margin: -10px -10px 0;min-height:500px;\"><article id=\"blog-1-post-7185\" class=\"fusion-post-grid post-7185 post type-post status-publish format-standard has-post-thumbnail hentry category-general tag-concierto\">\n<div class=\"fusion-post-wrapper\" style=\"background-color:rgba(255,255,255,0);border:none;\">\n\n\t\t\t<div class=\"fusion-flexslider flexslider fusion-flexslider-loading fusion-post-slideshow\" style=\"border-color:rgba(99,99,99,0);\">\n\t\t<ul class=\"slides\">\n\t\t\t\n\t\t\t\t\t\t\t\t\t\t\t\t\t\t<li><div  class=\"fusion-image-wrapper\" aria-haspopup=\"true\">\n\t\t\t\t\t\t\t<a href=\"https:\/\/dcb.cl\/de\/concierto-aires-de-chile\/\" aria-label=\"Concierto Aires de Chile\">\n\t\t\t\t\t\t\t<img decoding=\"async\" width=\"1312\" height=\"738\" src=\"https:\/\/dcb.cl\/neueweb\/wp-content\/uploads\/2024\/11\/DCB_Concierto_AiresdeChile_02.jpg\" class=\"attachment-full size-full wp-post-image\" alt=\"\" srcset=\"https:\/\/dcb.cl\/neueweb\/wp-content\/uploads\/2024\/11\/DCB_Concierto_AiresdeChile_02-200x113.jpg 200w, https:\/\/dcb.cl\/neueweb\/wp-content\/uploads\/2024\/11\/DCB_Concierto_AiresdeChile_02-400x225.jpg 400w, https:\/\/dcb.cl\/neueweb\/wp-content\/uploads\/2024\/11\/DCB_Concierto_AiresdeChile_02-600x338.jpg 600w, https:\/\/dcb.cl\/neueweb\/wp-content\/uploads\/2024\/11\/DCB_Concierto_AiresdeChile_02-800x450.jpg 800w, https:\/\/dcb.cl\/neueweb\/wp-content\/uploads\/2024\/11\/DCB_Concierto_AiresdeChile_02-1200x675.jpg 1200w, https:\/\/dcb.cl\/neueweb\/wp-content\/uploads\/2024\/11\/DCB_Concierto_AiresdeChile_02.jpg 1312w\" sizes=\"(min-width: 2200px) 100vw, (min-width: 712px) 590px, (min-width: 640px) 712px, \" \/>\t\t\t<\/a>\n\t\t\t\t\t\t\t<\/div>\n<\/li>\n\t\t\t\n\t\t\t\n\t\t\t\t\t\t\t\t\t\t\t\t\t\t\t\t\t\t\t\t\t\t\t\t\t\t\t\t\t\t\t\t\t\t\t\t\t\t\t\t\t\t\t\t\t\t\t\t\t\t\t\t\t\t\t\t\t\t\t\t\t\t\t\t\t\t\t\t<\/ul>\n\t<\/div>\n\t<div class=\"fusion-post-content-wrapper\" style=\"padding:20px 0px 15px 0px;\"><div class=\"fusion-post-content post-content\"><h2 class=\"blog-shortcode-post-title entry-title\"><a href=\"https:\/\/dcb.cl\/de\/concierto-aires-de-chile\/\">Concierto Aires de Chile<\/a><\/h2><div class=\"fusion-post-content-container\"><p>El pasado 16 de noviembre presenciamos el concierto \u201cAires de [...]<\/p><\/div><\/div><\/div><div class=\"fusion-clearfix\"><\/div><\/div>\n<\/article>\n<article id=\"blog-1-post-7183\" class=\"fusion-post-grid post-7183 post type-post status-publish format-standard has-post-thumbnail hentry category-general tag-charla\">\n<div class=\"fusion-post-wrapper\" style=\"background-color:rgba(255,255,255,0);border:none;\">\n\n\t\t\t<div class=\"fusion-flexslider flexslider fusion-flexslider-loading fusion-post-slideshow\" style=\"border-color:rgba(99,99,99,0);\">\n\t\t<ul class=\"slides\">\n\t\t\t\n\t\t\t\t\t\t\t\t\t\t\t\t\t\t<li><div  class=\"fusion-image-wrapper\" aria-haspopup=\"true\">\n\t\t\t\t\t\t\t<a href=\"https:\/\/dcb.cl\/de\/charla-guillermo-frick\/\" aria-label=\"Charla Guillermo Frick\">\n\t\t\t\t\t\t\t<img decoding=\"async\" width=\"1280\" height=\"720\" src=\"https:\/\/dcb.cl\/neueweb\/wp-content\/uploads\/2024\/11\/BAEHW_Charla_GuillermoFrickEltze_01.jpg\" class=\"attachment-full size-full wp-post-image\" alt=\"\" srcset=\"https:\/\/dcb.cl\/neueweb\/wp-content\/uploads\/2024\/11\/BAEHW_Charla_GuillermoFrickEltze_01-200x113.jpg 200w, https:\/\/dcb.cl\/neueweb\/wp-content\/uploads\/2024\/11\/BAEHW_Charla_GuillermoFrickEltze_01-400x225.jpg 400w, https:\/\/dcb.cl\/neueweb\/wp-content\/uploads\/2024\/11\/BAEHW_Charla_GuillermoFrickEltze_01-600x338.jpg 600w, https:\/\/dcb.cl\/neueweb\/wp-content\/uploads\/2024\/11\/BAEHW_Charla_GuillermoFrickEltze_01-800x450.jpg 800w, https:\/\/dcb.cl\/neueweb\/wp-content\/uploads\/2024\/11\/BAEHW_Charla_GuillermoFrickEltze_01-1200x675.jpg 1200w, https:\/\/dcb.cl\/neueweb\/wp-content\/uploads\/2024\/11\/BAEHW_Charla_GuillermoFrickEltze_01.jpg 1280w\" sizes=\"(min-width: 2200px) 100vw, (min-width: 712px) 590px, (min-width: 640px) 712px, \" \/>\t\t\t<\/a>\n\t\t\t\t\t\t\t<\/div>\n<\/li>\n\t\t\t\n\t\t\t\n\t\t\t\t\t\t\t\t\t\t\t\t\t\t\t\t\t\t\t\t\t\t\t\t\t\t\t\t\t\t\t\t\t\t\t\t\t\t\t\t\t\t\t\t\t\t\t\t\t\t\t\t\t\t\t\t\t\t\t\t\t\t\t\t\t\t\t\t<\/ul>\n\t<\/div>\n\t<div class=\"fusion-post-content-wrapper\" style=\"padding:20px 0px 15px 0px;\"><div class=\"fusion-post-content post-content\"><h2 class=\"blog-shortcode-post-title entry-title\"><a href=\"https:\/\/dcb.cl\/de\/charla-guillermo-frick\/\">Charla Guillermo Frick<\/a><\/h2><div class=\"fusion-post-content-container\"><p> El jueves 14 de noviembre, se llev\u00f3 a cabo [...]<\/p><\/div><\/div><\/div><div class=\"fusion-clearfix\"><\/div><\/div>\n<\/article>\n<article id=\"blog-1-post-7181\" class=\"fusion-post-grid post-7181 post type-post status-publish format-standard has-post-thumbnail hentry category-general tag-exposicion\">\n<div class=\"fusion-post-wrapper\" style=\"background-color:rgba(255,255,255,0);border:none;\">\n\n\t\t\t<div class=\"fusion-flexslider flexslider fusion-flexslider-loading fusion-post-slideshow\" style=\"border-color:rgba(99,99,99,0);\">\n\t\t<ul class=\"slides\">\n\t\t\t\n\t\t\t\t\t\t\t\t\t\t\t\t\t\t<li><div  class=\"fusion-image-wrapper\" aria-haspopup=\"true\">\n\t\t\t\t\t\t\t<a href=\"https:\/\/dcb.cl\/de\/exposicion-witsuba\/\" aria-label=\"Exposici\u00f3n Witsuba\">\n\t\t\t\t\t\t\t<img decoding=\"async\" width=\"1080\" height=\"1080\" src=\"https:\/\/dcb.cl\/neueweb\/wp-content\/uploads\/2024\/11\/DCB_Exposicion_Wistuba_02.jpg\" class=\"attachment-full size-full wp-post-image\" alt=\"\" srcset=\"https:\/\/dcb.cl\/neueweb\/wp-content\/uploads\/2024\/11\/DCB_Exposicion_Wistuba_02-200x200.jpg 200w, https:\/\/dcb.cl\/neueweb\/wp-content\/uploads\/2024\/11\/DCB_Exposicion_Wistuba_02-400x400.jpg 400w, https:\/\/dcb.cl\/neueweb\/wp-content\/uploads\/2024\/11\/DCB_Exposicion_Wistuba_02-600x600.jpg 600w, https:\/\/dcb.cl\/neueweb\/wp-content\/uploads\/2024\/11\/DCB_Exposicion_Wistuba_02-800x800.jpg 800w, https:\/\/dcb.cl\/neueweb\/wp-content\/uploads\/2024\/11\/DCB_Exposicion_Wistuba_02.jpg 1080w\" sizes=\"(min-width: 2200px) 100vw, (min-width: 712px) 590px, (min-width: 640px) 712px, \" \/>\t\t\t<\/a>\n\t\t\t\t\t\t\t<\/div>\n<\/li>\n\t\t\t\n\t\t\t\n\t\t\t\t\t\t\t\t\t\t\t\t\t\t\t\t\t\t\t\t\t\t\t\t\t\t\t\t\t\t\t\t\t\t\t\t\t\t\t\t\t\t\t\t\t\t\t\t\t\t\t\t\t\t\t\t\t\t\t\t\t\t\t\t\t\t\t\t<\/ul>\n\t<\/div>\n\t<div class=\"fusion-post-content-wrapper\" style=\"padding:20px 0px 15px 0px;\"><div class=\"fusion-post-content post-content\"><h2 class=\"blog-shortcode-post-title entry-title\"><a href=\"https:\/\/dcb.cl\/de\/exposicion-witsuba\/\">Exposici\u00f3n Witsuba<\/a><\/h2><div class=\"fusion-post-content-container\"><p>El lunes 11 de noviembre se abri\u00f3 la exposici\u00f3n del [...]<\/p><\/div><\/div><\/div><div class=\"fusion-clearfix\"><\/div><\/div>\n<\/article>\n<article id=\"blog-1-post-7179\" class=\"fusion-post-grid post-7179 post type-post status-publish format-standard has-post-thumbnail hentry category-general\">\n<div class=\"fusion-post-wrapper\" style=\"background-color:rgba(255,255,255,0);border:none;\">\n\n\t\t\t<div class=\"fusion-flexslider flexslider fusion-flexslider-loading fusion-post-slideshow\" style=\"border-color:rgba(99,99,99,0);\">\n\t\t<ul class=\"slides\">\n\t\t\t\n\t\t\t\t\t\t\t\t\t\t\t\t\t\t<li><div  class=\"fusion-image-wrapper\" aria-haspopup=\"true\">\n\t\t\t\t\t\t\t<a href=\"https:\/\/dcb.cl\/de\/cuentacuentos-valdivia\/\" aria-label=\"Cuentacuentos Valdivia\">\n\t\t\t\t\t\t\t<img decoding=\"async\" width=\"1200\" height=\"675\" src=\"https:\/\/dcb.cl\/neueweb\/wp-content\/uploads\/2024\/11\/DCB_Cuentacuentos_ClubdelaUnion_02.jpg\" class=\"attachment-full size-full wp-post-image\" alt=\"\" srcset=\"https:\/\/dcb.cl\/neueweb\/wp-content\/uploads\/2024\/11\/DCB_Cuentacuentos_ClubdelaUnion_02-200x113.jpg 200w, https:\/\/dcb.cl\/neueweb\/wp-content\/uploads\/2024\/11\/DCB_Cuentacuentos_ClubdelaUnion_02-400x225.jpg 400w, https:\/\/dcb.cl\/neueweb\/wp-content\/uploads\/2024\/11\/DCB_Cuentacuentos_ClubdelaUnion_02-600x338.jpg 600w, https:\/\/dcb.cl\/neueweb\/wp-content\/uploads\/2024\/11\/DCB_Cuentacuentos_ClubdelaUnion_02-800x450.jpg 800w, https:\/\/dcb.cl\/neueweb\/wp-content\/uploads\/2024\/11\/DCB_Cuentacuentos_ClubdelaUnion_02.jpg 1200w\" sizes=\"(min-width: 2200px) 100vw, (min-width: 712px) 590px, (min-width: 640px) 712px, \" \/>\t\t\t<\/a>\n\t\t\t\t\t\t\t<\/div>\n<\/li>\n\t\t\t\n\t\t\t\n\t\t\t\t\t\t\t\t\t\t\t\t\t\t\t\t\t\t\t\t\t\t\t\t\t\t\t\t\t\t\t\t\t\t\t\t\t\t\t\t\t\t\t\t\t\t\t\t\t\t\t\t\t\t\t\t\t\t\t\t\t\t\t\t\t\t\t\t<\/ul>\n\t<\/div>\n\t<div class=\"fusion-post-content-wrapper\" style=\"padding:20px 0px 15px 0px;\"><div class=\"fusion-post-content post-content\"><h2 class=\"blog-shortcode-post-title entry-title\"><a href=\"https:\/\/dcb.cl\/de\/cuentacuentos-valdivia\/\">Cuentacuentos Valdivia<\/a><\/h2><div class=\"fusion-post-content-container\"><p>El 9 de noviembre compartimos una sesi\u00f3n de cuentacuentos en [...]<\/p><\/div><\/div><\/div><div class=\"fusion-clearfix\"><\/div><\/div>\n<\/article>\n<div class=\"fusion-clearfix\"><\/div><\/div><div class=\"fusion-infinite-scroll-trigger\"><\/div><div class=\"pagination infinite-scroll clearfix\" style=\"display:none;\"><span class=\"current\">1<\/span><a href=\"https:\/\/dcb.cl\/de\/wp-json\/wp\/v2\/pages\/6943\/page\/2\/\" class=\"inactive\">2<\/a><a class=\"pagination-next\" rel=\"next\" href=\"https:\/\/dcb.cl\/de\/wp-json\/wp\/v2\/pages\/6943\/page\/2\/\"><span class=\"page-text\">Next<\/span><span class=\"page-next\"><\/span><\/a><\/div><div class=\"fusion-clearfix\"><\/div><button class=\"fusion-load-more-button fusion-blog-button fusion-clearfix\">Load More Posts<\/button><\/div><\/div><\/div><div class=\"fusion-layout-column fusion_builder_column fusion-builder-column-2 fusion_builder_column_1_2 1_2 fusion-flex-column fusion-flex-align-self-stretch\" style=\"--awb-bg-size:cover;--awb-width-large:50%;--awb-margin-top-large:0px;--awb-spacing-right-large:3.84%;--awb-margin-bottom-large:20px;--awb-spacing-left-large:3.84%;--awb-width-medium:50%;--awb-order-medium:0;--awb-spacing-right-medium:3.84%;--awb-spacing-left-medium:3.84%;--awb-width-small:100%;--awb-order-small:0;--awb-spacing-right-small:1.92%;--awb-spacing-left-small:1.92%;\" data-scroll-devices=\"small-visibility,medium-visibility,large-visibility\"><div class=\"fusion-column-wrapper fusion-column-has-shadow fusion-flex-justify-content-flex-start fusion-content-layout-column\"><div class=\"fusion-title title fusion-title-2 sep-underline sep-solid fusion-title-text fusion-title-size-one\" style=\"--awb-margin-top-small:10px;--awb-margin-right-small:0px;--awb-margin-bottom-small:10px;--awb-margin-left-small:0px;\"><h1 class=\"fusion-title-heading title-heading-left\" style=\"margin:0;\">Kommende Veranstaltungen<\/h1><\/div><\/div><\/div><\/div><\/div><div class=\"fusion-fullwidth fullwidth-box fusion-builder-row-3 fusion-flex-container has-pattern-background has-mask-background nonhundred-percent-fullwidth non-hundred-percent-height-scrolling\" style=\"--awb-border-radius-top-left:0px;--awb-border-radius-top-right:0px;--awb-border-radius-bottom-right:0px;--awb-border-radius-bottom-left:0px;--awb-flex-wrap:wrap;\" ><div class=\"fusion-builder-row fusion-row fusion-flex-align-items-flex-start fusion-flex-content-wrap\" style=\"max-width:1248px;margin-left: calc(-4% \/ 2 );margin-right: calc(-4% \/ 2 );\"><div class=\"fusion-layout-column fusion_builder_column fusion-builder-column-3 fusion_builder_column_1_1 1_1 fusion-flex-column\" style=\"--awb-bg-size:cover;--awb-width-large:100%;--awb-margin-top-large:0px;--awb-spacing-right-large:1.92%;--awb-margin-bottom-large:20px;--awb-spacing-left-large:1.92%;--awb-width-medium:100%;--awb-order-medium:0;--awb-spacing-right-medium:1.92%;--awb-spacing-left-medium:1.92%;--awb-width-small:100%;--awb-order-small:0;--awb-spacing-right-small:1.92%;--awb-spacing-left-small:1.92%;\"><div class=\"fusion-column-wrapper fusion-column-has-shadow fusion-flex-justify-content-flex-start fusion-content-layout-column\"><div class=\"fusion-flip-boxes flip-boxes row fusion-columns-3 flip-effect-classic equal-heights\" style=\"--awb-margin-top:8%;--awb-margin-right:4%;--awb-margin-bottom:8%;--awb-margin-left:4%;\"><div class=\"fusion-flip-box-wrapper fusion-column col-lg-4 col-md-4 col-sm-4\"><div class=\"fusion-flip-box flip-right\" tabindex=\"0\"><div class=\"flip-box-inner-wrapper\"><div class=\"flip-box-front\"><div class=\"flip-box-front-inner\"><div class=\"flip-box-grafix flip-box-image\"><img decoding=\"async\" src=\"https:\/\/dcb.cl\/neueweb\/wp-content\/uploads\/2024\/07\/logo_intercambio.svg\" width=\"403\" height=\"460\" alt=\"\" \/><\/div><h2 class=\"flip-box-heading without-text\" style=\"--h2_typography-font-family:&quot;Inter&quot;;--h2_typography-font-weight:500;--h2_typography-font-style:normal;\">Sch\u00fcleraustausch<\/h2><\/div><\/div><div class=\"flip-box-back\" style=\"--awb-background-color-back:var(--awb-color3);--awb-title-back-color:var(--awb-color7);--awb-text-back-color:var(--awb-color7);\"><div class=\"flip-box-back-inner\"><h3 class=\"flip-box-heading-back\">SAT<\/h3>\n<p style=\"text-align: center;\"><strong>Entdecke die Welt durch einen Sch\u00fcleraustausch!<\/strong><\/p>\n<p>Imagina vivir en el extranjero durante seis a siete semanas, sumergi\u00e9ndote por completo en la cultura y la vida cotidiana de otro pa\u00eds. Vive la experiencia de asistir a clases en una escuela extranjera, conocer nuevas amistades y explorar lugares emblem\u00e1ticos. <div ><a class=\"fusion-button button-flat fusion-button-default-size button-default fusion-button-default button-1 fusion-button-default-span fusion-button-default-type\" target=\"_blank\" rel=\"noopener noreferrer\" href=\"https:\/\/dcb-sat.cl\/de\/\"><span class=\"fusion-button-text awb-button__text awb-button__text--default\">Mehr erfahren<\/span><\/a><\/div>\n<\/div><\/div><\/div><\/div><\/div><div class=\"fusion-flip-box-wrapper fusion-column col-lg-4 col-md-4 col-sm-4\"><div class=\"fusion-flip-box flip-right\" tabindex=\"0\"><div class=\"flip-box-inner-wrapper\"><div class=\"flip-box-front\" style=\"--awb-background-color-front:var(--awb-custom_color_3);\"><div class=\"flip-box-front-inner\"><div class=\"flip-box-grafix flip-box-image\"><img decoding=\"async\" src=\"https:\/\/dcb.cl\/neueweb\/wp-content\/uploads\/2024\/07\/logo_held-color.svg\" width=\"388\" height=\"474\" alt=\"\" \/><\/div><h2 class=\"flip-box-heading without-text\" style=\"--h2_typography-font-family:&quot;Inter&quot;;--h2_typography-font-weight:500;--h2_typography-font-style:normal;\">Archiv<\/h2><\/div><\/div><div class=\"flip-box-back\" style=\"--awb-background-color-back:var(--awb-color3);--awb-title-back-color:var(--awb-color7);--awb-text-back-color:var(--awb-color7);\"><div class=\"flip-box-back-inner\"><h3 class=\"flip-box-heading-back\">Bibliothek und Historisches Archiv<\/h3>\n<p style=\"text-align: center;\"><strong>Entdecken Sie unser Archiv!<\/strong><\/p>\n<p>Das Archiv sammelt und bewahrt Informationen historischer und f\u00fcr das Land relevanter<br \/>\nPers\u00f6nlichkeiten, die wichtige Beitr\u00e4ge zur Entwicklung des Landes geleistet haben. Es verf\u00fcgt \u00fcber<br \/>\nDokumente seit dem Jahr 1845, als die ersten deutschen Einwanderer in Chile aufgezeichnet<br \/>\nwurden. <div ><a class=\"fusion-button button-flat fusion-button-default-size button-default fusion-button-default button-2 fusion-button-default-span fusion-button-default-type\" target=\"_self\" href=\"https:\/\/dcb.cl\/de\/bibliothek-und-archiv\/\"><span class=\"fusion-button-text awb-button__text awb-button__text--default\">Mehr erfahren<\/span><\/a><\/div>\n<\/div><\/div><\/div><\/div><\/div><div class=\"fusion-flip-box-wrapper fusion-column col-lg-4 col-md-4 col-sm-4\"><div class=\"fusion-flip-box flip-right\" tabindex=\"0\"><div class=\"flip-box-inner-wrapper\"><div class=\"flip-box-front\" style=\"--awb-background-color-front:#5d75b1;\"><div class=\"flip-box-front-inner\"><div class=\"flip-box-grafix flip-box-image\"><img decoding=\"async\" src=\"https:\/\/dcb.cl\/neueweb\/wp-content\/uploads\/2024\/07\/logo-lagerdcb.png\" width=\"600\" height=\"600\" alt=\"\" \/><\/div><h2 class=\"flip-box-heading without-text\" style=\"--h2_typography-font-family:&quot;Inter&quot;;--h2_typography-font-weight:500;--h2_typography-font-style:normal;\">Sommerlager<\/h2><\/div><\/div><div class=\"flip-box-back\" style=\"--awb-background-color-back:var(--awb-color3);--awb-title-back-color:var(--awb-color7);--awb-text-back-color:var(--awb-color7);\"><div class=\"flip-box-back-inner\"><h3 class=\"flip-box-heading-back\">Sommerlager <\/h3>\n<p style=\"text-align: center;\"><strong>Jugend Sommerlager!<\/strong><\/p>\n<p style=\"text-align: center;\">Wir sind dabei, das n\u00e4chste Lager 2025 vorzubereiten.<\/p>\n<\/div><\/div><\/div><\/div><\/div><\/div><\/div><\/div><\/div><\/div><\/p>\n","protected":false},"excerpt":{"rendered":"","protected":false},"author":1,"featured_media":0,"parent":0,"menu_order":0,"comment_status":"closed","ping_status":"closed","template":"100-width.php","meta":{"footnotes":""},"class_list":["post-6943","page","type-page","status-publish","hentry"],"yoast_head":"<!-- This site is optimized with the Yoast SEO plugin v27.3 - https:\/\/yoast.com\/product\/yoast-seo-wordpress\/ -->\n<title>home - Deutsch - Chilenischer Bund<\/title>\n<meta name=\"robots\" content=\"index, follow, max-snippet:-1, max-image-preview:large, max-video-preview:-1\" \/>\n<link rel=\"canonical\" href=\"https:\/\/dcb.cl\/de\/\" \/>\n<meta property=\"og:locale\" content=\"de_DE\" \/>\n<meta property=\"og:type\" content=\"article\" \/>\n<meta property=\"og:title\" content=\"home - Deutsch - Chilenischer Bund\" \/>\n<meta property=\"og:url\" content=\"https:\/\/dcb.cl\/de\/\" \/>\n<meta property=\"og:site_name\" content=\"Deutsch - Chilenischer Bund\" \/>\n<meta property=\"article:modified_time\" content=\"2026-01-08T19:20:40+00:00\" \/>\n<meta name=\"twitter:card\" content=\"summary_large_image\" \/>\n<meta name=\"twitter:label1\" content=\"Est. reading time\" \/>\n\t<meta name=\"twitter:data1\" content=\"3 minutes\" \/>\n<script type=\"application\/ld+json\" class=\"yoast-schema-graph\">{\"@context\":\"https:\\\/\\\/schema.org\",\"@graph\":[{\"@type\":\"WebPage\",\"@id\":\"https:\\\/\\\/dcb.cl\\\/de\\\/\",\"url\":\"https:\\\/\\\/dcb.cl\\\/de\\\/\",\"name\":\"home - Deutsch - Chilenischer Bund\",\"isPartOf\":{\"@id\":\"https:\\\/\\\/dcb.cl\\\/de\\\/#website\"},\"datePublished\":\"2024-07-22T20:35:12+00:00\",\"dateModified\":\"2026-01-08T19:20:40+00:00\",\"breadcrumb\":{\"@id\":\"https:\\\/\\\/dcb.cl\\\/de\\\/#breadcrumb\"},\"inLanguage\":\"de-DE\",\"potentialAction\":[{\"@type\":\"ReadAction\",\"target\":[\"https:\\\/\\\/dcb.cl\\\/de\\\/\"]}]},{\"@type\":\"BreadcrumbList\",\"@id\":\"https:\\\/\\\/dcb.cl\\\/de\\\/#breadcrumb\",\"itemListElement\":[{\"@type\":\"ListItem\",\"position\":1,\"name\":\"Portada\",\"item\":\"https:\\\/\\\/dcb.cl\\\/de\\\/home\\\/\"},{\"@type\":\"ListItem\",\"position\":2,\"name\":\"home\"}]},{\"@type\":\"WebSite\",\"@id\":\"https:\\\/\\\/dcb.cl\\\/de\\\/#website\",\"url\":\"https:\\\/\\\/dcb.cl\\\/de\\\/\",\"name\":\"Deutsch - Chilenischer Bund\",\"description\":\"\",\"publisher\":{\"@id\":\"https:\\\/\\\/dcb.cl\\\/de\\\/#organization\"},\"potentialAction\":[{\"@type\":\"SearchAction\",\"target\":{\"@type\":\"EntryPoint\",\"urlTemplate\":\"https:\\\/\\\/dcb.cl\\\/de\\\/?s={search_term_string}\"},\"query-input\":{\"@type\":\"PropertyValueSpecification\",\"valueRequired\":true,\"valueName\":\"search_term_string\"}}],\"inLanguage\":\"de-DE\"},{\"@type\":\"Organization\",\"@id\":\"https:\\\/\\\/dcb.cl\\\/de\\\/#organization\",\"name\":\"Deutsch - Chilenischer Bund\",\"url\":\"https:\\\/\\\/dcb.cl\\\/de\\\/\",\"logo\":{\"@type\":\"ImageObject\",\"inLanguage\":\"de-DE\",\"@id\":\"https:\\\/\\\/dcb.cl\\\/de\\\/#\\\/schema\\\/logo\\\/image\\\/\",\"url\":\"https:\\\/\\\/dcb.cl\\\/neueweb\\\/wp-content\\\/uploads\\\/2024\\\/02\\\/logo-DCB.svg\",\"contentUrl\":\"https:\\\/\\\/dcb.cl\\\/neueweb\\\/wp-content\\\/uploads\\\/2024\\\/02\\\/logo-DCB.svg\",\"width\":200,\"height\":100,\"caption\":\"Deutsch - Chilenischer Bund\"},\"image\":{\"@id\":\"https:\\\/\\\/dcb.cl\\\/de\\\/#\\\/schema\\\/logo\\\/image\\\/\"}}]}<\/script>\n<!-- \/ Yoast SEO plugin. -->","yoast_head_json":{"title":"home - Deutsch - Chilenischer Bund","robots":{"index":"index","follow":"follow","max-snippet":"max-snippet:-1","max-image-preview":"max-image-preview:large","max-video-preview":"max-video-preview:-1"},"canonical":"https:\/\/dcb.cl\/de\/","og_locale":"de_DE","og_type":"article","og_title":"home - Deutsch - Chilenischer Bund","og_url":"https:\/\/dcb.cl\/de\/","og_site_name":"Deutsch - Chilenischer Bund","article_modified_time":"2026-01-08T19:20:40+00:00","twitter_card":"summary_large_image","twitter_misc":{"Est. reading time":"3 minutes"},"schema":{"@context":"https:\/\/schema.org","@graph":[{"@type":"WebPage","@id":"https:\/\/dcb.cl\/de\/","url":"https:\/\/dcb.cl\/de\/","name":"home - Deutsch - Chilenischer Bund","isPartOf":{"@id":"https:\/\/dcb.cl\/de\/#website"},"datePublished":"2024-07-22T20:35:12+00:00","dateModified":"2026-01-08T19:20:40+00:00","breadcrumb":{"@id":"https:\/\/dcb.cl\/de\/#breadcrumb"},"inLanguage":"de-DE","potentialAction":[{"@type":"ReadAction","target":["https:\/\/dcb.cl\/de\/"]}]},{"@type":"BreadcrumbList","@id":"https:\/\/dcb.cl\/de\/#breadcrumb","itemListElement":[{"@type":"ListItem","position":1,"name":"Portada","item":"https:\/\/dcb.cl\/de\/home\/"},{"@type":"ListItem","position":2,"name":"home"}]},{"@type":"WebSite","@id":"https:\/\/dcb.cl\/de\/#website","url":"https:\/\/dcb.cl\/de\/","name":"Deutsch - Chilenischer Bund","description":"","publisher":{"@id":"https:\/\/dcb.cl\/de\/#organization"},"potentialAction":[{"@type":"SearchAction","target":{"@type":"EntryPoint","urlTemplate":"https:\/\/dcb.cl\/de\/?s={search_term_string}"},"query-input":{"@type":"PropertyValueSpecification","valueRequired":true,"valueName":"search_term_string"}}],"inLanguage":"de-DE"},{"@type":"Organization","@id":"https:\/\/dcb.cl\/de\/#organization","name":"Deutsch - Chilenischer Bund","url":"https:\/\/dcb.cl\/de\/","logo":{"@type":"ImageObject","inLanguage":"de-DE","@id":"https:\/\/dcb.cl\/de\/#\/schema\/logo\/image\/","url":"https:\/\/dcb.cl\/neueweb\/wp-content\/uploads\/2024\/02\/logo-DCB.svg","contentUrl":"https:\/\/dcb.cl\/neueweb\/wp-content\/uploads\/2024\/02\/logo-DCB.svg","width":200,"height":100,"caption":"Deutsch - Chilenischer Bund"},"image":{"@id":"https:\/\/dcb.cl\/de\/#\/schema\/logo\/image\/"}}]}},"_links":{"self":[{"href":"https:\/\/dcb.cl\/de\/wp-json\/wp\/v2\/pages\/6943","targetHints":{"allow":["GET"]}}],"collection":[{"href":"https:\/\/dcb.cl\/de\/wp-json\/wp\/v2\/pages"}],"about":[{"href":"https:\/\/dcb.cl\/de\/wp-json\/wp\/v2\/types\/page"}],"author":[{"embeddable":true,"href":"https:\/\/dcb.cl\/de\/wp-json\/wp\/v2\/users\/1"}],"replies":[{"embeddable":true,"href":"https:\/\/dcb.cl\/de\/wp-json\/wp\/v2\/comments?post=6943"}],"version-history":[{"count":10,"href":"https:\/\/dcb.cl\/de\/wp-json\/wp\/v2\/pages\/6943\/revisions"}],"predecessor-version":[{"id":8083,"href":"https:\/\/dcb.cl\/de\/wp-json\/wp\/v2\/pages\/6943\/revisions\/8083"}],"wp:attachment":[{"href":"https:\/\/dcb.cl\/de\/wp-json\/wp\/v2\/media?parent=6943"}],"curies":[{"name":"wp","href":"https:\/\/api.w.org\/{rel}","templated":true}]}}